{"version":"1.0","provider_name":"Av. Deniz Can K\u0131z\u0131l","provider_url":"http:\/\/denizcankizil.tr\/ru","author_name":"admin","author_url":"http:\/\/denizcankizil.tr\/ru\/author\/admin\/","title":"Yusuf Alemdar Bakan Yumakl\u0131 ile 3 projeyi g\u00f6r\u00fc\u015ft\u00fc","type":"rich","width":600,"height":338,"html":"<blockquote class=\"wp-embedded-content\" data-secret=\"vyosPHzKEl\"><a href=\"http:\/\/denizcankizil.tr\/ru\/haberler\/gundem\/yusuf-alemdar-bakan-yumakli-ile-3-projeyi-gorustu\/\">Yusuf Alemdar Bakan Yumakl\u0131 ile 3 projeyi g\u00f6r\u00fc\u015ft\u00fc<\/a><\/blockquote><iframe sandbox=\"allow-scripts\" security=\"restricted\" src=\"http:\/\/denizcankizil.tr\/ru\/haberler\/gundem\/yusuf-alemdar-bakan-yumakli-ile-3-projeyi-gorustu\/embed\/#?secret=vyosPHzKEl\" width=\"600\" height=\"338\" title=\"\u00abYusuf Alemdar Bakan Yumakl\u0131 ile 3 projeyi g\u00f6r\u00fc\u015ft\u00fc\u00bb &#8212; Av. Deniz Can K\u0131z\u0131l\" data-secret=\"vyosPHzKEl\" frameborder=\"0\" marginwidth=\"0\" marginheight=\"0\" scrolling=\"no\" class=\"wp-embedded-content\"><\/iframe><script>\n\/*! This file is auto-generated *\/\n!function(d,l){\"use strict\";l.querySelector&&d.addEventListener&&\"undefined\"!=typeof URL&&(d.wp=d.wp||{},d.wp.receiveEmbedMessage||(d.wp.receiveEmbedMessage=function(e){var t=e.data;if((t||t.secret||t.message||t.value)&&!\/[^a-zA-Z0-9]\/.test(t.secret)){for(var s,r,n,a=l.querySelectorAll('iframe[data-secret=\"'+t.secret+'\"]'),o=l.querySelectorAll('blockquote[data-secret=\"'+t.secret+'\"]'),c=new RegExp(\"^https?:$\",\"i\"),i=0;i<o.length;i++)o[i].style.display=\"none\";for(i=0;i<a.length;i++)s=a[i],e.source===s.contentWindow&&(s.removeAttribute(\"style\"),\"height\"===t.message?(1e3<(r=parseInt(t.value,10))?r=1e3:~~r<200&&(r=200),s.height=r):\"link\"===t.message&&(r=new URL(s.getAttribute(\"src\")),n=new URL(t.value),c.test(n.protocol))&&n.host===r.host&&l.activeElement===s&&(d.top.location.href=t.value))}},d.addEventListener(\"message\",d.wp.receiveEmbedMessage,!1),l.addEventListener(\"DOMContentLoaded\",function(){for(var e,t,s=l.querySelectorAll(\"iframe.wp-embedded-content\"),r=0;r<s.length;r++)(t=(e=s[r]).getAttribute(\"data-secret\"))||(t=Math.random().toString(36).substring(2,12),e.src+=\"#?secret=\"+t,e.setAttribute(\"data-secret\",t)),e.contentWindow.postMessage({message:\"ready\",secret:t},\"*\")},!1)))}(window,document);\n\/\/# sourceURL=http:\/\/denizcankizil.tr\/wp-includes\/js\/wp-embed.min.js\n<\/script>","description":"Sakarya B\u00fcy\u00fck\u015fehir Belediye Ba\u015fkan\u0131 Yusuf Alemdar, AK Parti Genel Ba\u015fkan Yard\u0131mc\u0131s\u0131 Ali \u0130hsan Yavuz ile birlikte Ankara\u2019da Tar\u0131m ve Orman Bakan\u0131 \u0130brahim Yumakl\u0131\u2019y\u0131 ziyaret etti.SAKARYA (\u0130GFA) &#8211;\u00a0Sakarya B\u00fcy\u00fck\u015fehir Belediye Ba\u015fkan\u0131 Yusuf Alemdar, \u015fehre hizmet i\u00e7in Ankara\u2019da temaslar\u0131na ara vermeden devam ediyor. Yavuz\u2019la birlikte Ba\u015fkan Alemdar, son olarak birtak\u0131m temaslarda bulunmak i\u00e7in gitti\u011fi Ankara\u2019da AK Parti Genel Ba\u015fkan Yard\u0131mc\u0131s\u0131 Ali \u0130hsan Yavuz ile birlikte Tar\u0131m ve Orman Bakan\u0131 \u0130brahim Yumakl\u0131\u2019ya ziyarette bulundu. Alemdar\u2019a Genel Sekreter Yard\u0131mc\u0131s\u0131 Aslan Y\u0131lmaz ve \u00c7evre Koruma ve Kontrol Dairesi Ba\u015fkan\u0131 Arzu Sayg\u0131ner \u00c7il e\u015flik etti. Farkl\u0131 projeler, farkl\u0131 fikirler Sakarya\u2019n\u0131n su ve iklim direncinin masaya yat\u0131r\u0131ld\u0131\u011f\u0131 toplant\u0131da Sapanca G\u00f6l\u00fc, Ball\u0131kaya Baraj\u0131, Sokak Hayvanlar\u0131 Do\u011fal Ya\u015fam Kamp\u00fcs\u00fc gibi \u00f6nemli projeler masaya yat\u0131r\u0131ld\u0131. Sakarya\u2019n\u0131n iklim de\u011fi\u015fikli\u011fine uyumu ve diren\u00e7 kazanmas\u0131 i\u00e7in al\u0131nmas\u0131 gereken tedbirler g\u00f6r\u00fc\u015f\u00fcld\u00fc, Sapanca G\u00f6l\u00fc\u2019n\u00fcn kurakl\u0131\u011fa kar\u015f\u0131 direncinin art\u0131r\u0131lmas\u0131, su y\u00f6netimi stratejileri ve s\u00fcrd\u00fcr\u00fclebilir su kullan\u0131m\u0131yla ilgili hedefler konu\u015fuldu. Ball\u0131kaya ve Sokak Hayvanlar\u0131 Kamp\u00fcs\u00fc Ziyaret sonras\u0131 de\u011ferlendirmelerde bulunan Ba\u015fkan Yusuf Alemdar, \u201cS\u0131k s\u0131k Ankara\u2019ya geliyor, \u015fehrimizin \u00f6nemli projeleri i\u00e7im bakanl\u0131klar\u0131m\u0131zla bire bir g\u00f6r\u00fc\u015f\u00fcyoruz. Bug\u00fcn Tar\u0131m ve Orman Bakan\u0131m\u0131z Say\u0131n \u0130brahim Yumakl\u0131\u2019y\u0131 ziyaret ettik. Projelerimizi, hedeflerimizi ve Sakarya\u2019n\u0131n yar\u0131nlar\u0131n\u0131 konu\u015ftuk. Genel Ba\u015fkan Yard\u0131mc\u0131m\u0131z Ali \u0130hsan Yavuz ve \u00e7al\u0131\u015fma arkada\u015flar\u0131mla birlikte \u015fehrimizin su ve iklim direnci \u00fczerine verimli &hellip;"}