{"version":"1.0","provider_name":"Av. Deniz Can K\u0131z\u0131l","provider_url":"http:\/\/denizcankizil.tr\/ru","author_name":"admin","author_url":"http:\/\/denizcankizil.tr\/ru\/author\/admin\/","title":"Yurtta hava... Marmara'n\u0131n bat\u0131s\u0131 ve K\u0131y\u0131 Ege'ye dikkat!","type":"rich","width":600,"height":338,"html":"<blockquote class=\"wp-embedded-content\" data-secret=\"DyFhcyMUA2\"><a href=\"http:\/\/denizcankizil.tr\/ru\/haberler\/gundem\/yurtta-hava-marmaranin-batisi-ve-kiyi-egeye-dikkat\/\">Yurtta hava&#8230; Marmara&#8217;n\u0131n bat\u0131s\u0131 ve K\u0131y\u0131 Ege&#8217;ye dikkat!<\/a><\/blockquote><iframe sandbox=\"allow-scripts\" security=\"restricted\" src=\"http:\/\/denizcankizil.tr\/ru\/haberler\/gundem\/yurtta-hava-marmaranin-batisi-ve-kiyi-egeye-dikkat\/embed\/#?secret=DyFhcyMUA2\" width=\"600\" height=\"338\" title=\"\u00abYurtta hava&#8230; Marmara&#8217;n\u0131n bat\u0131s\u0131 ve K\u0131y\u0131 Ege&#8217;ye dikkat!\u00bb &#8212; Av. Deniz Can K\u0131z\u0131l\" data-secret=\"DyFhcyMUA2\" frameborder=\"0\" marginwidth=\"0\" marginheight=\"0\" scrolling=\"no\" class=\"wp-embedded-content\"><\/iframe><script>\n\/*! This file is auto-generated *\/\n!function(d,l){\"use strict\";l.querySelector&&d.addEventListener&&\"undefined\"!=typeof URL&&(d.wp=d.wp||{},d.wp.receiveEmbedMessage||(d.wp.receiveEmbedMessage=function(e){var t=e.data;if((t||t.secret||t.message||t.value)&&!\/[^a-zA-Z0-9]\/.test(t.secret)){for(var s,r,n,a=l.querySelectorAll('iframe[data-secret=\"'+t.secret+'\"]'),o=l.querySelectorAll('blockquote[data-secret=\"'+t.secret+'\"]'),c=new RegExp(\"^https?:$\",\"i\"),i=0;i<o.length;i++)o[i].style.display=\"none\";for(i=0;i<a.length;i++)s=a[i],e.source===s.contentWindow&&(s.removeAttribute(\"style\"),\"height\"===t.message?(1e3<(r=parseInt(t.value,10))?r=1e3:~~r<200&&(r=200),s.height=r):\"link\"===t.message&&(r=new URL(s.getAttribute(\"src\")),n=new URL(t.value),c.test(n.protocol))&&n.host===r.host&&l.activeElement===s&&(d.top.location.href=t.value))}},d.addEventListener(\"message\",d.wp.receiveEmbedMessage,!1),l.addEventListener(\"DOMContentLoaded\",function(){for(var e,t,s=l.querySelectorAll(\"iframe.wp-embedded-content\"),r=0;r<s.length;r++)(t=(e=s[r]).getAttribute(\"data-secret\"))||(t=Math.random().toString(36).substring(2,12),e.src+=\"#?secret=\"+t,e.setAttribute(\"data-secret\",t)),e.contentWindow.postMessage({message:\"ready\",secret:t},\"*\")},!1)))}(window,document);\n\/\/# sourceURL=http:\/\/denizcankizil.tr\/wp-includes\/js\/wp-embed.min.js\n<\/script>","description":"Meteoroloji 29 Ocak \u00c7ar\u015famba g\u00fcn\u00fc raporunu yay\u0131mlad\u0131. Marmara&#8217;n\u0131n bat\u0131s\u0131 ile K\u0131y\u0131 Ege&#8217;de g\u00fcney y\u00f6nlerden kuvvetli r\u00fczgar\u0131n yan\u0131 s\u0131ra Do\u011fu Karadeniz&#8217;in i\u00e7 kesimlerinin y\u00fcksekleri ile Do\u011fu Anadolu&#8217;nun do\u011fusunun dik ve e\u011fimli yama\u00e7lar\u0131 \u00e7\u0131\u011f tehlikesi uyar\u0131s\u0131 geldi.ANKARA (\u0130GFA)- Meteoroloji Genel M\u00fcd\u00fcrl\u00fc\u011f\u00fc, 29 Ocak \u00c7ar\u015famba g\u00fcn\u00fcne ili\u015fkin g\u00fcnl\u00fck hava tahmin raporunu yay\u0131mlad\u0131.\u00a0 Buna g\u00f6re T\u00fcrkiye par\u00e7al\u0131 ve yer yer \u00e7ok bulutlu olacak. K\u0131y\u0131 Ege ile Bal\u0131kesir\u2019in bat\u0131 k\u0131y\u0131lar\u0131, Edirne ve \u00c7anakkale \u00e7evrelerinin hafif ya\u011fmur ve sa\u011fanak ya\u011f\u0131\u015fl\u0131 ge\u00e7ece\u011fi tahmin edilirken, i\u00e7 ve do\u011fu kesimlerde buzlanma ve don ile birlikte Marmara ile i\u00e7 ve do\u011fu kesimlerde pus ve yer yer sis olay\u0131 bekleniyor. Do\u011fu Karadeniz\u2019in i\u00e7 kesimlerinin y\u00fcksekleri ile Do\u011fu Anadolu\u2019nun y\u00fcksek ve dik yama\u00e7lar\u0131nda \u00e7\u0131\u011f tehlikesi bulunuyor. METEOROLOJ\u0130K UYARILAR&#8230; Meteoroloji g\u00fcnl\u00fck hava tahmin raporunda r\u00fczgar\u0131n, Marmara&#8217;n\u0131n bat\u0131s\u0131 ile K\u0131y\u0131 Ege&#8217;de g\u00fcney y\u00f6nlerden kuvvetli (40-60 km\/saat) olarak esmesi beklendi\u011finden ya\u015fanabilecek olumsuzluklara kar\u015f\u0131 dikkatli ve tedbirli olunmas\u0131n\u0131 istedi. Ayr\u0131ca buzlanma, don ve \u00e7\u0131\u011f tehlikesinin yan\u0131 s\u0131ra sis uyar\u0131s\u0131nda da bulunan Meteoroloji; Do\u011fu Karadeniz\u2019in i\u00e7 kesimlerinin y\u00fcksekleri ile Do\u011fu Anadolu&#8217;nun do\u011fusunun dik ve e\u011fimli yama\u00e7lar\u0131nda \u00e7\u0131\u011f tehlikesi ile yurdun i\u00e7 ve do\u011fu kesimlerinde buzlanma ve don olay\u0131 beklendi\u011finden, Marmara ile i\u00e7 ve do\u011fu kesimlerde de yer yer yo\u011fun olmak \u00fczere pus ve sis olaylar\u0131na kar\u015f\u0131 ula\u015f\u0131mda &hellip;"}