{"version":"1.0","provider_name":"Av. Deniz Can K\u0131z\u0131l","provider_url":"http:\/\/denizcankizil.tr\/ru","author_name":"Antalya K\u00f6rfez","author_url":"http:\/\/denizcankizil.tr\/ru\/author\/www-antalyakorfez-com\/","title":"Yar\u0131n \u0130stanbul\u2019da hangi yollar kapanacak?","type":"rich","width":600,"height":338,"html":"<blockquote class=\"wp-embedded-content\" data-secret=\"dbZszJ0paG\"><a href=\"http:\/\/denizcankizil.tr\/ru\/haberler\/gundem\/yarin-istanbulda-hangi-yollar-kapanacak\/\">Yar\u0131n \u0130stanbul\u2019da hangi yollar kapanacak?<\/a><\/blockquote><iframe sandbox=\"allow-scripts\" security=\"restricted\" src=\"http:\/\/denizcankizil.tr\/ru\/haberler\/gundem\/yarin-istanbulda-hangi-yollar-kapanacak\/embed\/#?secret=dbZszJ0paG\" width=\"600\" height=\"338\" title=\"\u00abYar\u0131n \u0130stanbul\u2019da hangi yollar kapanacak?\u00bb &#8212; Av. Deniz Can K\u0131z\u0131l\" data-secret=\"dbZszJ0paG\" frameborder=\"0\" marginwidth=\"0\" marginheight=\"0\" scrolling=\"no\" class=\"wp-embedded-content\"><\/iframe><script>\n\/*! This file is auto-generated *\/\n!function(d,l){\"use strict\";l.querySelector&&d.addEventListener&&\"undefined\"!=typeof URL&&(d.wp=d.wp||{},d.wp.receiveEmbedMessage||(d.wp.receiveEmbedMessage=function(e){var t=e.data;if((t||t.secret||t.message||t.value)&&!\/[^a-zA-Z0-9]\/.test(t.secret)){for(var s,r,n,a=l.querySelectorAll('iframe[data-secret=\"'+t.secret+'\"]'),o=l.querySelectorAll('blockquote[data-secret=\"'+t.secret+'\"]'),c=new RegExp(\"^https?:$\",\"i\"),i=0;i<o.length;i++)o[i].style.display=\"none\";for(i=0;i<a.length;i++)s=a[i],e.source===s.contentWindow&&(s.removeAttribute(\"style\"),\"height\"===t.message?(1e3<(r=parseInt(t.value,10))?r=1e3:~~r<200&&(r=200),s.height=r):\"link\"===t.message&&(r=new URL(s.getAttribute(\"src\")),n=new URL(t.value),c.test(n.protocol))&&n.host===r.host&&l.activeElement===s&&(d.top.location.href=t.value))}},d.addEventListener(\"message\",d.wp.receiveEmbedMessage,!1),l.addEventListener(\"DOMContentLoaded\",function(){for(var e,t,s=l.querySelectorAll(\"iframe.wp-embedded-content\"),r=0;r<s.length;r++)(t=(e=s[r]).getAttribute(\"data-secret\"))||(t=Math.random().toString(36).substring(2,12),e.src+=\"#?secret=\"+t,e.setAttribute(\"data-secret\",t)),e.contentWindow.postMessage({message:\"ready\",secret:t},\"*\")},!1)))}(window,document);\n\/\/# sourceURL=http:\/\/denizcankizil.tr\/wp-includes\/js\/wp-embed.min.js\n<\/script>","description":"\u0130stanbul Valili\u011fi, 19-23 Mart tarihleri aras\u0131nda 4 g\u00fcn s\u00fcreyle baz\u0131 metro hatlar\u0131 ile yollar\u0131n trafi\u011fe kapat\u0131ld\u0131\u011f\u0131 duyurmu\u015ftu. Valilik taraf\u0131ndan al\u0131nan tedbirlere ek olarak bug\u00fcn saat 16.00 ve yar\u0131n saat 08.00 aral\u0131\u011f\u0131nda baz\u0131 yollar\u0131n kapat\u0131ld\u0131\u011f\u0131n\u0131 a\u00e7\u0131klad\u0131. Yap\u0131lan a\u00e7\u0131klamada, &#8220;19 Mart\u2019ta Valili\u011fimizce al\u0131nan tedbirlere ek olarak baz\u0131 yollar\u0131n trafi\u011fe kapat\u0131lmas\u0131na karar verilmi\u015ftir. Yeni karar do\u011frultusunda 22 Mart Cumartesi g\u00fcn\u00fc saat 16.00 ile 23 Mert Pazar g\u00fcn\u00fc saat 08.00 aras\u0131 trafi\u011fe kapat\u0131lacak yollar ve alternatif g\u00fczergahlar \u015fu \u015fekildedir: \u00a0 SAAT 16.00 \u0130T\u0130BAR\u0130YLE KAPANACAK YOLLAR Abide-i H\u00fcrriyet Caddesi Merkez Caddesi Kesi\u015fiminden \u00c7a\u011flayan \u0130stikameti ve Caddeye \u00c7\u0131kan T\u00fcm Yollar, Dar\u00fclaceze Caddesi \u00c7iftecevizler Caddesi Kesi\u015fiminden H\u00fcrriyettepe \u0130stikameti, Ta\u015f Oca\u011f\u0131 Caddesi ile Kur\u015fun Sokak Kesi\u015fiminden Adliye \u0130stikameti ve Bu Caddeye \u00c7\u0131kan T\u00fcm Yollar, E\u011fitim Sokak ile Esin Sokak-Manolya Sokak Kesi\u015fim ve \u015eevket Pa\u015fa Caddesi\u2019ne \u00c7\u0131kan T\u00fcm Yollar, Piyalepa\u015fa Bulvar\u0131 D-100 Kuzey Ayr\u0131mlar\u0131 Adliye \u0130stikameti, Vatan Caddesi ile \u015eevket Pa\u015fa Caddesi Kesi\u015fimi, Ka\u011f\u0131thane Caddesi ile \u015eevket Pa\u015fa Caddesi Kesi\u015fimi, Abide-\u0130 H\u00fcrriyet Caddesi ile \u015eevket Pa\u015fa Caddesi Kesi\u015fimi, Akg\u00fcl Sokak ile Engin Sokak Kesi\u015fimi, Dr. Cemil Beng\u00fc Caddesi ile Funda Sokak Kesi\u015fimi, Ta\u015f Oca\u011f\u0131 Caddesi ile Yurt Sokak Kesi\u015fimi, \u00c7a\u011flayan T\u00fcnel \u0130\u00e7i Kav\u015fa\u011f\u0131 Adliye \u0130stikameti, Yeniyol Caddesi, D100 Kuzey \u00c7a\u011flayan Yan Yol Ayr\u0131mlar\u0131, D100 G\u00fcney \u00c7a\u011flayan Yan Yol Ayr\u0131mlar\u0131&#8221; &hellip;"}