{"version":"1.0","provider_name":"Av. Deniz Can K\u0131z\u0131l","provider_url":"http:\/\/denizcankizil.tr\/ru","author_name":"admin","author_url":"http:\/\/denizcankizil.tr\/ru\/author\/admin\/","title":"UMKE\u2019den enkaz arama kurtarma tatbikat\u0131","type":"rich","width":600,"height":338,"html":"<blockquote class=\"wp-embedded-content\" data-secret=\"hdG1S1961I\"><a href=\"http:\/\/denizcankizil.tr\/ru\/haberler\/gundem\/umkeden-enkaz-arama-kurtarma-tatbikati\/\">UMKE\u2019den enkaz arama kurtarma tatbikat\u0131<\/a><\/blockquote><iframe sandbox=\"allow-scripts\" security=\"restricted\" src=\"http:\/\/denizcankizil.tr\/ru\/haberler\/gundem\/umkeden-enkaz-arama-kurtarma-tatbikati\/embed\/#?secret=hdG1S1961I\" width=\"600\" height=\"338\" title=\"\u00abUMKE\u2019den enkaz arama kurtarma tatbikat\u0131\u00bb &#8212; Av. Deniz Can K\u0131z\u0131l\" data-secret=\"hdG1S1961I\" frameborder=\"0\" marginwidth=\"0\" marginheight=\"0\" scrolling=\"no\" class=\"wp-embedded-content\"><\/iframe><script>\n\/*! This file is auto-generated *\/\n!function(d,l){\"use strict\";l.querySelector&&d.addEventListener&&\"undefined\"!=typeof URL&&(d.wp=d.wp||{},d.wp.receiveEmbedMessage||(d.wp.receiveEmbedMessage=function(e){var t=e.data;if((t||t.secret||t.message||t.value)&&!\/[^a-zA-Z0-9]\/.test(t.secret)){for(var s,r,n,a=l.querySelectorAll('iframe[data-secret=\"'+t.secret+'\"]'),o=l.querySelectorAll('blockquote[data-secret=\"'+t.secret+'\"]'),c=new RegExp(\"^https?:$\",\"i\"),i=0;i<o.length;i++)o[i].style.display=\"none\";for(i=0;i<a.length;i++)s=a[i],e.source===s.contentWindow&&(s.removeAttribute(\"style\"),\"height\"===t.message?(1e3<(r=parseInt(t.value,10))?r=1e3:~~r<200&&(r=200),s.height=r):\"link\"===t.message&&(r=new URL(s.getAttribute(\"src\")),n=new URL(t.value),c.test(n.protocol))&&n.host===r.host&&l.activeElement===s&&(d.top.location.href=t.value))}},d.addEventListener(\"message\",d.wp.receiveEmbedMessage,!1),l.addEventListener(\"DOMContentLoaded\",function(){for(var e,t,s=l.querySelectorAll(\"iframe.wp-embedded-content\"),r=0;r<s.length;r++)(t=(e=s[r]).getAttribute(\"data-secret\"))||(t=Math.random().toString(36).substring(2,12),e.src+=\"#?secret=\"+t,e.setAttribute(\"data-secret\",t)),e.contentWindow.postMessage({message:\"ready\",secret:t},\"*\")},!1)))}(window,document);\n\/\/# sourceURL=http:\/\/denizcankizil.tr\/wp-includes\/js\/wp-embed.min.js\n<\/script>","description":"\u0130skenderun Sakarya Mahallesi Ziraat Park yak\u0131nlar\u0131nda yap\u0131lan tatbikatta, senaryo gere\u011fi \u00e7\u00f6ken bir binan\u0131n enkaz\u0131 alt\u0131nda kalan vatanda\u015flar\u0131n kurtar\u0131lmas\u0131 canland\u0131r\u0131ld\u0131. UMKE birimine gelen ihbar \u00fczerine h\u0131zla olay yerine ula\u015fan ekipler, AFAD i\u015f birli\u011fiyle enkaz alt\u0131ndaki yaral\u0131lara m\u00fcdahalede bulundu. Yaral\u0131lardan biri sahra hastanesine k\u0131sa s\u00fcrede g\u00fcvenli bir \u015fekilde ta\u015f\u0131n\u0131rken, di\u011fer yaral\u0131n\u0131n kurtar\u0131lmas\u0131 i\u00e7in ekipler zamanla yar\u0131\u015ft\u0131. Acil T\u0131p Teknisyenleri ve Teknikerleri Derne\u011fi eski Genel Ba\u015fkan\u0131 Acil T\u0131p Teknisyeni Abdullah Baltac\u0131, Tatbikat s\u0131ras\u0131nda yapt\u0131\u011f\u0131 a\u00e7\u0131klamada, enkazda iki yaral\u0131n\u0131n bulundu\u011funu ve UMKE ekiplerinin m\u00fcdahalesiyle birinci yaral\u0131n\u0131n &#8220;tra\u015f sendromu&#8221; tan\u0131s\u0131 ile sahra hastanesine ula\u015ft\u0131r\u0131ld\u0131\u011f\u0131n\u0131 ifade etti. \u0130kinci yaral\u0131n\u0131n ise sol kolunda ampute durumu oldu\u011fu, kanaman\u0131n durdurulmas\u0131 i\u00e7in m\u00fcdahale yap\u0131ld\u0131\u011f\u0131 ve k\u0131sa s\u00fcrede sa\u011fl\u0131k noktas\u0131na nakledilece\u011fi aktaran Abdullah Baltac\u0131 yaral\u0131lar\u0131n haz\u0131r bekletilen ambulanslarla en uygun hastaneye sevkinin sa\u011fland\u0131\u011f\u0131n\u0131 kaydetti. Ger\u00e7ekle\u015ftirilen tatbikat, UMKE ekiplerinin afet anlar\u0131nda h\u0131zl\u0131 ve etkili m\u00fcdahale kabiliyetini bir kez daha ortaya koyarken, vatanda\u015flar da tatbikat\u0131 b\u00fcy\u00fck bir ilgi ve heyecanla takip etti. UMKE\u2019N\u0130N TAR\u0130H\u00c7ES\u0130 VE YAPILANMASI Sa\u011fl\u0131k Bakanl\u0131\u011f\u0131 taraf\u0131ndan 30 Aral\u0131k 2003 tarihinde ba\u015flat\u0131lan \u201cAfetlerde Sa\u011fl\u0131k Organizasyonu Projesi\u201d kapsam\u0131nda kurulan UMKE, ilk olarak 11 ilde faaliyete ge\u00e7ti. Ard\u0131ndan 21 b\u00f6lge koordinat\u00f6rl\u00fc\u011f\u00fc arac\u0131l\u0131\u011f\u0131yla 81 ilde yap\u0131lanmas\u0131n\u0131 tamamlayan UMKE, afetlerde sa\u011fl\u0131k hizmetlerinin kesintisiz ve etkin \u015fekilde y\u00fcr\u00fct\u00fclmesini ama\u00e7l\u0131yor. 24 Ocak 2020 Elaz\u0131\u011f, 30 Ekim 2020 &hellip;"}