{"version":"1.0","provider_name":"Av. Deniz Can K\u0131z\u0131l","provider_url":"http:\/\/denizcankizil.tr\/ru","author_name":"admin","author_url":"http:\/\/denizcankizil.tr\/ru\/author\/admin\/","title":"\u00dc\u00e7 ba\u015fkan g\u00f6revden uzakla\u015ft\u0131r\u0131ld\u0131! \u015ei\u015fli'ye kayyum atand\u0131!","type":"rich","width":600,"height":338,"html":"<blockquote class=\"wp-embedded-content\" data-secret=\"osJSJBe0Qr\"><a href=\"http:\/\/denizcankizil.tr\/ru\/haberler\/gundem\/uc-baskan-gorevden-uzaklastirildi-sisliye-kayyum-atandi\/\">\u00dc\u00e7 ba\u015fkan g\u00f6revden uzakla\u015ft\u0131r\u0131ld\u0131! \u015ei\u015fli&#8217;ye kayyum atand\u0131!<\/a><\/blockquote><iframe sandbox=\"allow-scripts\" security=\"restricted\" src=\"http:\/\/denizcankizil.tr\/ru\/haberler\/gundem\/uc-baskan-gorevden-uzaklastirildi-sisliye-kayyum-atandi\/embed\/#?secret=osJSJBe0Qr\" width=\"600\" height=\"338\" title=\"\u00ab\u00dc\u00e7 ba\u015fkan g\u00f6revden uzakla\u015ft\u0131r\u0131ld\u0131! \u015ei\u015fli&#8217;ye kayyum atand\u0131!\u00bb &#8212; Av. Deniz Can K\u0131z\u0131l\" data-secret=\"osJSJBe0Qr\" frameborder=\"0\" marginwidth=\"0\" marginheight=\"0\" scrolling=\"no\" class=\"wp-embedded-content\"><\/iframe><script>\n\/*! This file is auto-generated *\/\n!function(d,l){\"use strict\";l.querySelector&&d.addEventListener&&\"undefined\"!=typeof URL&&(d.wp=d.wp||{},d.wp.receiveEmbedMessage||(d.wp.receiveEmbedMessage=function(e){var t=e.data;if((t||t.secret||t.message||t.value)&&!\/[^a-zA-Z0-9]\/.test(t.secret)){for(var s,r,n,a=l.querySelectorAll('iframe[data-secret=\"'+t.secret+'\"]'),o=l.querySelectorAll('blockquote[data-secret=\"'+t.secret+'\"]'),c=new RegExp(\"^https?:$\",\"i\"),i=0;i<o.length;i++)o[i].style.display=\"none\";for(i=0;i<a.length;i++)s=a[i],e.source===s.contentWindow&&(s.removeAttribute(\"style\"),\"height\"===t.message?(1e3<(r=parseInt(t.value,10))?r=1e3:~~r<200&&(r=200),s.height=r):\"link\"===t.message&&(r=new URL(s.getAttribute(\"src\")),n=new URL(t.value),c.test(n.protocol))&&n.host===r.host&&l.activeElement===s&&(d.top.location.href=t.value))}},d.addEventListener(\"message\",d.wp.receiveEmbedMessage,!1),l.addEventListener(\"DOMContentLoaded\",function(){for(var e,t,s=l.querySelectorAll(\"iframe.wp-embedded-content\"),r=0;r<s.length;r++)(t=(e=s[r]).getAttribute(\"data-secret\"))||(t=Math.random().toString(36).substring(2,12),e.src+=\"#?secret=\"+t,e.setAttribute(\"data-secret\",t)),e.contentWindow.postMessage({message:\"ready\",secret:t},\"*\")},!1)))}(window,document);\n\/\/# sourceURL=http:\/\/denizcankizil.tr\/wp-includes\/js\/wp-embed.min.js\n<\/script>","description":"\u0130\u00e7i\u015fleri Bakanl\u0131\u011f\u0131, yolsuzluk ve ter\u00f6r su\u00e7lar\u0131ndan hakim kar\u015f\u0131s\u0131na \u00e7\u0131kan \u0130stanbul B\u00fcy\u00fck\u015fehir Belediyesi, Beylikd\u00fcz\u00fc Belediyesi ve \u015ei\u015fli Belediye ba\u015fkanlar\u0131n\u0131n tutuklanmas\u0131 ard\u0131ndan ge\u00e7ici tedbirle g\u00f6revlerinden uzakla\u015ft\u0131rd\u0131. Bakanl\u0131k, \u015ei\u015fli Belediyesi&#8217;ne ise \u015ei\u015fli Kaymakam\u0131 Cevdet Ert\u00fcrkmen&#8217;i kayyum olarak atad\u0131.ANKARA (\u0130GFA) &#8211;\u00a0 \u0130\u00e7i\u015fleri Bakanl\u0131\u011f\u0131, \u0130stanbul B\u00fcy\u00fck\u015fehir Belediye Ba\u015fkan\u0131 Ekrem \u0130mamo\u011flu&#8217;nun hukuka ayk\u0131r\u0131 olarak ki\u015fisel verileri kaydetmek, r\u00fc\u015fvet almak, kamu kurum ve kurulu\u015flar\u0131n\u0131n ihalesine fesat kar\u0131\u015ft\u0131rmak, su\u00e7 i\u015flemek amac\u0131yla \u00f6rg\u00fct kurma su\u00e7lamalar\u0131 ile Beylikd\u00fcz\u00fc Belediye Ba\u015fkan\u0131 Mehmet Murat \u00c7al\u0131k&#8217;\u0131n\u00a0 irtikap ve su\u00e7 i\u015flemek amac\u0131yla kurulan \u00f6rg\u00fcte \u00fcye olmak su\u00e7lar\u0131ndan dolay\u0131 tutuklanmalar\u0131 ard\u0131ndan ge\u00e7ici tedbirle g\u00f6revlerinden uzakla\u015ft\u0131r\u0131ld\u0131. Bakanl\u0131k, ayr\u0131ca Silahl\u0131 Ter\u00f6r \u00d6rg\u00fct\u00fcne Yard\u0131m Etme su\u00e7undan tutuklanan \u015ei\u015fli Belediye Ba\u015fkan\u0131 Resul Emrah \u015eahan&#8217;\u0131 da g\u00f6revinden tedbir ama\u00e7l\u0131 uzakla\u015ft\u0131r\u0131rken, \u015ei\u015fli Belediye Ba\u015fkan vekili olarak yerine \u015ei\u015fli Kaymakam\u0131 Cevdet Erkt\u00fcrkmen&#8217;i g\u00f6revlendirdi. \u00a0 \u200b\u0130\u00e7i\u015fleri Bakanl\u0131\u011f\u0131, yolsuzluk ve ter\u00f6r su\u00e7lar\u0131ndan hakim kar\u015f\u0131s\u0131na \u00e7\u0131kan \u0130stanbul B\u00fcy\u00fck\u015fehir Belediyesi, Beylikd\u00fcz\u00fc Belediyesi ve \u015ei\u015fli Belediye ba\u015fkanlar\u0131n\u0131n tutuklanmas\u0131 ard\u0131ndan ge\u00e7ici tedbirle g\u00f6revlerinden uzakla\u015ft\u0131rd\u0131. Bakanl\u0131k, \u015ei\u015fli Belediyesi&#8217;ne ise \u015ei\u015fli Kaymakam\u0131 Cevdet Ert\u00fcrkmen&#8217;i kayyum olarak atad\u0131.ANKARA (\u0130GFA) &#8211;\u00a0 \u0130\u00e7i\u015fleri Bakanl\u0131\u011f\u0131, \u0130stanbul B\u00fcy\u00fck\u015fehir Belediye Ba\u015fkan\u0131 Ekrem \u0130mamo\u011flu&#8217;nun hukuka ayk\u0131r\u0131 olarak ki\u015fisel verileri kaydetmek, r\u00fc\u015fvet almak, kamu kurum ve kurulu\u015flar\u0131n\u0131n ihalesine fesat kar\u0131\u015ft\u0131rmak, su\u00e7 i\u015flemek amac\u0131yla \u00f6rg\u00fct kurma su\u00e7lamalar\u0131 ile Beylikd\u00fcz\u00fc Belediye Ba\u015fkan\u0131 Mehmet Murat \u00c7al\u0131k&#8217;\u0131n\u00a0 irtikap ve su\u00e7 i\u015flemek amac\u0131yla &hellip;"}