{"version":"1.0","provider_name":"Av. Deniz Can K\u0131z\u0131l","provider_url":"http:\/\/denizcankizil.tr\/ru","author_name":"admin","author_url":"http:\/\/denizcankizil.tr\/ru\/author\/admin\/","title":"T\u00fcm Emekliler Sendikas\u0131'ndan Tepki!","type":"rich","width":600,"height":338,"html":"<blockquote class=\"wp-embedded-content\" data-secret=\"DpEvcWgXwA\"><a href=\"http:\/\/denizcankizil.tr\/ru\/haberler\/gundem\/tum-emekliler-sendikasindan-tepki\/\">T\u00fcm Emekliler Sendikas\u0131&#8217;ndan Tepki!<\/a><\/blockquote><iframe sandbox=\"allow-scripts\" security=\"restricted\" src=\"http:\/\/denizcankizil.tr\/ru\/haberler\/gundem\/tum-emekliler-sendikasindan-tepki\/embed\/#?secret=DpEvcWgXwA\" width=\"600\" height=\"338\" title=\"\u00abT\u00fcm Emekliler Sendikas\u0131&#8217;ndan Tepki!\u00bb &#8212; Av. Deniz Can K\u0131z\u0131l\" data-secret=\"DpEvcWgXwA\" frameborder=\"0\" marginwidth=\"0\" marginheight=\"0\" scrolling=\"no\" class=\"wp-embedded-content\"><\/iframe><script>\n\/*! This file is auto-generated *\/\n!function(d,l){\"use strict\";l.querySelector&&d.addEventListener&&\"undefined\"!=typeof URL&&(d.wp=d.wp||{},d.wp.receiveEmbedMessage||(d.wp.receiveEmbedMessage=function(e){var t=e.data;if((t||t.secret||t.message||t.value)&&!\/[^a-zA-Z0-9]\/.test(t.secret)){for(var s,r,n,a=l.querySelectorAll('iframe[data-secret=\"'+t.secret+'\"]'),o=l.querySelectorAll('blockquote[data-secret=\"'+t.secret+'\"]'),c=new RegExp(\"^https?:$\",\"i\"),i=0;i<o.length;i++)o[i].style.display=\"none\";for(i=0;i<a.length;i++)s=a[i],e.source===s.contentWindow&&(s.removeAttribute(\"style\"),\"height\"===t.message?(1e3<(r=parseInt(t.value,10))?r=1e3:~~r<200&&(r=200),s.height=r):\"link\"===t.message&&(r=new URL(s.getAttribute(\"src\")),n=new URL(t.value),c.test(n.protocol))&&n.host===r.host&&l.activeElement===s&&(d.top.location.href=t.value))}},d.addEventListener(\"message\",d.wp.receiveEmbedMessage,!1),l.addEventListener(\"DOMContentLoaded\",function(){for(var e,t,s=l.querySelectorAll(\"iframe.wp-embedded-content\"),r=0;r<s.length;r++)(t=(e=s[r]).getAttribute(\"data-secret\"))||(t=Math.random().toString(36).substring(2,12),e.src+=\"#?secret=\"+t,e.setAttribute(\"data-secret\",t)),e.contentWindow.postMessage({message:\"ready\",secret:t},\"*\")},!1)))}(window,document);\n\/\/# sourceURL=http:\/\/denizcankizil.tr\/wp-includes\/js\/wp-embed.min.js\n<\/script>","description":"Yayman, a\u00e7\u0131klamas\u0131nda yakla\u015f\u0131k 4 milyon emekli ile bir o kadar dul ve yetimin ya\u015fam m\u00fccadelesi verdi\u011fini ifade ederek, &#8220;Memur emeklileri de benzer s\u0131k\u0131nt\u0131lar i\u00e7inde. Yasa gere\u011fi memurlara yap\u0131lan maa\u015f art\u0131\u015flar\u0131ndan memur emeklilerinin de faydalanmas\u0131 gerekirken, seyyanen \u00f6denek yaln\u0131zca aktif memurlara verildi. Bu, yasal bo\u015fluklarla memur emeklilerinin haklar\u0131n\u0131n g\u00f6z ard\u0131 edilmesidir&#8221; dedi. Ge\u00e7mi\u015fte emekli olan bir memurun maa\u015f\u0131n\u0131n y\u00fczde 70\u2019ini alabildi\u011fini ancak bu oran\u0131n g\u00fcn\u00fcm\u00fczde y\u00fczde 40\u2019lara kadar d\u00fc\u015ft\u00fc\u011f\u00fcn\u00fc s\u00f6yleyen Yayman, t\u00fcm emeklilere seyyanen \u00f6deme yap\u0131lmas\u0131 gerekti\u011fini vurgulad\u0131. Temmuz ay\u0131nda yap\u0131lacak zamlar\u0131n k\u00f6k maa\u015flar \u00fczerinden de\u011fil, emeklilerin eline ge\u00e7en net maa\u015flar \u00fczerinden belirlenmesi gerekti\u011fini dile getiren Yayman, aksi halde yakla\u015f\u0131k 4 milyon emekli ile bir o kadar dul ve yetimin maa\u015f\u0131nda herhangi bir art\u0131\u015f olmayaca\u011f\u0131n\u0131 s\u00f6yledi. G\u0131da fiyatlar\u0131n\u0131n emeklilerin al\u0131m g\u00fcc\u00fcn\u00fc a\u015ft\u0131\u011f\u0131n\u0131 ifade eden Yayman, \u201cEmekliler domatesi, karpuzu dilimle almak zorunda kal\u0131yor. Etin ad\u0131n\u0131 dahi anamaz hale geldik. Emekliler ekmek almaktan bile aciz duruma d\u00fc\u015ft\u00fc\u201d dedi. \u0130\u015f kazalar\u0131na da de\u011finen Yayman, 71 ya\u015f\u0131nda in\u015faatta \u00e7al\u0131\u015f\u0131rken ya\u015fam\u0131n\u0131 yitiren Selami \u015eim\u015fek\u2019i hat\u0131rlatarak, \u015funlar\u0131 kaydetti: \u201cBu trajedinin faili uygulanan sefalet politikalar\u0131d\u0131r. Ge\u00e7ti\u011fimiz y\u0131l da 79 ya\u015f\u0131ndaki bir vatanda\u015f\u0131m\u0131z in\u015faatta \u00e7al\u0131\u015f\u0131rken hayat\u0131n\u0131 kaybetti. Bu olaylar ne yaz\u0131k ki ne parlamenterlerin ajandas\u0131nda yer al\u0131yor ne de \u00fclke kaynaklar\u0131na h\u00e2kim olanlar\u0131n g\u00fcndemine giriyor\u201d \u200bT\u00fcm Emekliler Sendikas\u0131 \u0130skenderun &hellip;"}