{"version":"1.0","provider_name":"Av. Deniz Can K\u0131z\u0131l","provider_url":"http:\/\/denizcankizil.tr\/ru","author_name":"admin","author_url":"http:\/\/denizcankizil.tr\/ru\/author\/admin\/","title":"Sakarya'da rayl\u0131 sistem projesinin ihalesi tamam","type":"rich","width":600,"height":338,"html":"<blockquote class=\"wp-embedded-content\" data-secret=\"g7C8PQYyVw\"><a href=\"http:\/\/denizcankizil.tr\/ru\/haberler\/gundem\/sakaryada-rayli-sistem-projesinin-ihalesi-tamam\/\">Sakarya&#8217;da rayl\u0131 sistem projesinin ihalesi tamam<\/a><\/blockquote><iframe sandbox=\"allow-scripts\" security=\"restricted\" src=\"http:\/\/denizcankizil.tr\/ru\/haberler\/gundem\/sakaryada-rayli-sistem-projesinin-ihalesi-tamam\/embed\/#?secret=g7C8PQYyVw\" width=\"600\" height=\"338\" title=\"\u00abSakarya&#8217;da rayl\u0131 sistem projesinin ihalesi tamam\u00bb &#8212; Av. Deniz Can K\u0131z\u0131l\" data-secret=\"g7C8PQYyVw\" frameborder=\"0\" marginwidth=\"0\" marginheight=\"0\" scrolling=\"no\" class=\"wp-embedded-content\"><\/iframe><script>\n\/*! This file is auto-generated *\/\n!function(d,l){\"use strict\";l.querySelector&&d.addEventListener&&\"undefined\"!=typeof URL&&(d.wp=d.wp||{},d.wp.receiveEmbedMessage||(d.wp.receiveEmbedMessage=function(e){var t=e.data;if((t||t.secret||t.message||t.value)&&!\/[^a-zA-Z0-9]\/.test(t.secret)){for(var s,r,n,a=l.querySelectorAll('iframe[data-secret=\"'+t.secret+'\"]'),o=l.querySelectorAll('blockquote[data-secret=\"'+t.secret+'\"]'),c=new RegExp(\"^https?:$\",\"i\"),i=0;i<o.length;i++)o[i].style.display=\"none\";for(i=0;i<a.length;i++)s=a[i],e.source===s.contentWindow&&(s.removeAttribute(\"style\"),\"height\"===t.message?(1e3<(r=parseInt(t.value,10))?r=1e3:~~r<200&&(r=200),s.height=r):\"link\"===t.message&&(r=new URL(s.getAttribute(\"src\")),n=new URL(t.value),c.test(n.protocol))&&n.host===r.host&&l.activeElement===s&&(d.top.location.href=t.value))}},d.addEventListener(\"message\",d.wp.receiveEmbedMessage,!1),l.addEventListener(\"DOMContentLoaded\",function(){for(var e,t,s=l.querySelectorAll(\"iframe.wp-embedded-content\"),r=0;r<s.length;r++)(t=(e=s[r]).getAttribute(\"data-secret\"))||(t=Math.random().toString(36).substring(2,12),e.src+=\"#?secret=\"+t,e.setAttribute(\"data-secret\",t)),e.contentWindow.postMessage({message:\"ready\",secret:t},\"*\")},!1)))}(window,document);\n\/\/# sourceURL=http:\/\/denizcankizil.tr\/wp-includes\/js\/wp-embed.min.js\n<\/script>","description":"Sakarya B\u00fcy\u00fck\u015fehir Belediyesi Mart Ay\u0131 Ola\u011fan Meclisi\u2019nde 60 madde karara ba\u011fland\u0131. Bu kapsamda Arifiye\u2019ye yap\u0131lacak olan gen\u00e7lik merkezi ve y\u00fczme havuzunun yer tahsisi ger\u00e7ekle\u015fti.SAKARYA (\u0130GFA) &#8211;\u00a0Sakarya B\u00fcy\u00fck\u015fehir Belediyesi Mart Ay\u0131 Ola\u011fan Meclis Toplant\u0131s\u0131 B\u00fcy\u00fck\u015fehir Meclis Toplant\u0131 Salonu\u2019nda ger\u00e7ekle\u015ferek 60 g\u00fcndem maddesi karara ba\u011fland\u0131. Meclis \u00fcyeleri imar de\u011fi\u015fiklikleri, il\u00e7e belediye meclis kararlar\u0131 ve komisyon raporlar\u0131 g\u00f6r\u00fc\u015f\u00fcld\u00fc. Mecliste \u00f6nemli geli\u015fmeler Adapazar\u0131 Belediye Ba\u015fkan\u0131 Mutlu I\u015f\u0131ksu\u2019nun ba\u015fkanl\u0131k etti\u011fi meclis toplant\u0131s\u0131na il\u00e7e belediye ba\u015fkanlar\u0131, meclis \u00fcyeleri, B\u00fcy\u00fck\u015fehir b\u00fcrokratlar\u0131 ve bas\u0131n mensuplar\u0131 kat\u0131ld\u0131. Toplant\u0131da meclis g\u00fcndemindeki maddeler karara ba\u011flan\u0131rken \u00f6nemli baz\u0131 geli\u015fmeler de ya\u015fand\u0131. \u0130ki b\u00fcy\u00fck tesis i\u00e7in meclis karar\u0131 Bu kapsamda Ba\u015fkan Yusuf Alemdar\u2019\u0131n Arifiye\u2019ye s\u00f6z\u00fcn\u00fc verdi\u011fi y\u00fczme havuzu ve gen\u00e7lik merkezi i\u00e7in s\u00fcre\u00e7 resmen ba\u015flad\u0131 ve mecliste il\u00e7eye yap\u0131lacak tesis i\u00e7in B\u00fcy\u00fck\u015fehir\u2019e yer tahsisi yap\u0131lmas\u0131 kararla\u015ft\u0131r\u0131ld\u0131. Meclis toplant\u0131s\u0131n\u0131n ard\u0131ndan de\u011ferlendirmelerde bulunan Ba\u015fkan Alemdar, Sakarya\u2019n\u0131n 12 kilometrelik Rayl\u0131 Sistem projesiyle ilgili son geli\u015fmeleri payla\u015ft\u0131. \u201cSakarya rayl\u0131 sisteme kavu\u015facak\u201d Proje ihalesinin tamamland\u0131\u011f\u0131n\u0131 ve ilerleyen g\u00fcnlerde s\u00f6zle\u015fme imzalanarak yer tesliminin yap\u0131laca\u011f\u0131n\u0131 ifade eden Alemdar, en k\u0131sa s\u00fcrede de yap\u0131m ihalesinin de tamamlanaca\u011f\u0131n\u0131 m\u00fcjdeleyerek vatanda\u015flara, \u201cHem\u015fehrilerimiz m\u00fcsterih olsun. Sakarya\u2019m\u0131z rayl\u0131 sisteme kavu\u015facak\u201d \u00e7a\u011fr\u0131s\u0131 yapt\u0131. \u201cT\u00fcm vatanda\u015flar\u0131m\u0131z m\u00fcsterih olsun\u201d Alemdar son durumu \u015f\u00f6yle anlatt\u0131: \u201cAltyap\u0131 Yat\u0131r\u0131mlar\u0131 Genel M\u00fcd\u00fcrl\u00fc\u011f\u00fcm\u00fcz taraf\u0131ndan proje ihalemiz tamamland\u0131. \u00d6n\u00fcm\u00fczdeki g\u00fcnlerde s\u00f6zle\u015fme imzalanarak yer teslimi &hellip;"}