{"version":"1.0","provider_name":"Av. Deniz Can K\u0131z\u0131l","provider_url":"http:\/\/denizcankizil.tr\/ru","author_name":"admin","author_url":"http:\/\/denizcankizil.tr\/ru\/author\/admin\/","title":"Sakarya S\u00f6\u011f\u00fctl\u00fc\u2019deki orman yang\u0131n\u0131 kontrol alt\u0131na al\u0131nd\u0131","type":"rich","width":600,"height":338,"html":"<blockquote class=\"wp-embedded-content\" data-secret=\"oWs3GpGAFy\"><a href=\"http:\/\/denizcankizil.tr\/ru\/haberler\/gundem\/sakarya-sogutludeki-orman-yangini-kontrol-altina-alindi\/\">Sakarya S\u00f6\u011f\u00fctl\u00fc\u2019deki orman yang\u0131n\u0131 kontrol alt\u0131na al\u0131nd\u0131<\/a><\/blockquote><iframe sandbox=\"allow-scripts\" security=\"restricted\" src=\"http:\/\/denizcankizil.tr\/ru\/haberler\/gundem\/sakarya-sogutludeki-orman-yangini-kontrol-altina-alindi\/embed\/#?secret=oWs3GpGAFy\" width=\"600\" height=\"338\" title=\"\u00abSakarya S\u00f6\u011f\u00fctl\u00fc\u2019deki orman yang\u0131n\u0131 kontrol alt\u0131na al\u0131nd\u0131\u00bb &#8212; Av. Deniz Can K\u0131z\u0131l\" data-secret=\"oWs3GpGAFy\" frameborder=\"0\" marginwidth=\"0\" marginheight=\"0\" scrolling=\"no\" class=\"wp-embedded-content\"><\/iframe><script>\n\/*! This file is auto-generated *\/\n!function(d,l){\"use strict\";l.querySelector&&d.addEventListener&&\"undefined\"!=typeof URL&&(d.wp=d.wp||{},d.wp.receiveEmbedMessage||(d.wp.receiveEmbedMessage=function(e){var t=e.data;if((t||t.secret||t.message||t.value)&&!\/[^a-zA-Z0-9]\/.test(t.secret)){for(var s,r,n,a=l.querySelectorAll('iframe[data-secret=\"'+t.secret+'\"]'),o=l.querySelectorAll('blockquote[data-secret=\"'+t.secret+'\"]'),c=new RegExp(\"^https?:$\",\"i\"),i=0;i<o.length;i++)o[i].style.display=\"none\";for(i=0;i<a.length;i++)s=a[i],e.source===s.contentWindow&&(s.removeAttribute(\"style\"),\"height\"===t.message?(1e3<(r=parseInt(t.value,10))?r=1e3:~~r<200&&(r=200),s.height=r):\"link\"===t.message&&(r=new URL(s.getAttribute(\"src\")),n=new URL(t.value),c.test(n.protocol))&&n.host===r.host&&l.activeElement===s&&(d.top.location.href=t.value))}},d.addEventListener(\"message\",d.wp.receiveEmbedMessage,!1),l.addEventListener(\"DOMContentLoaded\",function(){for(var e,t,s=l.querySelectorAll(\"iframe.wp-embedded-content\"),r=0;r<s.length;r++)(t=(e=s[r]).getAttribute(\"data-secret\"))||(t=Math.random().toString(36).substring(2,12),e.src+=\"#?secret=\"+t,e.setAttribute(\"data-secret\",t)),e.contentWindow.postMessage({message:\"ready\",secret:t},\"*\")},!1)))}(window,document);\n\/\/# sourceURL=http:\/\/denizcankizil.tr\/wp-includes\/js\/wp-embed.min.js\n<\/script>","description":"Sakarya\u2019n\u0131n S\u00f6\u011f\u00fctl\u00fc il\u00e7esinde Orman \u0130\u015fletme M\u00fcd\u00fcrl\u00fc\u011f\u00fc deposunda ba\u015flayan ve 10 hektara yay\u0131lan yang\u0131n, 33 ara\u00e7 ve 70 personelin m\u00fcdahalesiyle kontrol alt\u0131na al\u0131nd\u0131. Ba\u015fkan Alemdar, vatanda\u015flar\u0131 s\u0131cak havalarda itidalli olmaya \u00e7a\u011f\u0131rd\u0131.SAKARYA (\u0130GFA) &#8211; Sakarya B\u00fcy\u00fck\u015fehir Belediye Ba\u015fkan\u0131 Yusuf Alemdar, S\u00f6\u011f\u00fctl\u00fc\u2019de Orman \u0130\u015fletme M\u00fcd\u00fcrl\u00fc\u011f\u00fc deposunda ba\u015flayan yang\u0131na ili\u015fkin a\u00e7\u0131klama yapt\u0131. Saat 13.22\u2019de gelen ihbar\u0131n ard\u0131ndan 33 ara\u00e7 ve 70 personelle yang\u0131na h\u0131zla m\u00fcdahale edildi\u011fini belirten Alemdar, 10 hektarl\u0131k alana yay\u0131lan yang\u0131n\u0131n kontrol alt\u0131na al\u0131nd\u0131\u011f\u0131n\u0131 ve so\u011futma \u00e7al\u0131\u015fmalar\u0131n\u0131n devam etti\u011fini duyurdu. Alemdar, \u201cOrman B\u00f6lge M\u00fcd\u00fcrl\u00fc\u011f\u00fc, il\u00e7e belediyeleri, AFAD, SASK\u0130 ekipleri, g\u00f6n\u00fcll\u00fcler ve vatanda\u015flar\u0131m\u0131z fedak\u00e2r bir \u00e7al\u0131\u015fma sergiledi. Bakanl\u0131\u011f\u0131m\u0131z\u0131n helikopterleri havadan uzun s\u00fcre m\u00fcdahale etti. En b\u00fcy\u00fck tesellimiz can kayb\u0131 olmamas\u0131. Allah beterinden korusun\u201d dedi. Alemdar, yang\u0131n b\u00f6lgesine ula\u015farak S\u00f6\u011f\u00fctl\u00fc Belediye Ba\u015fkan\u0131 Sel\u00e7uk Kurt ile birlikte \u0130tfaiye Dairesi Ba\u015fkan\u0131 Vedat Selamet\u2019ten bilgi alm\u0131\u015f ve m\u00fcdahale s\u00fcrecini olay yerinde y\u00f6netmi\u015fti. VATANDA\u015eLARA TEDB\u0130R \u00c7A\u011eRISI Havalar\u0131n \u0131s\u0131nmas\u0131yla orman ve sanayi b\u00f6lgelerinde yang\u0131n riskinin artt\u0131\u011f\u0131n\u0131 vurgulayan Alemdar, \u201c\u00d6zellikle \u00f6n\u00fcm\u00fczdeki 10 g\u00fcn s\u0131cakl\u0131klar mevsim normallerinin \u00fczerinde olacak. Yaz boyunca herkesi itidalli ve tedbirli olmaya davet ediyorum. Bu \u015fehir hepimizin\u201d \u00e7a\u011fr\u0131s\u0131nda bulundu. \u200bSakarya\u2019n\u0131n S\u00f6\u011f\u00fctl\u00fc il\u00e7esinde Orman \u0130\u015fletme M\u00fcd\u00fcrl\u00fc\u011f\u00fc deposunda ba\u015flayan ve 10 hektara yay\u0131lan yang\u0131n, 33 ara\u00e7 ve 70 personelin m\u00fcdahalesiyle kontrol alt\u0131na al\u0131nd\u0131. Ba\u015fkan Alemdar, vatanda\u015flar\u0131 s\u0131cak havalarda itidalli &hellip;"}