{"version":"1.0","provider_name":"Av. Deniz Can K\u0131z\u0131l","provider_url":"http:\/\/denizcankizil.tr\/ru","author_name":"Antalya K\u00f6rfez","author_url":"http:\/\/denizcankizil.tr\/ru\/author\/www-antalyakorfez-com\/","title":"Pen\u00e7e-Kaplan operasyonunda 1 asker \u015fehit d\u00fc\u015ft\u00fc","type":"rich","width":600,"height":338,"html":"<blockquote class=\"wp-embedded-content\" data-secret=\"xIRWnNoiZi\"><a href=\"http:\/\/denizcankizil.tr\/ru\/haberler\/gundem\/pence-kaplan-operasyonunda-1-asker-sehit-dustu\/\">Pen\u00e7e-Kaplan operasyonunda 1 asker \u015fehit d\u00fc\u015ft\u00fc<\/a><\/blockquote><iframe sandbox=\"allow-scripts\" security=\"restricted\" src=\"http:\/\/denizcankizil.tr\/ru\/haberler\/gundem\/pence-kaplan-operasyonunda-1-asker-sehit-dustu\/embed\/#?secret=xIRWnNoiZi\" width=\"600\" height=\"338\" title=\"\u00abPen\u00e7e-Kaplan operasyonunda 1 asker \u015fehit d\u00fc\u015ft\u00fc\u00bb &#8212; Av. Deniz Can K\u0131z\u0131l\" data-secret=\"xIRWnNoiZi\" frameborder=\"0\" marginwidth=\"0\" marginheight=\"0\" scrolling=\"no\" class=\"wp-embedded-content\"><\/iframe><script>\n\/*! This file is auto-generated *\/\n!function(d,l){\"use strict\";l.querySelector&&d.addEventListener&&\"undefined\"!=typeof URL&&(d.wp=d.wp||{},d.wp.receiveEmbedMessage||(d.wp.receiveEmbedMessage=function(e){var t=e.data;if((t||t.secret||t.message||t.value)&&!\/[^a-zA-Z0-9]\/.test(t.secret)){for(var s,r,n,a=l.querySelectorAll('iframe[data-secret=\"'+t.secret+'\"]'),o=l.querySelectorAll('blockquote[data-secret=\"'+t.secret+'\"]'),c=new RegExp(\"^https?:$\",\"i\"),i=0;i<o.length;i++)o[i].style.display=\"none\";for(i=0;i<a.length;i++)s=a[i],e.source===s.contentWindow&&(s.removeAttribute(\"style\"),\"height\"===t.message?(1e3<(r=parseInt(t.value,10))?r=1e3:~~r<200&&(r=200),s.height=r):\"link\"===t.message&&(r=new URL(s.getAttribute(\"src\")),n=new URL(t.value),c.test(n.protocol))&&n.host===r.host&&l.activeElement===s&&(d.top.location.href=t.value))}},d.addEventListener(\"message\",d.wp.receiveEmbedMessage,!1),l.addEventListener(\"DOMContentLoaded\",function(){for(var e,t,s=l.querySelectorAll(\"iframe.wp-embedded-content\"),r=0;r<s.length;r++)(t=(e=s[r]).getAttribute(\"data-secret\"))||(t=Math.random().toString(36).substring(2,12),e.src+=\"#?secret=\"+t,e.setAttribute(\"data-secret\",t)),e.contentWindow.postMessage({message:\"ready\",secret:t},\"*\")},!1)))}(window,document);\n\/\/# sourceURL=http:\/\/denizcankizil.tr\/wp-includes\/js\/wp-embed.min.js\n<\/script>","description":"Milli Savunma Bakanl\u0131\u011f\u0131, b\u00f6l\u00fcc\u00fc t*r\u00f6r \u00f6rg\u00fct\u00fc mensuplar\u0131 taraf\u0131ndan a\u00e7\u0131lan taciz ate\u015fi sonucu a\u011f\u0131r yaralanan Astsubay K\u0131demli \u00dcst\u00e7avu\u015f Ufuk Ak\u0131nc\u0131&#8217;n\u0131n \u015fehit oldu\u011funu a\u00e7\u0131klad\u0131. 1 ASKER \u015eEH\u0130T D\u00dc\u015eT\u00dc Milli Savunma Bakanl\u0131\u011f\u0131&#8217;n\u0131n (MSB) a\u00e7\u0131klamas\u0131nda, &#8220;Pen\u00e7e-Kaplan operasyonu b\u00f6lgesinde, b\u00f6l\u00fcc\u00fc t*r\u00f6r \u00f6rg\u00fct\u00fc mensuplar\u0131 taraf\u0131ndan a\u00e7\u0131lan taciz ate\u015fi sonucu a\u011f\u0131r yaralanan kahraman silah arkada\u015f\u0131m\u0131z \u0130s.Asb.\u00dc\u00e7v\u015f. Ufuk AKINCI, hastanede yap\u0131lan t\u00fcm m\u00fcdahalelere ra\u011fmen kurtar\u0131lamayarak 23 Ocak 2025 tarihinde \u015fehit olmu\u015ftur\u201d denildi.\u00a0 \u200bMilli Savunma Bakanl\u0131\u011f\u0131, Pen\u00e7e-Kaplan operasyonunun yap\u0131ld\u0131\u011f\u0131 b\u00f6lgede a\u011f\u0131r yaralanan Astsubay K\u0131demli \u00dcst\u00e7avu\u015f Ufuk Ak\u0131nc\u0131&#8217;n\u0131n \u015fehit oldu\u011funu a\u00e7\u0131klad\u0131\u00a0 \u200bHaberin Al\u0131nt\u0131land\u0131\u011f\u0131 Kaynak: www.antalyakorfez.com"}