{"version":"1.0","provider_name":"Av. Deniz Can K\u0131z\u0131l","provider_url":"http:\/\/denizcankizil.tr\/ru","author_name":"admin","author_url":"http:\/\/denizcankizil.tr\/ru\/author\/admin\/","title":"Osmanl\u0131\u2019dan G\u00fcn\u00fcm\u00fcze\u2026","type":"rich","width":600,"height":338,"html":"<blockquote class=\"wp-embedded-content\" data-secret=\"HwYS7E85vb\"><a href=\"http:\/\/denizcankizil.tr\/ru\/haberler\/gundem\/osmanlidan-gunumuze-2\/\">Osmanl\u0131\u2019dan G\u00fcn\u00fcm\u00fcze\u2026<\/a><\/blockquote><iframe sandbox=\"allow-scripts\" security=\"restricted\" src=\"http:\/\/denizcankizil.tr\/ru\/haberler\/gundem\/osmanlidan-gunumuze-2\/embed\/#?secret=HwYS7E85vb\" width=\"600\" height=\"338\" title=\"\u00abOsmanl\u0131\u2019dan G\u00fcn\u00fcm\u00fcze\u2026\u00bb &#8212; Av. Deniz Can K\u0131z\u0131l\" data-secret=\"HwYS7E85vb\" frameborder=\"0\" marginwidth=\"0\" marginheight=\"0\" scrolling=\"no\" class=\"wp-embedded-content\"><\/iframe><script>\n\/*! This file is auto-generated *\/\n!function(d,l){\"use strict\";l.querySelector&&d.addEventListener&&\"undefined\"!=typeof URL&&(d.wp=d.wp||{},d.wp.receiveEmbedMessage||(d.wp.receiveEmbedMessage=function(e){var t=e.data;if((t||t.secret||t.message||t.value)&&!\/[^a-zA-Z0-9]\/.test(t.secret)){for(var s,r,n,a=l.querySelectorAll('iframe[data-secret=\"'+t.secret+'\"]'),o=l.querySelectorAll('blockquote[data-secret=\"'+t.secret+'\"]'),c=new RegExp(\"^https?:$\",\"i\"),i=0;i<o.length;i++)o[i].style.display=\"none\";for(i=0;i<a.length;i++)s=a[i],e.source===s.contentWindow&&(s.removeAttribute(\"style\"),\"height\"===t.message?(1e3<(r=parseInt(t.value,10))?r=1e3:~~r<200&&(r=200),s.height=r):\"link\"===t.message&&(r=new URL(s.getAttribute(\"src\")),n=new URL(t.value),c.test(n.protocol))&&n.host===r.host&&l.activeElement===s&&(d.top.location.href=t.value))}},d.addEventListener(\"message\",d.wp.receiveEmbedMessage,!1),l.addEventListener(\"DOMContentLoaded\",function(){for(var e,t,s=l.querySelectorAll(\"iframe.wp-embedded-content\"),r=0;r<s.length;r++)(t=(e=s[r]).getAttribute(\"data-secret\"))||(t=Math.random().toString(36).substring(2,12),e.src+=\"#?secret=\"+t,e.setAttribute(\"data-secret\",t)),e.contentWindow.postMessage({message:\"ready\",secret:t},\"*\")},!1)))}(window,document);\n\/\/# sourceURL=http:\/\/denizcankizil.tr\/wp-includes\/js\/wp-embed.min.js\n<\/script>","description":"\u0130skenderun\u2019da Zeytin, Narenciye ve Tahrifat! Akdeniz ikliminin bereketli topraklar\u0131na sahip olan \u0130skenderun y\u00fczy\u0131llar boyunca zeytinlikleri, narenciye bah\u00e7eleri ve \u00e7al\u0131\u015fkan k\u00f6yl\u00fcs\u00fcyle tar\u0131msal bir kimli\u011fe sahipti. Bu kimlik, sadece g\u00f6rsel bir peyzaj de\u011fil, ayn\u0131 zamanda toplumsal yap\u0131n\u0131n, ekonominin ve ya\u015fam tarz\u0131n\u0131n da temelini olu\u015fturuyordu. Osmanl\u0131 tapu tahrir defterleri ve arazi da\u011f\u0131l\u0131m\u0131na dair belgeler b\u00f6lgenin tarih boyunca nas\u0131l bir tar\u0131m merkezi oldu\u011funu ortaya koymaktad\u0131r. Ancak bu k\u00f6kl\u00fc gelenek g\u00fcn\u00fcm\u00fczde sanayile\u015fme, plans\u0131z kentsel yay\u0131lma ve iklim de\u011fi\u015fikli\u011fi gibi sebeplerle geri plana itilmi\u015ftir. Osmanl\u0131 Kay\u0131tlar\u0131nda \u0130skenderun\u2019un Tar\u0131msal Silueti 16. y\u00fczy\u0131l Osmanl\u0131 tapu tahrir defterlerinde \u0130skenderun kazas\u0131 zeytin ve narenciye yeti\u015ftiricili\u011fiyle \u00f6ne \u00e7\u0131kan bir alan olarak tan\u0131mlan\u0131r. Ba\u015fbakanl\u0131k Osmanl\u0131 Ar\u015fivi&#8217;nde yer alan 1536 tarihli Tahrir Defteri&#8217;nde \u0130skenderun ve civar k\u00f6ylerinde yer alan &#8220;zeytunluk&#8221; ve &#8220;nar bah\u00e7esi&#8221; kay\u0131tlar\u0131 bu bitkilerin ekonomik ve toplumsal hayattaki yerini a\u00e7\u0131k\u00e7a ortaya koyar. \u00d6zellikle Belen, Arsuz ve D\u00f6rtyol gibi b\u00f6lgelere yay\u0131lan zeytinlikler sadece ya\u011fl\u0131k \u00fcr\u00fcn olarak de\u011fil, ayn\u0131 zamanda takas de\u011feri y\u00fcksek bir meta olarak da kullan\u0131l\u0131rd\u0131. Narenciye ise 18. ve 19. y\u00fczy\u0131llarda b\u00f6lgede yayg\u0131nla\u015fan bir \u00fcr\u00fcn grubu haline gelmi\u015ftir. Osmanl\u0131 ar\u015fiv belgelerinde &#8220;limunluk&#8221; ve &#8220;turun\u00e7luk&#8221; olarak adland\u0131r\u0131lan araziler genellikle vak\u0131flara gelir getiren alanlar olarak tahsis edilmi\u015f, bu da narenciyenin \u00f6nemli bir ekonomik kaynak haline geldi\u011fini g\u00f6stermektedir. Bu arazilerde sulama d\u00fczenekleri, teraslama &hellip;"}