{"version":"1.0","provider_name":"Av. Deniz Can K\u0131z\u0131l","provider_url":"http:\/\/denizcankizil.tr\/ru","author_name":"admin","author_url":"http:\/\/denizcankizil.tr\/ru\/author\/admin\/","title":"Mudanya'dan Marmara Denizi i\u00e7in \u00e7a\u011fr\u0131","type":"rich","width":600,"height":338,"html":"<blockquote class=\"wp-embedded-content\" data-secret=\"9bz9n1tBw6\"><a href=\"http:\/\/denizcankizil.tr\/ru\/haberler\/gundem\/mudanyadan-marmara-denizi-icin-cagri\/\">Mudanya&#8217;dan Marmara Denizi i\u00e7in \u00e7a\u011fr\u0131<\/a><\/blockquote><iframe sandbox=\"allow-scripts\" security=\"restricted\" src=\"http:\/\/denizcankizil.tr\/ru\/haberler\/gundem\/mudanyadan-marmara-denizi-icin-cagri\/embed\/#?secret=9bz9n1tBw6\" width=\"600\" height=\"338\" title=\"\u00abMudanya&#8217;dan Marmara Denizi i\u00e7in \u00e7a\u011fr\u0131\u00bb &#8212; Av. Deniz Can K\u0131z\u0131l\" data-secret=\"9bz9n1tBw6\" frameborder=\"0\" marginwidth=\"0\" marginheight=\"0\" scrolling=\"no\" class=\"wp-embedded-content\"><\/iframe><script>\n\/*! This file is auto-generated *\/\n!function(d,l){\"use strict\";l.querySelector&&d.addEventListener&&\"undefined\"!=typeof URL&&(d.wp=d.wp||{},d.wp.receiveEmbedMessage||(d.wp.receiveEmbedMessage=function(e){var t=e.data;if((t||t.secret||t.message||t.value)&&!\/[^a-zA-Z0-9]\/.test(t.secret)){for(var s,r,n,a=l.querySelectorAll('iframe[data-secret=\"'+t.secret+'\"]'),o=l.querySelectorAll('blockquote[data-secret=\"'+t.secret+'\"]'),c=new RegExp(\"^https?:$\",\"i\"),i=0;i<o.length;i++)o[i].style.display=\"none\";for(i=0;i<a.length;i++)s=a[i],e.source===s.contentWindow&&(s.removeAttribute(\"style\"),\"height\"===t.message?(1e3<(r=parseInt(t.value,10))?r=1e3:~~r<200&&(r=200),s.height=r):\"link\"===t.message&&(r=new URL(s.getAttribute(\"src\")),n=new URL(t.value),c.test(n.protocol))&&n.host===r.host&&l.activeElement===s&&(d.top.location.href=t.value))}},d.addEventListener(\"message\",d.wp.receiveEmbedMessage,!1),l.addEventListener(\"DOMContentLoaded\",function(){for(var e,t,s=l.querySelectorAll(\"iframe.wp-embedded-content\"),r=0;r<s.length;r++)(t=(e=s[r]).getAttribute(\"data-secret\"))||(t=Math.random().toString(36).substring(2,12),e.src+=\"#?secret=\"+t,e.setAttribute(\"data-secret\",t)),e.contentWindow.postMessage({message:\"ready\",secret:t},\"*\")},!1)))}(window,document);\n\/\/# sourceURL=http:\/\/denizcankizil.tr\/wp-includes\/js\/wp-embed.min.js\n<\/script>","description":"Bursa&#8217;n\u0131n Mudanya il\u00e7esinde d\u00fczenlenen \u201cTemiz Deniz\u201d etkinli\u011finde, Marmara Denizi\u2019ndeki kirlili\u011fe dikkat \u00e7ekildi. Denize a\u00e7\u0131lan 12 metrelik pankartla \u201cDenizime dokunma, Marmara hepimizin\u201d \u00e7a\u011fr\u0131s\u0131 yap\u0131ld\u0131.BURSA (\u0130GFA) -\u00c7evre Haftas\u0131 etkinlikleri kapsam\u0131nda Marmara Denizi\u2019nin ekolojik dengesine y\u00f6nelik tehditlere dikkat \u00e7ekmek amac\u0131yla \u201cTemiz Deniz\u201d etkinli\u011fi d\u00fczenlendi. Mudanya Belediyesi\u2019nin \u00f6nc\u00fcl\u00fc\u011f\u00fcnde, Demeter E\u015fitlik\u00e7i Kad\u0131nlar Derne\u011fi, Marmara De\u011fi\u015fim El\u00e7ileri ve Bursa Su Kolektifi i\u015f birli\u011finde ger\u00e7ekle\u015ftirilen etkinli\u011fe, Mudanya Kent Konseyi, sivil toplum kurulu\u015flar\u0131 ile vatanda\u015flar destek verdi. Mudanya M\u00fctareke Meydan\u0131\u2019nda bir araya gelen \u00e7evre g\u00f6n\u00fcll\u00fclerinin etkinli\u011finde konu\u015fan Belediye Ba\u015fkan Yard\u0131mc\u0131s\u0131 Baran G\u00fcne\u015f, denizlerin h\u0131zla kirlendi\u011fine dikkat \u00e7ekerek, ama\u00e7lar\u0131n\u0131n deniz canl\u0131lar\u0131n\u0131 ve do\u011fal ya\u015fam\u0131 korumak oldu\u011funu s\u00f6yledi. &#8220;Marmara Denizi, bu \u00e7evre bizlere yaln\u0131zca ge\u00e7mi\u015ften miras de\u011fil, ayn\u0131 zamanda \u00e7ocuklar\u0131m\u0131z\u0131n ve gelece\u011fimizin emanetidir&#8221; diyen G\u00fcne\u015f, &#8220;Bu emanete sahip \u00e7\u0131kmak zorunday\u0131z; bu, bizlerin g\u00f6revidir\u201d diye konu\u015ftu. Mudanya Belediye Meclis \u00dcyesi ve Demeter E\u015fitlik\u00e7i Kad\u0131nlar Derne\u011fi Ba\u015fkan\u0131 Nilg\u00fcn Arslano\u011flu ise, \u00e7evre kirlili\u011finin yaln\u0131zca do\u011fal ya\u015fam\u0131 de\u011fil, sosyal adaleti de tehdit etti\u011fine dikkat \u00e7ekti\u011fi konu\u015fmas\u0131nda, Marmara\u2019daki m\u00fcsilaj sorununa de\u011findi. Etkinli\u011fin sonunda kat\u0131l\u0131mc\u0131lar, \u201cDo\u011fa yoksa, ya\u015fam yok\u201d diyerek hem kurumlara hem yurtta\u015flara sorumluluk \u00e7a\u011fr\u0131s\u0131nda bulundu. Daha sonra can yeleklerini giyen \u00e7evre g\u00f6n\u00fcll\u00fcleri, Mudanya M\u00fctareke Meydan\u0131 sahilinden denize girdi. Deniz y\u00fczeyine a\u00e7\u0131lan, 12 metre \u00e7ap\u0131ndaki \u201cDenizime Dokunma, Marmara Hepimizin\u201d yaz\u0131l\u0131 dev pankart sahildeki yurtta\u015flardan alk\u0131\u015flarla &hellip;"}