{"version":"1.0","provider_name":"Av. Deniz Can K\u0131z\u0131l","provider_url":"http:\/\/denizcankizil.tr\/ru","author_name":"Av. Deniz Can K\u0131z\u0131l","author_url":"http:\/\/denizcankizil.tr\/ru","title":"\u2018Meme Kanseri Fark\u0131ndal\u0131k Bulu\u015fmalar\u0131\u2019 b\u00fcy\u00fck ilgi g\u00f6rd\u00fc","type":"rich","width":600,"height":338,"html":"<blockquote class=\"wp-embedded-content\" data-secret=\"GA3tT7fMbx\"><a href=\"http:\/\/denizcankizil.tr\/ru\/haberler\/gundem\/meme-kanseri-farkindalik-bulusmalari-buyuk-ilgi-gordu\/\">\u2018Meme Kanseri Fark\u0131ndal\u0131k Bulu\u015fmalar\u0131\u2019 b\u00fcy\u00fck ilgi g\u00f6rd\u00fc<\/a><\/blockquote><iframe sandbox=\"allow-scripts\" security=\"restricted\" src=\"http:\/\/denizcankizil.tr\/ru\/haberler\/gundem\/meme-kanseri-farkindalik-bulusmalari-buyuk-ilgi-gordu\/embed\/#?secret=GA3tT7fMbx\" width=\"600\" height=\"338\" title=\"\u00ab\u2018Meme Kanseri Fark\u0131ndal\u0131k Bulu\u015fmalar\u0131\u2019 b\u00fcy\u00fck ilgi g\u00f6rd\u00fc\u00bb &#8212; Av. Deniz Can K\u0131z\u0131l\" data-secret=\"GA3tT7fMbx\" frameborder=\"0\" marginwidth=\"0\" marginheight=\"0\" scrolling=\"no\" class=\"wp-embedded-content\"><\/iframe><script>\n\/*! This file is auto-generated *\/\n!function(d,l){\"use strict\";l.querySelector&&d.addEventListener&&\"undefined\"!=typeof URL&&(d.wp=d.wp||{},d.wp.receiveEmbedMessage||(d.wp.receiveEmbedMessage=function(e){var t=e.data;if((t||t.secret||t.message||t.value)&&!\/[^a-zA-Z0-9]\/.test(t.secret)){for(var s,r,n,a=l.querySelectorAll('iframe[data-secret=\"'+t.secret+'\"]'),o=l.querySelectorAll('blockquote[data-secret=\"'+t.secret+'\"]'),c=new RegExp(\"^https?:$\",\"i\"),i=0;i<o.length;i++)o[i].style.display=\"none\";for(i=0;i<a.length;i++)s=a[i],e.source===s.contentWindow&&(s.removeAttribute(\"style\"),\"height\"===t.message?(1e3<(r=parseInt(t.value,10))?r=1e3:~~r<200&&(r=200),s.height=r):\"link\"===t.message&&(r=new URL(s.getAttribute(\"src\")),n=new URL(t.value),c.test(n.protocol))&&n.host===r.host&&l.activeElement===s&&(d.top.location.href=t.value))}},d.addEventListener(\"message\",d.wp.receiveEmbedMessage,!1),l.addEventListener(\"DOMContentLoaded\",function(){for(var e,t,s=l.querySelectorAll(\"iframe.wp-embedded-content\"),r=0;r<s.length;r++)(t=(e=s[r]).getAttribute(\"data-secret\"))||(t=Math.random().toString(36).substring(2,12),e.src+=\"#?secret=\"+t,e.setAttribute(\"data-secret\",t)),e.contentWindow.postMessage({message:\"ready\",secret:t},\"*\")},!1)))}(window,document);\n\/\/# sourceURL=http:\/\/denizcankizil.tr\/wp-includes\/js\/wp-embed.min.js\n<\/script>","description":"Meme Kanseri Fark\u0131ndal\u0131k Ay\u0131 kapsam\u0131nda, \u00c7i\u011fli Belediyesi taraf\u0131ndan d\u00fczenlenen \u2018Meme Kanseri Fark\u0131ndal\u0131k Bulu\u015fmalar\u0131n\u0131n\u2019 ilk dura\u011f\u0131 e\u015f zamanl\u0131 olarak Sasal\u0131 ve \u015eirintepe Mahallelerinde yap\u0131ld\u0131. \u200bMeme Kanseri Fark\u0131ndal\u0131k Ay\u0131 kapsam\u0131nda, \u00c7i\u011fli Belediyesi taraf\u0131ndan d\u00fczenlenen \u2018Meme Kanseri Fark\u0131ndal\u0131k Bulu\u015fmalar\u0131n\u0131n\u2019 ilk dura\u011f\u0131 e\u015f zamanl\u0131 olarak Sasal\u0131 ve \u015eirintepe Mahallelerinde yap\u0131ld\u0131.\u00a0 \u200bHaberin Al\u0131nt\u0131land\u0131\u011f\u0131 Kaynak: www.iskenderun.org"}