{"version":"1.0","provider_name":"Av. Deniz Can K\u0131z\u0131l","provider_url":"http:\/\/denizcankizil.tr\/ru","author_name":"admin","author_url":"http:\/\/denizcankizil.tr\/ru\/author\/admin\/","title":"Malatya\u2019da zirai don ma\u011fduriyeti","type":"rich","width":600,"height":338,"html":"<blockquote class=\"wp-embedded-content\" data-secret=\"gpH5UzDkfc\"><a href=\"http:\/\/denizcankizil.tr\/ru\/haberler\/gundem\/malatyada-zirai-don-magduriyeti\/\">Malatya\u2019da zirai don ma\u011fduriyeti<\/a><\/blockquote><iframe sandbox=\"allow-scripts\" security=\"restricted\" src=\"http:\/\/denizcankizil.tr\/ru\/haberler\/gundem\/malatyada-zirai-don-magduriyeti\/embed\/#?secret=gpH5UzDkfc\" width=\"600\" height=\"338\" title=\"\u00abMalatya\u2019da zirai don ma\u011fduriyeti\u00bb &#8212; Av. Deniz Can K\u0131z\u0131l\" data-secret=\"gpH5UzDkfc\" frameborder=\"0\" marginwidth=\"0\" marginheight=\"0\" scrolling=\"no\" class=\"wp-embedded-content\"><\/iframe><script>\n\/*! This file is auto-generated *\/\n!function(d,l){\"use strict\";l.querySelector&&d.addEventListener&&\"undefined\"!=typeof URL&&(d.wp=d.wp||{},d.wp.receiveEmbedMessage||(d.wp.receiveEmbedMessage=function(e){var t=e.data;if((t||t.secret||t.message||t.value)&&!\/[^a-zA-Z0-9]\/.test(t.secret)){for(var s,r,n,a=l.querySelectorAll('iframe[data-secret=\"'+t.secret+'\"]'),o=l.querySelectorAll('blockquote[data-secret=\"'+t.secret+'\"]'),c=new RegExp(\"^https?:$\",\"i\"),i=0;i<o.length;i++)o[i].style.display=\"none\";for(i=0;i<a.length;i++)s=a[i],e.source===s.contentWindow&&(s.removeAttribute(\"style\"),\"height\"===t.message?(1e3<(r=parseInt(t.value,10))?r=1e3:~~r<200&&(r=200),s.height=r):\"link\"===t.message&&(r=new URL(s.getAttribute(\"src\")),n=new URL(t.value),c.test(n.protocol))&&n.host===r.host&&l.activeElement===s&&(d.top.location.href=t.value))}},d.addEventListener(\"message\",d.wp.receiveEmbedMessage,!1),l.addEventListener(\"DOMContentLoaded\",function(){for(var e,t,s=l.querySelectorAll(\"iframe.wp-embedded-content\"),r=0;r<s.length;r++)(t=(e=s[r]).getAttribute(\"data-secret\"))||(t=Math.random().toString(36).substring(2,12),e.src+=\"#?secret=\"+t,e.setAttribute(\"data-secret\",t)),e.contentWindow.postMessage({message:\"ready\",secret:t},\"*\")},!1)))}(window,document);\n\/\/# sourceURL=http:\/\/denizcankizil.tr\/wp-includes\/js\/wp-embed.min.js\n<\/script>","description":"34 ili kapsayan zirai donun etkilerini sahada g\u00f6rmek ve isti\u015farelerde bulunmak \u00fczere Tar\u0131m ve Orman Bakan\u0131 \u0130brahim Yumakl\u0131 ilk ziyaretini Malatya\u2019ya ger\u00e7ekle\u015ftirdi.MALATYA (\u0130GFA) &#8211;\u00a0Ge\u00e7ti\u011fimiz g\u00fcnlerde T\u00fcrkiye\u2019nin bir\u00e7ok b\u00f6lgesinde oldu\u011fu gibi Malatya\u2019da zirai dondan etkilenmi\u015fti. Umutlar\u0131n\u0131 kay\u0131s\u0131 bah\u00e7elerine ba\u011flayan Malatyal\u0131 \u00e7ift\u00e7ilerin sorunlar\u0131n\u0131 Tar\u0131m ve Orman Bakan\u0131 \u0130brahim Yumakl\u0131\u2019ya ileterek Malatya\u2019ya davet eden B\u00fcy\u00fck\u015fehir Belediye Ba\u015fkan\u0131 Sami Er, ertesi g\u00fcn zirai donun boyutlar\u0131n\u0131 \u0130stanbul ve Ankara\u2019da Cumhurba\u015fkan\u0131 Recep Tayyip Erdo\u011fan\u2019a iletmi\u015fti. Malatya ziyareti kapsam\u0131nda kay\u0131s\u0131 bah\u00e7elerinde saha taramas\u0131n\u0131 yapan Bakan Yumakl\u0131, daha sonra Malatya Valili\u011fi\u2019ne ge\u00e7erek, bir toplant\u0131 d\u00fczenledi.\u00a0 Ger\u00e7ekle\u015ftirilen toplant\u0131 sonras\u0131nda Tar\u0131m ve Orman Bakan\u0131 \u0130brahim Yumakl\u0131 Malatya B\u00fcy\u00fck\u015fehir Belediye Ba\u015fkan\u0131 Sami Er\u2019i ziyaret ederek bir s\u00fcre g\u00f6r\u00fc\u015ft\u00fc. Ziyarette Tar\u0131m ve Orman Bakan\u0131 \u0130brahim Yumakl\u0131\u2019ya Malatya Valisi Seddar Yavuz, AK Parti Malatya Milletvekilleri B\u00fclent T\u00fcfenkci, \u0130nan\u00e7 Sira\u00e7 Kara \u00d6lmeztoprak,\u00a0 Abdurrahman Babacan, MHP Malatya Milletvekili Mehmet Celal Fendo\u011flu, il\u00e7e belediye ba\u015fkanlar\u0131 ile kalabal\u0131k bir heyet e\u015flik etti. Ziyaret s\u0131ras\u0131nda \u00e7ift\u00e7ilerin ma\u011fduriyetlerini ve zirai donun bah\u00e7elerdeki meyve a\u011fa\u00e7lar\u0131na vermi\u015f oldu\u011fu zarar\u0131 Say\u0131n Bakan\u0131n yerinde g\u00f6rd\u00fc\u011f\u00fcn\u00fc belirten Ba\u015fkan Er, \u201c\u00c7ift\u00e7ilerimizin ya\u015fam\u0131\u015f oldu\u011fu ma\u011fduriyeti \u00f6nce Say\u0131n Bakan\u0131m\u0131za ileterek Malatya\u2019m\u0131za davet ettim. Hemen ertesi g\u00fcn\u00fc konuyu detayl\u0131 bir \u015fekilde, gerek \u0130stanbul\u2019da gerekse de u\u00e7akla Ankara\u2019ya giderken Say\u0131n Cumhurba\u015fkan\u0131m\u0131za arz ettim.\u00a0 Sa\u011f olsunlar Say\u0131n Bakan\u0131m\u0131z zirai dondan &hellip;"}