{"version":"1.0","provider_name":"Av. Deniz Can K\u0131z\u0131l","provider_url":"http:\/\/denizcankizil.tr\/ru","author_name":"Av. Deniz Can K\u0131z\u0131l","author_url":"http:\/\/denizcankizil.tr\/ru","title":"Lara sahili ihalesi yeniden g\u00fcndemde!","type":"rich","width":600,"height":338,"html":"<blockquote class=\"wp-embedded-content\" data-secret=\"pHlWralMnU\"><a href=\"http:\/\/denizcankizil.tr\/ru\/haberler\/gundem\/lara-sahili-ihalesi-yeniden-gundemde\/\">Lara sahili ihalesi yeniden g\u00fcndemde!<\/a><\/blockquote><iframe sandbox=\"allow-scripts\" security=\"restricted\" src=\"http:\/\/denizcankizil.tr\/ru\/haberler\/gundem\/lara-sahili-ihalesi-yeniden-gundemde\/embed\/#?secret=pHlWralMnU\" width=\"600\" height=\"338\" title=\"\u00abLara sahili ihalesi yeniden g\u00fcndemde!\u00bb &#8212; Av. Deniz Can K\u0131z\u0131l\" data-secret=\"pHlWralMnU\" frameborder=\"0\" marginwidth=\"0\" marginheight=\"0\" scrolling=\"no\" class=\"wp-embedded-content\"><\/iframe><script>\n\/*! This file is auto-generated *\/\n!function(d,l){\"use strict\";l.querySelector&&d.addEventListener&&\"undefined\"!=typeof URL&&(d.wp=d.wp||{},d.wp.receiveEmbedMessage||(d.wp.receiveEmbedMessage=function(e){var t=e.data;if((t||t.secret||t.message||t.value)&&!\/[^a-zA-Z0-9]\/.test(t.secret)){for(var s,r,n,a=l.querySelectorAll('iframe[data-secret=\"'+t.secret+'\"]'),o=l.querySelectorAll('blockquote[data-secret=\"'+t.secret+'\"]'),c=new RegExp(\"^https?:$\",\"i\"),i=0;i<o.length;i++)o[i].style.display=\"none\";for(i=0;i<a.length;i++)s=a[i],e.source===s.contentWindow&&(s.removeAttribute(\"style\"),\"height\"===t.message?(1e3<(r=parseInt(t.value,10))?r=1e3:~~r<200&&(r=200),s.height=r):\"link\"===t.message&&(r=new URL(s.getAttribute(\"src\")),n=new URL(t.value),c.test(n.protocol))&&n.host===r.host&&l.activeElement===s&&(d.top.location.href=t.value))}},d.addEventListener(\"message\",d.wp.receiveEmbedMessage,!1),l.addEventListener(\"DOMContentLoaded\",function(){for(var e,t,s=l.querySelectorAll(\"iframe.wp-embedded-content\"),r=0;r<s.length;r++)(t=(e=s[r]).getAttribute(\"data-secret\"))||(t=Math.random().toString(36).substring(2,12),e.src+=\"#?secret=\"+t,e.setAttribute(\"data-secret\",t)),e.contentWindow.postMessage({message:\"ready\",secret:t},\"*\")},!1)))}(window,document);\n\/\/# sourceURL=http:\/\/denizcankizil.tr\/wp-includes\/js\/wp-embed.min.js\n<\/script>","description":"Antalya B\u00fcy\u00fck\u015fehir Belediyesi Lara sahilindeki yakla\u015f\u0131k 178 bin metrekarelik araziyi 30 y\u0131ll\u0131\u011f\u0131na kiraya vermek i\u00e7in ihaleye \u00e7\u0131kacak. Kiralama ihalesiyle ilgili teklif, 11 Kas\u0131m Pazartesi g\u00fcn\u00fc yap\u0131lacak Meclis toplant\u0131s\u0131n\u0131n g\u00fcndeminde g\u00f6r\u00fc\u015f\u00fclecek maddeler aras\u0131nda yer ald\u0131. Daha \u00f6nce Aral\u0131k 2023 tarihinde meclis g\u00fcndemine al\u0131nan \u00f6neri, kamuoyundan gelen tepkiler \u00fczerine CHP grubunun teklifi ile geri \u00e7ekilmi\u015fti.\u00a0 LARA SAH\u0130L BANDI 30 YILLI\u011eINA K\u0130RAYA VER\u0130LMEK \u0130STEN\u0130YOR Antalya K\u00f6rfez Gazetesi muhabiri Yusuf Yavuz&#8217;un haberine g\u00f6re; Antalya B\u00fcy\u00fck\u015fehir Belediyesi Muratpa\u015fa il\u00e7esi G\u00fczeloba Mahallesi s\u0131n\u0131rlar\u0131nda bulunan Lara sahil band\u0131n\u0131 30 y\u0131ll\u0131\u011f\u0131na kiralanmas\u0131 ihaleye \u00e7\u0131karmak istiyor. Konuyla ilgili teklif 11 Kas\u0131m 2024 tarihinde yap\u0131lacak olan meclis toplant\u0131s\u0131n\u0131n g\u00fcndemine al\u0131nd\u0131. S\u00f6z konusu teklif, g\u00fcndemin 70. maddesinde yer al\u0131yor.\u00a0 Antalya B\u00fcy\u00fck\u015fehir Belediyesi Emlak ve \u0130stimlak Dairesi Ba\u015fkanl\u0131\u011f\u0131\u2019n\u0131n 23 Ekim 2024 tarihli teklif yaz\u0131s\u0131nda, \u201cM\u00fclkiyeti Antalya B\u00fcy\u00fck\u015fehir Belediyemiz ad\u0131na kay\u0131tl\u0131 ilimiz Muratpa\u015fa \u0130l\u00e7esi, G\u00fczeloba Mahallesi 28023 ada 1, 28026 ada 1 ve 2, 28603 ada 2, 28604 ada 1, 28605 ada 1 ve 2, 28607 ada 1 \u00a0ile 28608 ada 1 parseller ile Antalya B\u00fcy\u00fck\u015fehir Belediyemizin hissedar\u0131 oldu\u011fu 2372, 2374 parseller ile 28024 ada 2 parsel say\u0131l\u0131 ta\u015f\u0131nmazlar\u0131n y\u00fcr\u00fcrl\u00fckteki imar plan\u0131 fonksiyonlar\u0131na uygun olarak projelendirilerek 5393 say\u0131l\u0131 Belediye Kanunu gere\u011fince 30 (otuz) y\u0131l s\u00fcreyle s\u0131n\u0131rl\u0131 ayni hak (\u00fcst hakk\u0131) tesis edilmek \u00fczere &hellip;"}