{"version":"1.0","provider_name":"Av. Deniz Can K\u0131z\u0131l","provider_url":"http:\/\/denizcankizil.tr\/ru","author_name":"Av. Deniz Can K\u0131z\u0131l","author_url":"http:\/\/denizcankizil.tr\/ru","title":"Kurtulmu\u015f yeni anayasa i\u00e7in tarih verdi","type":"rich","width":600,"height":338,"html":"<blockquote class=\"wp-embedded-content\" data-secret=\"mXQhd88rgv\"><a href=\"http:\/\/denizcankizil.tr\/ru\/haberler\/gundem\/kurtulmus-yeni-anayasa-icin-tarih-verdi\/\">Kurtulmu\u015f yeni anayasa i\u00e7in tarih verdi<\/a><\/blockquote><iframe sandbox=\"allow-scripts\" security=\"restricted\" src=\"http:\/\/denizcankizil.tr\/ru\/haberler\/gundem\/kurtulmus-yeni-anayasa-icin-tarih-verdi\/embed\/#?secret=mXQhd88rgv\" width=\"600\" height=\"338\" title=\"\u00abKurtulmu\u015f yeni anayasa i\u00e7in tarih verdi\u00bb &#8212; Av. Deniz Can K\u0131z\u0131l\" data-secret=\"mXQhd88rgv\" frameborder=\"0\" marginwidth=\"0\" marginheight=\"0\" scrolling=\"no\" class=\"wp-embedded-content\"><\/iframe><script>\n\/*! This file is auto-generated *\/\n!function(d,l){\"use strict\";l.querySelector&&d.addEventListener&&\"undefined\"!=typeof URL&&(d.wp=d.wp||{},d.wp.receiveEmbedMessage||(d.wp.receiveEmbedMessage=function(e){var t=e.data;if((t||t.secret||t.message||t.value)&&!\/[^a-zA-Z0-9]\/.test(t.secret)){for(var s,r,n,a=l.querySelectorAll('iframe[data-secret=\"'+t.secret+'\"]'),o=l.querySelectorAll('blockquote[data-secret=\"'+t.secret+'\"]'),c=new RegExp(\"^https?:$\",\"i\"),i=0;i<o.length;i++)o[i].style.display=\"none\";for(i=0;i<a.length;i++)s=a[i],e.source===s.contentWindow&&(s.removeAttribute(\"style\"),\"height\"===t.message?(1e3<(r=parseInt(t.value,10))?r=1e3:~~r<200&&(r=200),s.height=r):\"link\"===t.message&&(r=new URL(s.getAttribute(\"src\")),n=new URL(t.value),c.test(n.protocol))&&n.host===r.host&&l.activeElement===s&&(d.top.location.href=t.value))}},d.addEventListener(\"message\",d.wp.receiveEmbedMessage,!1),l.addEventListener(\"DOMContentLoaded\",function(){for(var e,t,s=l.querySelectorAll(\"iframe.wp-embedded-content\"),r=0;r<s.length;r++)(t=(e=s[r]).getAttribute(\"data-secret\"))||(t=Math.random().toString(36).substring(2,12),e.src+=\"#?secret=\"+t,e.setAttribute(\"data-secret\",t)),e.contentWindow.postMessage({message:\"ready\",secret:t},\"*\")},!1)))}(window,document);\n\/\/# sourceURL=http:\/\/denizcankizil.tr\/wp-includes\/js\/wp-embed.min.js\n<\/script>","description":"T\u00fcrkiye B\u00fcy\u00fck Millet Meclisi Ba\u015fkan\u0131 Numan Kurtulmu\u015f, \u00f6zel televizyon kanal\u0131nda kat\u0131ld\u0131\u011f\u0131 canl\u0131 yay\u0131nda yeni anayasa \u00e7al\u0131\u015fmas\u0131na ili\u015fkin de\u011ferlendirmelerde bulundu. Kurtulmu\u015f, Ekim&#8217;de ba\u015flamay\u0131 d\u00fc\u015f\u00fcnd\u00fckleri g\u00f6r\u00fc\u015fmelerin b\u00fct\u00e7e g\u00f6r\u00fc\u015fmeleri ard\u0131ndan y\u0131lba\u015f\u0131 sonras\u0131nda yeniden ba\u015flayaca\u011f\u0131n\u0131 s\u00f6yledi.ANKARA (\u0130GFA) &#8211; TBMM Ba\u015fkan\u0131 Numan Kurtulmu\u015f, Kanal 7 canl\u0131 yay\u0131n\u0131nda &#8220;Ba\u015fkent Kulisi&#8221; program\u0131nda g\u00fcndeme ili\u015fkin sorular\u0131 yan\u0131tlad\u0131. Yeni anayasa tart\u0131\u015fmalar\u0131yla ilgili \u00f6zel a\u00e7\u0131klamalarda bulunan Ba\u015fkan Kurtulmu\u015f, siyasi partilerin bu konuda kap\u0131y\u0131 sonuna kadar kapatmad\u0131klar\u0131n\u0131 s\u00f6yledi. G\u00fc\u00e7l\u00fc bir T\u00fcrkiye olu\u015fturma hedefine sahip olunan bu as\u0131rda parlamentonun \u00fczerine d\u00fc\u015fen sorumluluklardan birisinin de yeni bir anayasay\u0131 yapmak mecburiyeti oldu\u011funu dile getiren Kurtulmu\u015f, \u015funlar\u0131 kaydetti: \u201cT\u00fcrkiye&#8217;nin \u00f6zg\u00fcrl\u00fck\u00e7\u00fc, kapsay\u0131c\u0131, demokrat, g\u00fc\u00e7ler ayr\u0131m\u0131 prensibini \u015f\u00fcphesiz ortaya koyan, hukukun \u00fcst\u00fcnl\u00fc\u011f\u00fc prensibini peki\u015ftirerek ilerledi\u011fi bir anayasaya ihtiyac\u0131 var. Bu anayasan\u0131n diliyle ilgili, \u00e7ok maddeli olmas\u0131yla ilgili \u00e7ok tart\u0131\u015fma yap\u0131labilir. Ben \u00f6zellikle tart\u0131\u015fmalar\u0131n \u00f6n\u00fcn\u00fc kapamamak i\u00e7in bug\u00fcne kadar anayasan\u0131n muhtevas\u0131yla ilgili bir kelime s\u00f6ylemedim. Sadece nas\u0131l yap\u0131lacak? Bunun do\u011fru zeminde yap\u0131lmas\u0131 laz\u0131m. Bu do\u011fru zemin T\u00fcrkiye B\u00fcy\u00fck Millet Meclisi&#8217;dir. Bu do\u011fru zeminde bu tart\u0131\u015fmalar yap\u0131l\u0131rken, tabii ki toplumun b\u00fct\u00fcn kesimlerinin g\u00f6r\u00fc\u015flerini alaca\u011f\u0131z.&#8221; &#8220;YILBA\u015eINDAN SONRA BU G\u00d6R\u00dc\u015eMELER\u0130 BA\u015eLATACA\u011eIZ&#8221; Yeni anayasa konusunda iyi niyetli bir \u00e7al\u0131\u015fma ortam\u0131n\u0131n olmas\u0131 temennisini dile getiren Numan Kurtulmu\u015f, \u201cZihnimizden ge\u00e7en Ekim ay\u0131nda ba\u015flatmakt\u0131. Ama \u015fimdi y\u0131l sonu itibar\u0131yla, e\u011fer partilerden olumlu bir yakla\u015f\u0131m olursa, &hellip;"}