{"version":"1.0","provider_name":"Av. Deniz Can K\u0131z\u0131l","provider_url":"http:\/\/denizcankizil.tr\/ru","author_name":"admin","author_url":"http:\/\/denizcankizil.tr\/ru\/author\/admin\/","title":"Kurtulmu\u015f, TBMM personeliyle bayramla\u015ft\u0131","type":"rich","width":600,"height":338,"html":"<blockquote class=\"wp-embedded-content\" data-secret=\"B2LpzgsNh6\"><a href=\"http:\/\/denizcankizil.tr\/ru\/haberler\/gundem\/kurtulmus-tbmm-personeliyle-bayramlasti\/\">Kurtulmu\u015f, TBMM personeliyle bayramla\u015ft\u0131<\/a><\/blockquote><iframe sandbox=\"allow-scripts\" security=\"restricted\" src=\"http:\/\/denizcankizil.tr\/ru\/haberler\/gundem\/kurtulmus-tbmm-personeliyle-bayramlasti\/embed\/#?secret=B2LpzgsNh6\" width=\"600\" height=\"338\" title=\"\u00abKurtulmu\u015f, TBMM personeliyle bayramla\u015ft\u0131\u00bb &#8212; Av. Deniz Can K\u0131z\u0131l\" data-secret=\"B2LpzgsNh6\" frameborder=\"0\" marginwidth=\"0\" marginheight=\"0\" scrolling=\"no\" class=\"wp-embedded-content\"><\/iframe><script>\n\/*! This file is auto-generated *\/\n!function(d,l){\"use strict\";l.querySelector&&d.addEventListener&&\"undefined\"!=typeof URL&&(d.wp=d.wp||{},d.wp.receiveEmbedMessage||(d.wp.receiveEmbedMessage=function(e){var t=e.data;if((t||t.secret||t.message||t.value)&&!\/[^a-zA-Z0-9]\/.test(t.secret)){for(var s,r,n,a=l.querySelectorAll('iframe[data-secret=\"'+t.secret+'\"]'),o=l.querySelectorAll('blockquote[data-secret=\"'+t.secret+'\"]'),c=new RegExp(\"^https?:$\",\"i\"),i=0;i<o.length;i++)o[i].style.display=\"none\";for(i=0;i<a.length;i++)s=a[i],e.source===s.contentWindow&&(s.removeAttribute(\"style\"),\"height\"===t.message?(1e3<(r=parseInt(t.value,10))?r=1e3:~~r<200&&(r=200),s.height=r):\"link\"===t.message&&(r=new URL(s.getAttribute(\"src\")),n=new URL(t.value),c.test(n.protocol))&&n.host===r.host&&l.activeElement===s&&(d.top.location.href=t.value))}},d.addEventListener(\"message\",d.wp.receiveEmbedMessage,!1),l.addEventListener(\"DOMContentLoaded\",function(){for(var e,t,s=l.querySelectorAll(\"iframe.wp-embedded-content\"),r=0;r<s.length;r++)(t=(e=s[r]).getAttribute(\"data-secret\"))||(t=Math.random().toString(36).substring(2,12),e.src+=\"#?secret=\"+t,e.setAttribute(\"data-secret\",t)),e.contentWindow.postMessage({message:\"ready\",secret:t},\"*\")},!1)))}(window,document);\n\/\/# sourceURL=http:\/\/denizcankizil.tr\/wp-includes\/js\/wp-embed.min.js\n<\/script>","description":"TBMM Ba\u015fkan\u0131 Numan Kurtulmu\u015f, Kurban Bayram\u0131 \u00f6ncesinde Meclis personeliyle bir araya gelerek bayram tebriklerini kabul etti.ANKARA (\u0130GFA) &#8211; TBMM Ba\u015fkan\u0131 Numan Kurtulmu\u015f, Kurban Bayram\u0131 dolay\u0131s\u0131yla Meclis T\u00f6ren Salonu\u2019nda d\u00fczenlenen etkinlikte, Genel Sekreter Talip Uzun ile birlikte Meclis personelinin bayram tebriklerini kabul etti. Personelin \u00e7ocuklar\u0131yla da yak\u0131ndan ilgilenen Kurtulmu\u015f, s\u0131cak ve samimi bir sohbet ger\u00e7ekle\u015ftirdi. M\u00fcbarek Kurban Bayram\u0131 vesilesiyle Gazi Meclisimizde birlikte g\u00f6rev yapt\u0131\u011f\u0131m\u0131z k\u0131ymetli mesai arkada\u015flar\u0131m\u0131zla bayramla\u015ft\u0131k. T\u00fcm personelimize ve ailelerine \u015fimdiden hay\u0131rl\u0131 bayramlar diliyorum. pic.twitter.com\/8uXtOLsFnr &mdash; Numan Kurtulmu\u015f (@NumanKurtulmus) June 4, 2025 Sosyal medya hesab\u0131ndan payla\u015f\u0131m yapan Kurtulmu\u015f, \u201cM\u00fcbarek Kurban Bayram\u0131 vesilesiyle Gazi Meclisimizde birlikte g\u00f6rev yapt\u0131\u011f\u0131m\u0131z k\u0131ymetli mesai arkada\u015flar\u0131m\u0131zla bayramla\u015ft\u0131k. T\u00fcm personelimize ve ailelerine \u015fimdiden hay\u0131rl\u0131 bayramlar diliyorum\u201d dedi. \u200bTBMM Ba\u015fkan\u0131 Numan Kurtulmu\u015f, Kurban Bayram\u0131 \u00f6ncesinde Meclis personeliyle bir araya gelerek bayram tebriklerini kabul etti.ANKARA (\u0130GFA) &#8211; TBMM Ba\u015fkan\u0131 Numan Kurtulmu\u015f, Kurban Bayram\u0131 dolay\u0131s\u0131yla Meclis T\u00f6ren Salonu\u2019nda d\u00fczenlenen etkinlikte, Genel Sekreter Talip Uzun ile birlikte Meclis personelinin bayram tebriklerini kabul etti. Personelin \u00e7ocuklar\u0131yla da yak\u0131ndan ilgilenen Kurtulmu\u015f, s\u0131cak ve samimi bir sohbet ger\u00e7ekle\u015ftirdi. M\u00fcbarek Kurban Bayram\u0131 vesilesiyle Gazi Meclisimizde birlikte g\u00f6rev yapt\u0131\u011f\u0131m\u0131z k\u0131ymetli mesai arkada\u015flar\u0131m\u0131zla bayramla\u015ft\u0131k. T\u00fcm personelimize ve ailelerine \u015fimdiden hay\u0131rl\u0131 bayramlar diliyorum. pic.twitter.com\/8uXtOLsFnr &mdash; Numan Kurtulmu\u015f (@NumanKurtulmus) June 4, 2025 Sosyal medya hesab\u0131ndan payla\u015f\u0131m yapan Kurtulmu\u015f, &hellip;"}