{"version":"1.0","provider_name":"Av. Deniz Can K\u0131z\u0131l","provider_url":"http:\/\/denizcankizil.tr\/ru","author_name":"admin","author_url":"http:\/\/denizcankizil.tr\/ru\/author\/admin\/","title":"\u200bKonak Belediyesi hafta sonu \u00f6\u011frenciler i\u00e7in mesai yapt\u0131","type":"rich","width":600,"height":338,"html":"<blockquote class=\"wp-embedded-content\" data-secret=\"6xHBhlRaQU\"><a href=\"http:\/\/denizcankizil.tr\/ru\/haberler\/gundem\/konak-belediyesi-hafta-sonu-ogrenciler-icin-mesai-yapti\/\">\u200bKonak Belediyesi hafta sonu \u00f6\u011frenciler i\u00e7in mesai yapt\u0131<\/a><\/blockquote><iframe sandbox=\"allow-scripts\" security=\"restricted\" src=\"http:\/\/denizcankizil.tr\/ru\/haberler\/gundem\/konak-belediyesi-hafta-sonu-ogrenciler-icin-mesai-yapti\/embed\/#?secret=6xHBhlRaQU\" width=\"600\" height=\"338\" title=\"\u00ab\u200bKonak Belediyesi hafta sonu \u00f6\u011frenciler i\u00e7in mesai yapt\u0131\u00bb &#8212; Av. Deniz Can K\u0131z\u0131l\" data-secret=\"6xHBhlRaQU\" frameborder=\"0\" marginwidth=\"0\" marginheight=\"0\" scrolling=\"no\" class=\"wp-embedded-content\"><\/iframe><script>\n\/*! This file is auto-generated *\/\n!function(d,l){\"use strict\";l.querySelector&&d.addEventListener&&\"undefined\"!=typeof URL&&(d.wp=d.wp||{},d.wp.receiveEmbedMessage||(d.wp.receiveEmbedMessage=function(e){var t=e.data;if((t||t.secret||t.message||t.value)&&!\/[^a-zA-Z0-9]\/.test(t.secret)){for(var s,r,n,a=l.querySelectorAll('iframe[data-secret=\"'+t.secret+'\"]'),o=l.querySelectorAll('blockquote[data-secret=\"'+t.secret+'\"]'),c=new RegExp(\"^https?:$\",\"i\"),i=0;i<o.length;i++)o[i].style.display=\"none\";for(i=0;i<a.length;i++)s=a[i],e.source===s.contentWindow&&(s.removeAttribute(\"style\"),\"height\"===t.message?(1e3<(r=parseInt(t.value,10))?r=1e3:~~r<200&&(r=200),s.height=r):\"link\"===t.message&&(r=new URL(s.getAttribute(\"src\")),n=new URL(t.value),c.test(n.protocol))&&n.host===r.host&&l.activeElement===s&&(d.top.location.href=t.value))}},d.addEventListener(\"message\",d.wp.receiveEmbedMessage,!1),l.addEventListener(\"DOMContentLoaded\",function(){for(var e,t,s=l.querySelectorAll(\"iframe.wp-embedded-content\"),r=0;r<s.length;r++)(t=(e=s[r]).getAttribute(\"data-secret\"))||(t=Math.random().toString(36).substring(2,12),e.src+=\"#?secret=\"+t,e.setAttribute(\"data-secret\",t)),e.contentWindow.postMessage({message:\"ready\",secret:t},\"*\")},!1)))}(window,document);\n\/\/# sourceURL=http:\/\/denizcankizil.tr\/wp-includes\/js\/wp-embed.min.js\n<\/script>","description":"Konak Belediyesi, YKS\u2019ye giren \u00f6\u011frencileri bu y\u0131l da yaln\u0131z b\u0131rakmad\u0131. Ekipler, s\u0131nav\u0131n yap\u0131ld\u0131\u011f\u0131 okul \u00f6nlerinde ikramlarda bulundu ve sessizli\u011fi korumak i\u00e7in n\u00f6bet tuttu. Ba\u015fkan Mutlu da iki g\u00fcn boyunca okullar\u0131 gezerek \u00f6\u011frencilere ba\u015far\u0131lar diledi, ailelerle sohbet etti. \u200bKonak Belediyesi, YKS\u2019ye giren \u00f6\u011frencileri bu y\u0131l da yaln\u0131z b\u0131rakmad\u0131. Ekipler, s\u0131nav\u0131n yap\u0131ld\u0131\u011f\u0131 okul \u00f6nlerinde ikramlarda bulundu ve sessizli\u011fi korumak i\u00e7in n\u00f6bet tuttu. Ba\u015fkan Mutlu da iki g\u00fcn boyunca okullar\u0131 gezerek \u00f6\u011frencilere ba\u015far\u0131lar diledi, ailelerle sohbet etti.\u00a0 \u200bHaberin Al\u0131nt\u0131land\u0131\u011f\u0131 Kaynak: www.iskenderun.org"}