{"version":"1.0","provider_name":"Av. Deniz Can K\u0131z\u0131l","provider_url":"http:\/\/denizcankizil.tr\/ru","author_name":"admin","author_url":"http:\/\/denizcankizil.tr\/ru\/author\/admin\/","title":"\u0130zmir B\u00fcy\u00fck\u015fehir\u2019den bayraml\u0131k g\u0131da kolisi deste\u011fi","type":"rich","width":600,"height":338,"html":"<blockquote class=\"wp-embedded-content\" data-secret=\"c9l8HlrCbR\"><a href=\"http:\/\/denizcankizil.tr\/ru\/haberler\/gundem\/izmir-buyuksehirden-bayramlik-gida-kolisi-destegi\/\">\u0130zmir B\u00fcy\u00fck\u015fehir\u2019den bayraml\u0131k g\u0131da kolisi deste\u011fi<\/a><\/blockquote><iframe sandbox=\"allow-scripts\" security=\"restricted\" src=\"http:\/\/denizcankizil.tr\/ru\/haberler\/gundem\/izmir-buyuksehirden-bayramlik-gida-kolisi-destegi\/embed\/#?secret=c9l8HlrCbR\" width=\"600\" height=\"338\" title=\"\u00ab\u0130zmir B\u00fcy\u00fck\u015fehir\u2019den bayraml\u0131k g\u0131da kolisi deste\u011fi\u00bb &#8212; Av. Deniz Can K\u0131z\u0131l\" data-secret=\"c9l8HlrCbR\" frameborder=\"0\" marginwidth=\"0\" marginheight=\"0\" scrolling=\"no\" class=\"wp-embedded-content\"><\/iframe><script>\n\/*! This file is auto-generated *\/\n!function(d,l){\"use strict\";l.querySelector&&d.addEventListener&&\"undefined\"!=typeof URL&&(d.wp=d.wp||{},d.wp.receiveEmbedMessage||(d.wp.receiveEmbedMessage=function(e){var t=e.data;if((t||t.secret||t.message||t.value)&&!\/[^a-zA-Z0-9]\/.test(t.secret)){for(var s,r,n,a=l.querySelectorAll('iframe[data-secret=\"'+t.secret+'\"]'),o=l.querySelectorAll('blockquote[data-secret=\"'+t.secret+'\"]'),c=new RegExp(\"^https?:$\",\"i\"),i=0;i<o.length;i++)o[i].style.display=\"none\";for(i=0;i<a.length;i++)s=a[i],e.source===s.contentWindow&&(s.removeAttribute(\"style\"),\"height\"===t.message?(1e3<(r=parseInt(t.value,10))?r=1e3:~~r<200&&(r=200),s.height=r):\"link\"===t.message&&(r=new URL(s.getAttribute(\"src\")),n=new URL(t.value),c.test(n.protocol))&&n.host===r.host&&l.activeElement===s&&(d.top.location.href=t.value))}},d.addEventListener(\"message\",d.wp.receiveEmbedMessage,!1),l.addEventListener(\"DOMContentLoaded\",function(){for(var e,t,s=l.querySelectorAll(\"iframe.wp-embedded-content\"),r=0;r<s.length;r++)(t=(e=s[r]).getAttribute(\"data-secret\"))||(t=Math.random().toString(36).substring(2,12),e.src+=\"#?secret=\"+t,e.setAttribute(\"data-secret\",t)),e.contentWindow.postMessage({message:\"ready\",secret:t},\"*\")},!1)))}(window,document);\n\/\/# sourceURL=http:\/\/denizcankizil.tr\/wp-includes\/js\/wp-embed.min.js\n<\/script>","description":"\u0130zmir B\u00fcy\u00fck\u015fehir Belediyesi, sosyal belediyecilik anlay\u0131\u015f\u0131yla toplumun her kesimini g\u00f6zeterek dayan\u0131\u015fmay\u0131 b\u00fcy\u00fctmeye devam ediyor. Kurban Bayram\u0131 \u00f6ncesinde yakla\u015f\u0131k 40 bin ihtiya\u00e7 sahibi hane i\u00e7in haz\u0131rlanan g\u0131da kolilerinin da\u011f\u0131t\u0131m\u0131na ba\u015fland\u0131.\u0130ZM\u0130R (\u0130GFA) &#8211; \u0130zmir B\u00fcy\u00fck\u015fehir Belediyesi, Kurban Bayram\u0131 \u00f6ncesinde ihtiya\u00e7 sahibi hanelere y\u00f6nelik g\u0131da paketi da\u011f\u0131t\u0131m\u0131n\u0131 ba\u015flatt\u0131. \u0130zmir B\u00fcy\u00fck\u015fehir Belediyesi Sosyal Hizmetler Dairesi Ba\u015fkanl\u0131\u011f\u0131 ekiplerince haz\u0131rlanan g\u0131da paketleri, belirlenen kriterler do\u011frultusunda kentteki yakla\u015f\u0131k 40 bin aileye ula\u015ft\u0131r\u0131lacak. Dayan\u0131\u015fmay\u0131 b\u00fcy\u00fctmek amac\u0131yla hareket eden \u0130zmir B\u00fcy\u00fck\u015fehir Belediyesi, sosyal yard\u0131m takip sisteminde kay\u0131tl\u0131 yakla\u015f\u0131k 40 bin \u0130zmirliye 1000\u2019er liral\u0131k bayram katk\u0131s\u0131 da verecek. 1000 TL\u2019lik tutar \u0130zmir \u015eehir Kart\u0131\u2019na aktar\u0131lacak. Vatanda\u015flar al\u0131\u015fveri\u015f deste\u011fi olarak yat\u0131r\u0131lan miktarla bizvariz.izmir.bel.tr sitesinde yer alan \u00fcye i\u015f yerlerinde harcama yapabilecek. G\u0131da paketleri, i\u00e7inde \u0130zmir B\u00fcy\u00fck\u015fehir Belediye Ba\u015fkan\u0131 Dr. Cemil Tugay\u2019\u0131n notuyla yurtta\u015flara ula\u015ft\u0131r\u0131l\u0131yor. O notta Ba\u015fkan Tugay s\u00f6zlerine \u201cDayan\u0131\u015fman\u0131n ve payla\u015fman\u0131n \u015fehri \u0130zmir\u2019de hepimiz kom\u015fusu a\u00e7ken tok yatmayan bir k\u00fclt\u00fcrden geliyoruz. Bu anlay\u0131\u015fla hem\u015fehrilerimizin kendini yaln\u0131z hissetmemesi i\u00e7in var g\u00fcc\u00fcm\u00fczle \u00e7al\u0131\u015f\u0131yoruz\u201d diye ba\u015fl\u0131yor. Hayat \u015fartlar\u0131n\u0131n zorla\u015ft\u0131\u011f\u0131n\u0131 dile getiren Tugay, \u201cYa\u015fam m\u00fccadelesi ve ge\u00e7im s\u0131k\u0131nt\u0131s\u0131 bir\u00e7ok ailemizi derinden etkiliyor. Bu g\u0131da paketi hizmet ve dayan\u0131\u015fma arzumuzun bir g\u00f6stergesidir. \u0130zmir B\u00fcy\u00fck\u015fehir Belediyesi olarak sosyal desteklerimizle her zaman yan\u0131n\u0131zda olaca\u011f\u0131z. Unutmay\u0131n, biz b\u00fcy\u00fck bir aileyiz ve zor g\u00fcnleri birlikte a\u015faca\u011f\u0131z. Umudu b\u00fcy\u00fct\u00fcp yar\u0131nlar\u0131 &hellip;"}