{"version":"1.0","provider_name":"Av. Deniz Can K\u0131z\u0131l","provider_url":"http:\/\/denizcankizil.tr\/ru","author_name":"Av. Deniz Can K\u0131z\u0131l","author_url":"http:\/\/denizcankizil.tr\/ru","title":"\u0130ZELMAN'\u0131n 2024 raporu!","type":"rich","width":600,"height":338,"html":"<blockquote class=\"wp-embedded-content\" data-secret=\"vrqKirUGSL\"><a href=\"http:\/\/denizcankizil.tr\/ru\/haberler\/gundem\/izelmanin-2024-raporu\/\">\u0130ZELMAN&#8217;\u0131n 2024 raporu!<\/a><\/blockquote><iframe sandbox=\"allow-scripts\" security=\"restricted\" src=\"http:\/\/denizcankizil.tr\/ru\/haberler\/gundem\/izelmanin-2024-raporu\/embed\/#?secret=vrqKirUGSL\" width=\"600\" height=\"338\" title=\"\u00ab\u0130ZELMAN&#8217;\u0131n 2024 raporu!\u00bb &#8212; Av. Deniz Can K\u0131z\u0131l\" data-secret=\"vrqKirUGSL\" frameborder=\"0\" marginwidth=\"0\" marginheight=\"0\" scrolling=\"no\" class=\"wp-embedded-content\"><\/iframe><script>\n\/*! This file is auto-generated *\/\n!function(d,l){\"use strict\";l.querySelector&&d.addEventListener&&\"undefined\"!=typeof URL&&(d.wp=d.wp||{},d.wp.receiveEmbedMessage||(d.wp.receiveEmbedMessage=function(e){var t=e.data;if((t||t.secret||t.message||t.value)&&!\/[^a-zA-Z0-9]\/.test(t.secret)){for(var s,r,n,a=l.querySelectorAll('iframe[data-secret=\"'+t.secret+'\"]'),o=l.querySelectorAll('blockquote[data-secret=\"'+t.secret+'\"]'),c=new RegExp(\"^https?:$\",\"i\"),i=0;i<o.length;i++)o[i].style.display=\"none\";for(i=0;i<a.length;i++)s=a[i],e.source===s.contentWindow&&(s.removeAttribute(\"style\"),\"height\"===t.message?(1e3<(r=parseInt(t.value,10))?r=1e3:~~r<200&&(r=200),s.height=r):\"link\"===t.message&&(r=new URL(s.getAttribute(\"src\")),n=new URL(t.value),c.test(n.protocol))&&n.host===r.host&&l.activeElement===s&&(d.top.location.href=t.value))}},d.addEventListener(\"message\",d.wp.receiveEmbedMessage,!1),l.addEventListener(\"DOMContentLoaded\",function(){for(var e,t,s=l.querySelectorAll(\"iframe.wp-embedded-content\"),r=0;r<s.length;r++)(t=(e=s[r]).getAttribute(\"data-secret\"))||(t=Math.random().toString(36).substring(2,12),e.src+=\"#?secret=\"+t,e.setAttribute(\"data-secret\",t)),e.contentWindow.postMessage({message:\"ready\",secret:t},\"*\")},!1)))}(window,document);\n\/\/# sourceURL=http:\/\/denizcankizil.tr\/wp-includes\/js\/wp-embed.min.js\n<\/script>","description":"\u0130zmir B\u00fcy\u00fck\u015fehir Belediyesi i\u015ftiraki \u0130ZELMAN A\u015e 2024 y\u0131l\u0131nda \u0130zmirlilerin hayat\u0131n\u0131 kolayla\u015ft\u0131ran pek \u00e7ok uygulamaya imza att\u0131.\u0130ZM\u0130R (\u0130GFA) &#8211;\u00a0\u0130zmir\u2019de \u00f6nemli bir ihtiyac\u0131 kar\u015f\u0131layan \u0130ZELMAN otoparklar\u0131, 2024 y\u0131l\u0131nda yeni bir alan\u0131 daha b\u00fcnyesine ekledi. Kentte ya\u015fayanlar\u0131n \u00f6nemli ihtiya\u00e7lar\u0131ndan biri olarak saptanan karavan otoparklar\u0131n\u0131n ilki 4 Nisan 2024 tarihinde \u00c2\u015f\u0131k Veysel Binek ve Karavan Park alan\u0131 olarak faaliyete ge\u00e7ti. Bornova \u00c2\u015f\u0131k Veysel Rekreasyon Alan\u0131\u2019nda bulunan otoparkta binek ara\u00e7lar i\u00e7in 163, karavanlar i\u00e7in ise 89 park yeri bulunuyor. Hem abonelik sistemine hem de g\u00fcnl\u00fck ve saatlik giri\u015flere g\u00f6re i\u015fletilen otopark, 24 saat a\u00e7\u0131k olacak \u015fekilde \u00e7al\u0131\u015f\u0131yor ve otopark g\u00f6revlileri taraf\u0131ndan kontrol ediliyor. \u0130nciralt\u0131 Tekne ve Karavan Otopark\u0131 2024 y\u0131l\u0131n\u0131n temmuz ay\u0131nda \u0130zmir B\u00fcy\u00fck\u015fehir Belediye Ba\u015fkan\u0131 Dr. Cemil Tugay, vatanda\u015flardan gelen istekleri yerine getirdi ve verdi\u011fi talimatla \u0130nciralt\u0131 Tekne ve Karavan Otopark\u0131 faaliyete ge\u00e7ti. \u0130nciralt\u0131 Terminal alan\u0131 i\u00e7inde yer alan otopark 64 tekne, 93 karavan park yeri ile \u0130zmir\u2019in \u00f6nemli bir ihtiyac\u0131na cevap veriyor. \u0130ZELMAN A\u015e taraf\u0131ndan sadece abonelik sistemine g\u00f6re i\u015fletilen otopark\u0131n g\u00fcvenlik g\u00f6revlileri taraf\u0131ndan 24 saat kontrol\u00fc sa\u011flan\u0131yor. Ayr\u0131ca otopark alan\u0131nda ara\u00e7lar\u0131n bariyerlerden yapaca\u011f\u0131 giri\u015f ve \u00e7\u0131k\u0131\u015flar da g\u00fcvenlik kameralar\u0131 taraf\u0131ndan kay\u0131t alt\u0131na al\u0131n\u0131yor. Park etmenin yan\u0131 s\u0131ra konaklamaya da a\u00e7\u0131k olan tekne ve karavan otopark\u0131, \u015fehrin i\u00e7inde do\u011fa ile ba\u015f ba\u015fa ve &hellip;"}