{"version":"1.0","provider_name":"Av. Deniz Can K\u0131z\u0131l","provider_url":"http:\/\/denizcankizil.tr\/ru","author_name":"admin","author_url":"http:\/\/denizcankizil.tr\/ru\/author\/admin\/","title":"\u0130stanbul Bak\u0131rk\u00f6y\u2019de gastronomi r\u00fczg\u00e2r\u0131 esecek","type":"rich","width":600,"height":338,"html":"<blockquote class=\"wp-embedded-content\" data-secret=\"1aEn8ewPvW\"><a href=\"http:\/\/denizcankizil.tr\/ru\/haberler\/gundem\/istanbul-bakirkoyde-gastronomi-ruzgari-esecek\/\">\u0130stanbul Bak\u0131rk\u00f6y\u2019de gastronomi r\u00fczg\u00e2r\u0131 esecek<\/a><\/blockquote><iframe sandbox=\"allow-scripts\" security=\"restricted\" src=\"http:\/\/denizcankizil.tr\/ru\/haberler\/gundem\/istanbul-bakirkoyde-gastronomi-ruzgari-esecek\/embed\/#?secret=1aEn8ewPvW\" width=\"600\" height=\"338\" title=\"\u00ab\u0130stanbul Bak\u0131rk\u00f6y\u2019de gastronomi r\u00fczg\u00e2r\u0131 esecek\u00bb &#8212; Av. Deniz Can K\u0131z\u0131l\" data-secret=\"1aEn8ewPvW\" frameborder=\"0\" marginwidth=\"0\" marginheight=\"0\" scrolling=\"no\" class=\"wp-embedded-content\"><\/iframe><script>\n\/*! This file is auto-generated *\/\n!function(d,l){\"use strict\";l.querySelector&&d.addEventListener&&\"undefined\"!=typeof URL&&(d.wp=d.wp||{},d.wp.receiveEmbedMessage||(d.wp.receiveEmbedMessage=function(e){var t=e.data;if((t||t.secret||t.message||t.value)&&!\/[^a-zA-Z0-9]\/.test(t.secret)){for(var s,r,n,a=l.querySelectorAll('iframe[data-secret=\"'+t.secret+'\"]'),o=l.querySelectorAll('blockquote[data-secret=\"'+t.secret+'\"]'),c=new RegExp(\"^https?:$\",\"i\"),i=0;i<o.length;i++)o[i].style.display=\"none\";for(i=0;i<a.length;i++)s=a[i],e.source===s.contentWindow&&(s.removeAttribute(\"style\"),\"height\"===t.message?(1e3<(r=parseInt(t.value,10))?r=1e3:~~r<200&&(r=200),s.height=r):\"link\"===t.message&&(r=new URL(s.getAttribute(\"src\")),n=new URL(t.value),c.test(n.protocol))&&n.host===r.host&&l.activeElement===s&&(d.top.location.href=t.value))}},d.addEventListener(\"message\",d.wp.receiveEmbedMessage,!1),l.addEventListener(\"DOMContentLoaded\",function(){for(var e,t,s=l.querySelectorAll(\"iframe.wp-embedded-content\"),r=0;r<s.length;r++)(t=(e=s[r]).getAttribute(\"data-secret\"))||(t=Math.random().toString(36).substring(2,12),e.src+=\"#?secret=\"+t,e.setAttribute(\"data-secret\",t)),e.contentWindow.postMessage({message:\"ready\",secret:t},\"*\")},!1)))}(window,document);\n\/\/# sourceURL=http:\/\/denizcankizil.tr\/wp-includes\/js\/wp-embed.min.js\n<\/script>","description":"\u0130stanbul Bak\u0131rk\u00f6y Belediyesi, gastronomi turizmine katk\u0131 sa\u011flamak ve yeme i\u00e7me k\u00fclt\u00fcr\u00fcn\u00fc yayg\u0131nla\u015ft\u0131rmak amac\u0131yla ilk kez \u201cGastro Bak\u0131rk\u00f6y\u201d festivalini d\u00fczenliyor.\u0130STANBUL (\u0130GFA) &#8211; \u0130stanbul Bak\u0131rk\u00f6y Belediyesi\u2019nin ev sahipli\u011finde bu y\u0131l ilk kez d\u00fczenlenecek olan Gastro Bak\u0131rk\u00f6y, 19 \u2013 29 Haziran tarihleri aras\u0131nda Cumhuriyet Meydan\u0131\u2019nda ger\u00e7ekle\u015ftirilecek. Festival, zengin i\u00e7erikleriyle gastronomi merakl\u0131lar\u0131na unutulmaz bir deneyim sunacak. Yiyecek ve i\u00e7ecek sekt\u00f6r\u00fcndeki i\u015fletmelerin yan\u0131 s\u0131ra \u00fcnl\u00fc \u015feflerin ve yazarlar\u0131n kat\u0131l\u0131m g\u00f6sterece\u011fi etkinlikte, at\u00f6lyelerden halk danslar\u0131na, s\u00f6yle\u015filerden \u00f6d\u00fcll\u00fc yar\u0131\u015fmalara kadar bir\u00e7ok etkinlik yer alacak. Festival boyunca kurulacak olan lezzet stantlar\u0131 her g\u00fcn 10.00 \u2013 22.00 saatleri aras\u0131nda vatanda\u015flar\u0131n ziyaretine a\u00e7\u0131k olacak. SEV\u0130LEN \u015eEFLER BU FEST\u0130VALDE Gastronomi festivalinin start\u0131n\u0131n sevilen yazar Sahrap Soysal ile verilmesinin yan\u0131 s\u0131ra, 21 Haziran Cumartesi g\u00fcn\u00fc Kaburgac\u0131 Ya\u015far Usta en lezzetli kebaplar\u0131 Bak\u0131rk\u00f6yl\u00fclerle birlikte yapacak. 23 Haziran Pazartesi g\u00fcn\u00fc, a\u015f\u00e7\u0131 Asl\u0131 Turan mevsime uygun yaz pastas\u0131, limonata ve reyhan \u015ferbeti yap\u0131m\u0131n\u0131n p\u00fcf noktalar\u0131n\u0131 anlatacak. \u0130\u00e7ecek k\u00fclt\u00fcr\u00fcn\u00fcn de i\u015flenece\u011fi festivalde, 25 Haziran \u00c7ar\u015famba g\u00fcn\u00fc Adil Ba\u015f ve e\u015fi barista so\u011fuk kahve yap\u0131m\u0131 ve tad\u0131m\u0131 \u00fczerine bir etkinlik ger\u00e7ekle\u015ftirecek. 26 Haziran Per\u015fembe g\u00fcn\u00fc ise; uluslararas\u0131 \u00f6d\u00fcllere sahip olan \u015fef Vedat Ba\u015faran\u2019\u0131n kat\u0131l\u0131m\u0131yla d\u00fczenlenecek \u201cT\u00fcrk Mutfa\u011f\u0131 K\u00fclt\u00fcr\u00fc\u201d s\u00f6yle\u015fisi ve at\u00f6lye program\u0131n\u0131n ard\u0131ndan, diyetisyen M\u0131sra Beste K\u00f6leo\u011flu \u201cT\u00fcrk Mutfa\u011f\u0131 ve Sa\u011fl\u0131k\u201d isimli bir s\u00f6yle\u015fi ger\u00e7ekle\u015ftirecek. \u015eef U\u011furcan &hellip;"}