{"version":"1.0","provider_name":"Av. Deniz Can K\u0131z\u0131l","provider_url":"http:\/\/denizcankizil.tr\/ru","author_name":"admin","author_url":"http:\/\/denizcankizil.tr\/ru\/author\/admin\/","title":"Emeklilerden Mercan Bilim Merkezi\u2019ne tam not","type":"rich","width":600,"height":338,"html":"<blockquote class=\"wp-embedded-content\" data-secret=\"aAkzT9myVx\"><a href=\"http:\/\/denizcankizil.tr\/ru\/haberler\/gundem\/emeklilerden-mercan-bilim-merkezine-tam-not\/\">Emeklilerden Mercan Bilim Merkezi\u2019ne tam not<\/a><\/blockquote><iframe sandbox=\"allow-scripts\" security=\"restricted\" src=\"http:\/\/denizcankizil.tr\/ru\/haberler\/gundem\/emeklilerden-mercan-bilim-merkezine-tam-not\/embed\/#?secret=aAkzT9myVx\" width=\"600\" height=\"338\" title=\"\u00abEmeklilerden Mercan Bilim Merkezi\u2019ne tam not\u00bb &#8212; Av. Deniz Can K\u0131z\u0131l\" data-secret=\"aAkzT9myVx\" frameborder=\"0\" marginwidth=\"0\" marginheight=\"0\" scrolling=\"no\" class=\"wp-embedded-content\"><\/iframe><script>\n\/*! This file is auto-generated *\/\n!function(d,l){\"use strict\";l.querySelector&&d.addEventListener&&\"undefined\"!=typeof URL&&(d.wp=d.wp||{},d.wp.receiveEmbedMessage||(d.wp.receiveEmbedMessage=function(e){var t=e.data;if((t||t.secret||t.message||t.value)&&!\/[^a-zA-Z0-9]\/.test(t.secret)){for(var s,r,n,a=l.querySelectorAll('iframe[data-secret=\"'+t.secret+'\"]'),o=l.querySelectorAll('blockquote[data-secret=\"'+t.secret+'\"]'),c=new RegExp(\"^https?:$\",\"i\"),i=0;i<o.length;i++)o[i].style.display=\"none\";for(i=0;i<a.length;i++)s=a[i],e.source===s.contentWindow&&(s.removeAttribute(\"style\"),\"height\"===t.message?(1e3<(r=parseInt(t.value,10))?r=1e3:~~r<200&&(r=200),s.height=r):\"link\"===t.message&&(r=new URL(s.getAttribute(\"src\")),n=new URL(t.value),c.test(n.protocol))&&n.host===r.host&&l.activeElement===s&&(d.top.location.href=t.value))}},d.addEventListener(\"message\",d.wp.receiveEmbedMessage,!1),l.addEventListener(\"DOMContentLoaded\",function(){for(var e,t,s=l.querySelectorAll(\"iframe.wp-embedded-content\"),r=0;r<s.length;r++)(t=(e=s[r]).getAttribute(\"data-secret\"))||(t=Math.random().toString(36).substring(2,12),e.src+=\"#?secret=\"+t,e.setAttribute(\"data-secret\",t)),e.contentWindow.postMessage({message:\"ready\",secret:t},\"*\")},!1)))}(window,document);\n\/\/# sourceURL=http:\/\/denizcankizil.tr\/wp-includes\/js\/wp-embed.min.js\n<\/script>","description":"\u2018Emekliler aktif ya\u015f als\u0131n\u2019\u00a0diye birbirinden g\u00fczel projelere imza atan Mersin B\u00fcy\u00fck\u015fehir Belediyesi, kentte hayata ge\u00e7irdi\u011fi hizmetleri emeklilerin de g\u00f6rmesi i\u00e7in geziler d\u00fczenliyor. MERS\u0130N (\u0130GFA) &#8211; Mersin B\u00fcy\u00fck\u015fehir Belediyesi \u0130klim De\u011fi\u015fikli\u011fi ve S\u0131f\u0131r At\u0131k Dairesi Ba\u015fkanl\u0131\u011f\u0131 b\u00fcnyesinde hizmet veren \u2018Mercan 100. Y\u0131l \u0130klim ve \u00c7evre Bilim Merkezi\u2019, Cumhuriyet\u2019in 100. y\u0131l\u0131nda gen\u00e7lere ve \u00e7ocuklara arma\u011fan edildi. \u0130klim ve \u00e7evre temal\u0131 deney d\u00fczeneklerinin bulundu\u011fu merkezde; yenilenebilir enerji, su kaynaklar\u0131n\u0131n korunmas\u0131, at\u0131klar\u0131n kayna\u011f\u0131nda ayr\u0131\u015ft\u0131r\u0131lmas\u0131, enerji \u00fcretimi ve iklim de\u011fi\u015fikli\u011fi konular\u0131nda bilgilendirmeler yap\u0131l\u0131yor. Ayr\u0131ca T\u00fcrkiye\u2019nin en b\u00fcy\u00fck kapasiteli ve en b\u00fcy\u00fck perde \u00e7ap\u0131na sahip planetaryumu da merkeze gelenleri hayran b\u0131rak\u0131yor. Emekli vatanda\u015flar, Mercan Bilim Merkezi\u2019ne hayran kald\u0131 Hizmetlerinden dolay\u0131 Ba\u015fkan Vahap Se\u00e7er\u2019e te\u015fekk\u00fcr eden emekli \u00f6\u011fretmen Mihriban Y\u0131lmaz, Erdemli Emekli Evi\u2019nden \u00e7ok memnun oldu\u011funu dile getirdi. Mercan Bilim Merkezi\u2019nin de \u00e7ok g\u00fczel oldu\u011funu vurgulayan Y\u0131lmaz, \u201cMerkezi b\u00fct\u00fcn \u00e7ocuklar\u0131n, halk\u0131m\u0131z\u0131n g\u00f6rmesini istiyorum. Bilin\u00e7lendik, \u00e7ok memnun ve mutlu olduk. Ger\u00e7ekten \u00e7ok g\u00fczel bir hizmet. Torunlar\u0131mla da gelmek isterdim, ama \u0130stanbul\u2019da ya\u015f\u0131yorlar. \u015eimdi onlarla gelemem, ama g\u00f6rd\u00fc\u011f\u00fcm b\u00fct\u00fcn eski \u00f6\u011frencilerime mutlaka bunlar\u0131 s\u00f6yleyece\u011fim. Gelmelerini sa\u011flayaca\u011f\u0131m, gerekirse ben getirece\u011fim. \u00c7ok faydal\u0131 bir merkez\u201d diye konu\u015ftu. Merkezin muhte\u015fem oldu\u011funu s\u00f6yleyen Ayd\u0131n \u00c7etinkaya ise, \u201c\u00d6zellikle \u00e7ocuklarda fark\u0131ndal\u0131k olu\u015fturmak i\u00e7in bundan daha harika bir \u015fey olamaz. \u00c7\u00fcnk\u00fc insanlar i\u015fittiklerinin \u00e7ok az\u0131n\u0131 \u00f6\u011freniyor, &hellip;"}