{"version":"1.0","provider_name":"Av. Deniz Can K\u0131z\u0131l","provider_url":"http:\/\/denizcankizil.tr\/ru","author_name":"Av. Deniz Can K\u0131z\u0131l","author_url":"http:\/\/denizcankizil.tr\/ru","title":"Edirne Enez'de 'kay\u0131p t\u00fcfekler' soru\u015fturmas\u0131!","type":"rich","width":600,"height":338,"html":"<blockquote class=\"wp-embedded-content\" data-secret=\"tkjpmAu8KX\"><a href=\"http:\/\/denizcankizil.tr\/ru\/haberler\/gundem\/edirne-enezde-kayip-tufekler-sorusturmasi\/\">Edirne Enez&#8217;de &#8216;kay\u0131p t\u00fcfekler&#8217; soru\u015fturmas\u0131!<\/a><\/blockquote><iframe sandbox=\"allow-scripts\" security=\"restricted\" src=\"http:\/\/denizcankizil.tr\/ru\/haberler\/gundem\/edirne-enezde-kayip-tufekler-sorusturmasi\/embed\/#?secret=tkjpmAu8KX\" width=\"600\" height=\"338\" title=\"\u00abEdirne Enez&#8217;de &#8216;kay\u0131p t\u00fcfekler&#8217; soru\u015fturmas\u0131!\u00bb &#8212; Av. Deniz Can K\u0131z\u0131l\" data-secret=\"tkjpmAu8KX\" frameborder=\"0\" marginwidth=\"0\" marginheight=\"0\" scrolling=\"no\" class=\"wp-embedded-content\"><\/iframe><script>\n\/*! This file is auto-generated *\/\n!function(d,l){\"use strict\";l.querySelector&&d.addEventListener&&\"undefined\"!=typeof URL&&(d.wp=d.wp||{},d.wp.receiveEmbedMessage||(d.wp.receiveEmbedMessage=function(e){var t=e.data;if((t||t.secret||t.message||t.value)&&!\/[^a-zA-Z0-9]\/.test(t.secret)){for(var s,r,n,a=l.querySelectorAll('iframe[data-secret=\"'+t.secret+'\"]'),o=l.querySelectorAll('blockquote[data-secret=\"'+t.secret+'\"]'),c=new RegExp(\"^https?:$\",\"i\"),i=0;i<o.length;i++)o[i].style.display=\"none\";for(i=0;i<a.length;i++)s=a[i],e.source===s.contentWindow&&(s.removeAttribute(\"style\"),\"height\"===t.message?(1e3<(r=parseInt(t.value,10))?r=1e3:~~r<200&&(r=200),s.height=r):\"link\"===t.message&&(r=new URL(s.getAttribute(\"src\")),n=new URL(t.value),c.test(n.protocol))&&n.host===r.host&&l.activeElement===s&&(d.top.location.href=t.value))}},d.addEventListener(\"message\",d.wp.receiveEmbedMessage,!1),l.addEventListener(\"DOMContentLoaded\",function(){for(var e,t,s=l.querySelectorAll(\"iframe.wp-embedded-content\"),r=0;r<s.length;r++)(t=(e=s[r]).getAttribute(\"data-secret\"))||(t=Math.random().toString(36).substring(2,12),e.src+=\"#?secret=\"+t,e.setAttribute(\"data-secret\",t)),e.contentWindow.postMessage({message:\"ready\",secret:t},\"*\")},!1)))}(window,document);\n\/\/# sourceURL=http:\/\/denizcankizil.tr\/wp-includes\/js\/wp-embed.min.js\n<\/script>","description":"Edirne&#8217;de Enez \u0130l\u00e7e Emniyet M\u00fcd\u00fcrl\u00fc\u011f\u00fc&#8217;ne ba\u011fl\u0131 Enez Polis Merkezi Amirli\u011fi&#8217;ne yap\u0131lan iki ayr\u0131 kay\u0131p t\u00fcfek bildirimi \u00fczerine soru\u015fturma ba\u015flat\u0131ld\u0131.Erdo\u011fan DEM\u0130R \/ ED\u0130RNE (\u0130GFA)- Edirne&#8217;nin Enez il\u00e7esindeki kay\u0131p t\u00fcfekler i\u00e7in soru\u015fturma ba\u015flat\u0131ld\u0131 Al\u0131nan bilgiye g\u00f6re, Enez \u0130l\u00e7e Emniyet M\u00fcd\u00fcrl\u00fc\u011f\u00fc&#8217;ne ba\u011fl\u0131 Enez Polis Merkezi Amirli\u011fi&#8217;ne ilk \u015fikayette bulunan A.Y. isimli vatanda\u015f, yakla\u015f\u0131k 20 y\u0131l \u00f6nce av t\u00fcfe\u011fini kaybetti\u011fini belirterek, emniyet g\u00fc\u00e7lerinden yard\u0131m istedi. \u0130kinci \u015fikayette bulunan Y.A. isimli vatanda\u015f ise yakla\u015f\u0131k 15 y\u0131l \u00f6nce kaybolan av t\u00fcfe\u011fi ile ilgili ba\u015fvuruda bulundu. Her iki \u015fikayet \u00fczerine ekipler, kay\u0131p t\u00fcfeklerin bulunmas\u0131 i\u00e7in detayl\u0131 soru\u015fturma ba\u015flatt\u0131. \u015e\u00fcphelilerin tespiti ve kay\u0131p e\u015fyalar\u0131n bulunmas\u0131 i\u00e7in \u00e7e\u015fitli y\u00f6ntemler kullan\u0131laca\u011f\u0131 \u00f6\u011frenildi. Olayla ilgili tahkikat geni\u015f \u00e7apl\u0131 s\u00fcrd\u00fcr\u00fcl\u00fcyor. \u200bEdirne&#8217;de Enez \u0130l\u00e7e Emniyet M\u00fcd\u00fcrl\u00fc\u011f\u00fc&#8217;ne ba\u011fl\u0131 Enez Polis Merkezi Amirli\u011fi&#8217;ne yap\u0131lan iki ayr\u0131 kay\u0131p t\u00fcfek bildirimi \u00fczerine soru\u015fturma ba\u015flat\u0131ld\u0131\u00a0 \u200bHaberin Al\u0131nt\u0131land\u0131\u011f\u0131 Kaynak: www.iskenderun.org"}