{"version":"1.0","provider_name":"Av. Deniz Can K\u0131z\u0131l","provider_url":"http:\/\/denizcankizil.tr\/ru","author_name":"admin","author_url":"http:\/\/denizcankizil.tr\/ru\/author\/admin\/","title":"Cundal\u0131lar\u0131n sesini Ba\u015fkan Ak\u0131n duydu","type":"rich","width":600,"height":338,"html":"<blockquote class=\"wp-embedded-content\" data-secret=\"luwPybk3R2\"><a href=\"http:\/\/denizcankizil.tr\/ru\/haberler\/gundem\/cundalilarin-sesini-baskan-akin-duydu\/\">Cundal\u0131lar\u0131n sesini Ba\u015fkan Ak\u0131n duydu<\/a><\/blockquote><iframe sandbox=\"allow-scripts\" security=\"restricted\" src=\"http:\/\/denizcankizil.tr\/ru\/haberler\/gundem\/cundalilarin-sesini-baskan-akin-duydu\/embed\/#?secret=luwPybk3R2\" width=\"600\" height=\"338\" title=\"\u00abCundal\u0131lar\u0131n sesini Ba\u015fkan Ak\u0131n duydu\u00bb &#8212; Av. Deniz Can K\u0131z\u0131l\" data-secret=\"luwPybk3R2\" frameborder=\"0\" marginwidth=\"0\" marginheight=\"0\" scrolling=\"no\" class=\"wp-embedded-content\"><\/iframe><script>\n\/*! This file is auto-generated *\/\n!function(d,l){\"use strict\";l.querySelector&&d.addEventListener&&\"undefined\"!=typeof URL&&(d.wp=d.wp||{},d.wp.receiveEmbedMessage||(d.wp.receiveEmbedMessage=function(e){var t=e.data;if((t||t.secret||t.message||t.value)&&!\/[^a-zA-Z0-9]\/.test(t.secret)){for(var s,r,n,a=l.querySelectorAll('iframe[data-secret=\"'+t.secret+'\"]'),o=l.querySelectorAll('blockquote[data-secret=\"'+t.secret+'\"]'),c=new RegExp(\"^https?:$\",\"i\"),i=0;i<o.length;i++)o[i].style.display=\"none\";for(i=0;i<a.length;i++)s=a[i],e.source===s.contentWindow&&(s.removeAttribute(\"style\"),\"height\"===t.message?(1e3<(r=parseInt(t.value,10))?r=1e3:~~r<200&&(r=200),s.height=r):\"link\"===t.message&&(r=new URL(s.getAttribute(\"src\")),n=new URL(t.value),c.test(n.protocol))&&n.host===r.host&&l.activeElement===s&&(d.top.location.href=t.value))}},d.addEventListener(\"message\",d.wp.receiveEmbedMessage,!1),l.addEventListener(\"DOMContentLoaded\",function(){for(var e,t,s=l.querySelectorAll(\"iframe.wp-embedded-content\"),r=0;r<s.length;r++)(t=(e=s[r]).getAttribute(\"data-secret\"))||(t=Math.random().toString(36).substring(2,12),e.src+=\"#?secret=\"+t,e.setAttribute(\"data-secret\",t)),e.contentWindow.postMessage({message:\"ready\",secret:t},\"*\")},!1)))}(window,document);\n\/\/# sourceURL=http:\/\/denizcankizil.tr\/wp-includes\/js\/wp-embed.min.js\n<\/script>","description":"Ayval\u0131k\u2019\u0131n Cunda Adas\u0131\u2019nda y\u0131llard\u0131r b\u00fcy\u00fck bir sorun haline gelen ve s\u00fcrekli ar\u0131zalanmas\u0131 nedeniyle kesintilere sebebiyet veren asbestli borulardan olu\u015fan i\u00e7me suyu \u015febeke hatt\u0131; Bal\u0131kesir B\u00fcy\u00fck\u015fehir Belediye Ba\u015fkan\u0131 Ahmet Ak\u0131n\u2019\u0131n t\u00fcm ekipleri harekete ge\u00e7irmesiyle Bal\u0131kesir Su ve Kanalizasyon \u0130daresi (BASK\u0130) Genel M\u00fcd\u00fcrl\u00fc\u011f\u00fcnce yenileniyor.BALIKES\u0130R (\u0130GFA) &#8211;\u00a0Bal\u0131kesir Su ve Kanalizasyon \u0130daresi (BASK\u0130) Genel M\u00fcd\u00fcrl\u00fc\u011f\u00fc, Cunda Adas\u0131nda s\u00fcrekli ar\u0131za yapan i\u00e7me suyu hatt\u0131n\u0131 de\u011fi\u015ftirmek i\u00e7in \u00e7al\u0131\u015fmalara ba\u015flad\u0131. Bal\u0131kesir B\u00fcy\u00fck\u015fehir Belediye Ba\u015fkan\u0131 Ahmet Ak\u0131n\u2019\u0131n \u00f6nc\u00fcl\u00fc\u011f\u00fcnde ger\u00e7ekle\u015fen \u00e7al\u0131\u015fmalar sayesinde vatanda\u015flara kesintisiz su sa\u011flanacak. Turizmin g\u00f6zdesi Ayval\u0131k \u0130l\u00e7esi Cunda Adas\u0131 Nam\u0131k Kemal Mahallesi \u00c7atal Tepe Mevkiinde ekonomik \u00f6mr\u00fcn\u00fc tamamlam\u0131\u015f, s\u00fcrekli olarak i\u00e7me suyu ar\u0131zas\u0131 meydana gelen hatta ar\u0131zalar\u0131n \u00f6n\u00fcne ge\u00e7mek, hem i\u00e7me suyu yetersizli\u011fini gidermek hem de zararl\u0131 olan asbestli borular\u0131 yenilemek amac\u0131yla Ayval\u0131k Cunda Adas\u0131 \u00c7atal Mevkii i\u00e7me suyu hatt\u0131 yap\u0131m projesi haz\u0131rlanm\u0131\u015f ve \u00e7al\u0131\u015fmalara ba\u015fland\u0131. Uzun y\u0131llar mahallelerinde su borular\u0131n\u0131n ekonomik \u00f6mr\u00fcn\u00fc tamamlamas\u0131 nedeniyle su kesintileriyle m\u00fccadele ettiklerini s\u00f6yleyen mahalle sakinleri, Ba\u015fkan Ak\u0131n\u2019\u0131n sorunu g\u00f6r\u00fcr g\u00f6rmez \u00e7\u00f6zmesi nedeniyle \u00e7ok mutlu olduklar\u0131n\u0131 dile getirdi. ZEH\u0130R SA\u00c7AN ASBESTL\u0130 BORULAR DE\u011e\u0130\u015e\u0130YOR Y\u0131llard\u0131r yamalarla g\u00fcn\u00fc kurtaracak \u00e7\u00f6z\u00fcmlerin \u00fcretildi\u011fi, kanserojen etkiye sahip asbestli eski borular\u0131 de\u011fi\u015ftirmeye ba\u015flayan BASK\u0130 ekipleri, yeni ve uluslararas\u0131 standartlara uygun borularla \u015febeke hatt\u0131n\u0131 yeniliyor. 200 mm \u00e7ap\u0131nda 605 metre ve 110 mm \u00e7ap\u0131nda 3 bin 137 &hellip;"}