{"version":"1.0","provider_name":"Av. Deniz Can K\u0131z\u0131l","provider_url":"http:\/\/denizcankizil.tr\/ru","author_name":"Av. Deniz Can K\u0131z\u0131l","author_url":"http:\/\/denizcankizil.tr\/ru","title":"Cumhuriyetimiz 101 ya\u015f\u0131nda... \u00c7ok Ya\u015fa Cumhuriyet","type":"rich","width":600,"height":338,"html":"<blockquote class=\"wp-embedded-content\" data-secret=\"rluiIwiyxK\"><a href=\"http:\/\/denizcankizil.tr\/ru\/haberler\/gundem\/cumhuriyetimiz-101-yasinda-cok-yasa-cumhuriyet\/\">Cumhuriyetimiz 101 ya\u015f\u0131nda&#8230; \u00c7ok Ya\u015fa Cumhuriyet<\/a><\/blockquote><iframe sandbox=\"allow-scripts\" security=\"restricted\" src=\"http:\/\/denizcankizil.tr\/ru\/haberler\/gundem\/cumhuriyetimiz-101-yasinda-cok-yasa-cumhuriyet\/embed\/#?secret=rluiIwiyxK\" width=\"600\" height=\"338\" title=\"\u00abCumhuriyetimiz 101 ya\u015f\u0131nda&#8230; \u00c7ok Ya\u015fa Cumhuriyet\u00bb &#8212; Av. Deniz Can K\u0131z\u0131l\" data-secret=\"rluiIwiyxK\" frameborder=\"0\" marginwidth=\"0\" marginheight=\"0\" scrolling=\"no\" class=\"wp-embedded-content\"><\/iframe><script>\n\/*! This file is auto-generated *\/\n!function(d,l){\"use strict\";l.querySelector&&d.addEventListener&&\"undefined\"!=typeof URL&&(d.wp=d.wp||{},d.wp.receiveEmbedMessage||(d.wp.receiveEmbedMessage=function(e){var t=e.data;if((t||t.secret||t.message||t.value)&&!\/[^a-zA-Z0-9]\/.test(t.secret)){for(var s,r,n,a=l.querySelectorAll('iframe[data-secret=\"'+t.secret+'\"]'),o=l.querySelectorAll('blockquote[data-secret=\"'+t.secret+'\"]'),c=new RegExp(\"^https?:$\",\"i\"),i=0;i<o.length;i++)o[i].style.display=\"none\";for(i=0;i<a.length;i++)s=a[i],e.source===s.contentWindow&&(s.removeAttribute(\"style\"),\"height\"===t.message?(1e3<(r=parseInt(t.value,10))?r=1e3:~~r<200&&(r=200),s.height=r):\"link\"===t.message&&(r=new URL(s.getAttribute(\"src\")),n=new URL(t.value),c.test(n.protocol))&&n.host===r.host&&l.activeElement===s&&(d.top.location.href=t.value))}},d.addEventListener(\"message\",d.wp.receiveEmbedMessage,!1),l.addEventListener(\"DOMContentLoaded\",function(){for(var e,t,s=l.querySelectorAll(\"iframe.wp-embedded-content\"),r=0;r<s.length;r++)(t=(e=s[r]).getAttribute(\"data-secret\"))||(t=Math.random().toString(36).substring(2,12),e.src+=\"#?secret=\"+t,e.setAttribute(\"data-secret\",t)),e.contentWindow.postMessage({message:\"ready\",secret:t},\"*\")},!1)))}(window,document);\n\/\/# sourceURL=http:\/\/denizcankizil.tr\/wp-includes\/js\/wp-embed.min.js\n<\/script>","description":"T\u00fcrkiye Cumhuriyeti\u2019nin ilan edilmesinin 101\u2019inci y\u0131l\u0131 t\u00fcm yurtta b\u00fcy\u00fck bir co\u015fkuyla kutlan\u0131yor.ANKARA (\u0130GFA) \u2013 T\u00fcrkiye B\u00fcy\u00fck Millet Meclisi 29 Ekim 1923 tarihinde Cumhuriyet y\u00f6netimini ilan etti. Her y\u0131l 29 Ekim\u2019de T\u00fcrkiye\u2019de ve Kuzey K\u0131br\u0131s T\u00fcrk Cumhuriyeti\u2019nde kutlanan milli bayramda bu y\u0131l 101. y\u0131l co\u015fkusu ve gururu ya\u015fan\u0131yor. 1925 y\u0131l\u0131nda \u00e7\u0131kar\u0131lan bir yasa ile milli bayram olarak kutlanmaya ba\u015flan\u0131lan bu \u00f6zel g\u00fcn\u00fcn co\u015fkusu dalga dalga yay\u0131l\u0131yor. Gazi Mustafa Kemal, 22 Eyl\u00fcl 1923 tarihinde Viyana\u2019da \u00e7\u0131kan Neue Freie Presse gazetesinin muhabiri Lazar\u2019a verdi\u011fi deme\u00e7te devlet y\u00f6netimi sistemini ilk kez resmi olarak telaffuz etmi\u015fti. Viyana gazetesinde yer alan makale daha sonraki g\u00fcnlerde T\u00fcrkiye\u2019de yay\u0131n yapan gazetelerde de yer alm\u0131\u015ft\u0131. Ak\u015fam gazetesi Viyana gazetesindeki s\u00f6zleri \u015f\u00f6yle aktarm\u0131\u015ft\u0131: \u201cMustafa Kemal Pa\u015fa\u2019n\u0131n pek m\u00fchim beyanat\u0131: T\u00fcrkiye\u2019nin d\u00e2hil\u00ee tek\u00e2m\u00fcl\u00fc (olgunla\u015fmas\u0131) tamamen bitmemi\u015ftir. Daha tadil\u00e2t vuku bulacak, bilumum tek\u00e2m\u00fcl\u00e2t\u0131m\u0131z Cumhuriyet esas\u0131na m\u00fcncer olacakt\u0131r.\u201d Gazetede yer alan \u201cCumhuriyet\u201d ilk defa ortaya at\u0131lm\u0131\u015ft\u0131. H\u00dcK\u00dcMET KR\u0130Z\u0130 VE LOZAN 1920\u2019de a\u00e7\u0131lan T\u00fcrkiye B\u00fcy\u00fck Millet Meclisi ile birlikte devlet ba\u015fkanl\u0131\u011f\u0131 g\u00f6revi Meclis Ba\u015fkan\u0131 olarak Mustafa Kemal taraf\u0131ndan y\u00fcr\u00fct\u00fclm\u00fc\u015ft\u00fc. Ancak baz\u0131 yabanc\u0131 \u00fclkeler de Lozan Antla\u015fmas\u0131\u2019n\u0131n onay\u0131 i\u00e7in T\u00fcrkiye\u2019deki yeni devlet rejiminin daha a\u00e7\u0131k \u015fekilde belirlenmesini istiyordu. Di\u011fer yandan 2. Ordu M\u00fcfetti\u015fli\u011fi\u2019ne getirilen Ali Fuat Pa\u015fa, yeni g\u00f6revi nedeniyle uhdesinde bulunan Meclis \u0130kinci Reisli\u011fi\u2019nden &hellip;"}