{"version":"1.0","provider_name":"Av. Deniz Can K\u0131z\u0131l","provider_url":"http:\/\/denizcankizil.tr\/ru","author_name":"Antalya K\u00f6rfez","author_url":"http:\/\/denizcankizil.tr\/ru\/author\/www-antalyakorfez-com\/","title":"\u00c7GD'den K\u00f6rfez Gazetesi'ne destek ziyareti","type":"rich","width":600,"height":338,"html":"<blockquote class=\"wp-embedded-content\" data-secret=\"pqGfq5f4ru\"><a href=\"http:\/\/denizcankizil.tr\/ru\/haberler\/gundem\/cgdden-korfez-gazetesine-destek-ziyareti\/\">\u00c7GD&#8217;den K\u00f6rfez Gazetesi&#8217;ne destek ziyareti<\/a><\/blockquote><iframe sandbox=\"allow-scripts\" security=\"restricted\" src=\"http:\/\/denizcankizil.tr\/ru\/haberler\/gundem\/cgdden-korfez-gazetesine-destek-ziyareti\/embed\/#?secret=pqGfq5f4ru\" width=\"600\" height=\"338\" title=\"\u00ab\u00c7GD&#8217;den K\u00f6rfez Gazetesi&#8217;ne destek ziyareti\u00bb &#8212; Av. Deniz Can K\u0131z\u0131l\" data-secret=\"pqGfq5f4ru\" frameborder=\"0\" marginwidth=\"0\" marginheight=\"0\" scrolling=\"no\" class=\"wp-embedded-content\"><\/iframe><script>\n\/*! This file is auto-generated *\/\n!function(d,l){\"use strict\";l.querySelector&&d.addEventListener&&\"undefined\"!=typeof URL&&(d.wp=d.wp||{},d.wp.receiveEmbedMessage||(d.wp.receiveEmbedMessage=function(e){var t=e.data;if((t||t.secret||t.message||t.value)&&!\/[^a-zA-Z0-9]\/.test(t.secret)){for(var s,r,n,a=l.querySelectorAll('iframe[data-secret=\"'+t.secret+'\"]'),o=l.querySelectorAll('blockquote[data-secret=\"'+t.secret+'\"]'),c=new RegExp(\"^https?:$\",\"i\"),i=0;i<o.length;i++)o[i].style.display=\"none\";for(i=0;i<a.length;i++)s=a[i],e.source===s.contentWindow&&(s.removeAttribute(\"style\"),\"height\"===t.message?(1e3<(r=parseInt(t.value,10))?r=1e3:~~r<200&&(r=200),s.height=r):\"link\"===t.message&&(r=new URL(s.getAttribute(\"src\")),n=new URL(t.value),c.test(n.protocol))&&n.host===r.host&&l.activeElement===s&&(d.top.location.href=t.value))}},d.addEventListener(\"message\",d.wp.receiveEmbedMessage,!1),l.addEventListener(\"DOMContentLoaded\",function(){for(var e,t,s=l.querySelectorAll(\"iframe.wp-embedded-content\"),r=0;r<s.length;r++)(t=(e=s[r]).getAttribute(\"data-secret\"))||(t=Math.random().toString(36).substring(2,12),e.src+=\"#?secret=\"+t,e.setAttribute(\"data-secret\",t)),e.contentWindow.postMessage({message:\"ready\",secret:t},\"*\")},!1)))}(window,document);\n\/\/# sourceURL=http:\/\/denizcankizil.tr\/wp-includes\/js\/wp-embed.min.js\n<\/script>","description":"\u00c7a\u011fda\u015f Gazeteciler Derne\u011fi (\u00c7GD), Antalya bas\u0131n\u0131n\u0131n k\u00f6kl\u00fc yay\u0131n organlar\u0131ndan biri olan ve bu y\u0131l yay\u0131n hayat\u0131nda 22 y\u0131l\u0131n\u0131 kutlayan Antalya K\u00f6rfez Gazetesi&#8217;ni ziyaret etti. Ziyarette, gazetenin \u0130mtiyaz Sahibi Rasim G\u00fcnd\u00fcz ve gazete \u00e7al\u0131\u015fanlar\u0131yla bir araya gelen \u00c7GD&#8217;nin \u00fcyeleri, sekt\u00f6rdeki g\u00fcncel geli\u015fmeler, bas\u0131n \u00f6zg\u00fcrl\u00fc\u011f\u00fc m\u00fccadelesi ve gazetecilerin ya\u015fad\u0131\u011f\u0131 zorluklar \u00fczerine kapsaml\u0131 bir g\u00f6r\u00fc\u015fme ger\u00e7ekle\u015ftirdi. BASININ VE BASIN EMEK\u00c7\u0130LER\u0130N\u0130N SORUNLARI KONU\u015eULDU Ziyaret s\u0131ras\u0131nda hem bas\u0131n emek\u00e7ilerinin ekonomik ve sosyal haklar\u0131na hem de ba\u011f\u0131ms\u0131z gazetecili\u011fin kar\u015f\u0131 kar\u015f\u0131ya oldu\u011fu bask\u0131 ve sans\u00fcr ortam\u0131na dikkat \u00e7ekildi. Gazetecilik mesle\u011finin halk\u0131n haber alma hakk\u0131 a\u00e7\u0131s\u0131ndan ta\u015f\u0131d\u0131\u011f\u0131 \u00f6neme vurgu yapan \u00c7GD Ba\u015fkan\u0131 Ceren Deniz ve \u00fcyeleri Vahide Yan\u0131k ile Fikret Cinokur, K\u00f6rfez Gazetesi&#8217;nin 22 y\u0131ld\u0131r s\u00fcrd\u00fcrd\u00fc\u011f\u00fc yay\u0131nc\u0131l\u0131k \u00e7izgisinin Antalya bas\u0131n\u0131 i\u00e7in k\u0131ymetli oldu\u011funu ifade etti. &#8220;DAYANI\u015eMAMIZ S\u00dcRECEK&#8221; Ziyarette konu\u015fan \u00c7GD temsilcileri, yerel bas\u0131n\u0131n g\u00fc\u00e7lendirilmesinin demokrasinin sa\u011fl\u0131kl\u0131 i\u015fleyi\u015fi a\u00e7\u0131s\u0131ndan hayati oldu\u011funun alt\u0131n\u0131 \u00e7izerek, &#8220;K\u00f6rfez Gazetesi gibi ilkeli ve halktan yana yay\u0131nc\u0131l\u0131k yapan bas\u0131n organlar\u0131n\u0131n yan\u0131nda olmaya devam edece\u011fiz&#8221; dedi. \u200b\u00c7a\u011fda\u015f Gazeteciler Derne\u011fi (\u00c7GD), yay\u0131n hayat\u0131nda 22 y\u0131l\u0131n\u0131 kutlayan Antalya K\u00f6rfez Gazetesi&#8217;ni ziyaret ederek bas\u0131n \u00f6zg\u00fcrl\u00fc\u011f\u00fc ve gazetecilerin sorunlar\u0131na dikkat \u00e7ekti.\u00a0 \u200bHaberin Al\u0131nt\u0131land\u0131\u011f\u0131 Kaynak: www.antalyakorfez.com"}