{"version":"1.0","provider_name":"Av. Deniz Can K\u0131z\u0131l","provider_url":"http:\/\/denizcankizil.tr\/ru","author_name":"Av. Deniz Can K\u0131z\u0131l","author_url":"http:\/\/denizcankizil.tr\/ru","title":"Cavit Ar\u0131: 2025, CHP\u2019ye iktidar yolunu a\u00e7acak","type":"rich","width":600,"height":338,"html":"<blockquote class=\"wp-embedded-content\" data-secret=\"9YbtAlxXVI\"><a href=\"http:\/\/denizcankizil.tr\/ru\/haberler\/gundem\/cavit-ari-2025-chpye-iktidar-yolunu-acacak\/\">Cavit Ar\u0131: 2025, CHP\u2019ye iktidar yolunu a\u00e7acak<\/a><\/blockquote><iframe sandbox=\"allow-scripts\" security=\"restricted\" src=\"http:\/\/denizcankizil.tr\/ru\/haberler\/gundem\/cavit-ari-2025-chpye-iktidar-yolunu-acacak\/embed\/#?secret=9YbtAlxXVI\" width=\"600\" height=\"338\" title=\"\u00abCavit Ar\u0131: 2025, CHP\u2019ye iktidar yolunu a\u00e7acak\u00bb &#8212; Av. Deniz Can K\u0131z\u0131l\" data-secret=\"9YbtAlxXVI\" frameborder=\"0\" marginwidth=\"0\" marginheight=\"0\" scrolling=\"no\" class=\"wp-embedded-content\"><\/iframe><script>\n\/*! This file is auto-generated *\/\n!function(d,l){\"use strict\";l.querySelector&&d.addEventListener&&\"undefined\"!=typeof URL&&(d.wp=d.wp||{},d.wp.receiveEmbedMessage||(d.wp.receiveEmbedMessage=function(e){var t=e.data;if((t||t.secret||t.message||t.value)&&!\/[^a-zA-Z0-9]\/.test(t.secret)){for(var s,r,n,a=l.querySelectorAll('iframe[data-secret=\"'+t.secret+'\"]'),o=l.querySelectorAll('blockquote[data-secret=\"'+t.secret+'\"]'),c=new RegExp(\"^https?:$\",\"i\"),i=0;i<o.length;i++)o[i].style.display=\"none\";for(i=0;i<a.length;i++)s=a[i],e.source===s.contentWindow&&(s.removeAttribute(\"style\"),\"height\"===t.message?(1e3<(r=parseInt(t.value,10))?r=1e3:~~r<200&&(r=200),s.height=r):\"link\"===t.message&&(r=new URL(s.getAttribute(\"src\")),n=new URL(t.value),c.test(n.protocol))&&n.host===r.host&&l.activeElement===s&&(d.top.location.href=t.value))}},d.addEventListener(\"message\",d.wp.receiveEmbedMessage,!1),l.addEventListener(\"DOMContentLoaded\",function(){for(var e,t,s=l.querySelectorAll(\"iframe.wp-embedded-content\"),r=0;r<s.length;r++)(t=(e=s[r]).getAttribute(\"data-secret\"))||(t=Math.random().toString(36).substring(2,12),e.src+=\"#?secret=\"+t,e.setAttribute(\"data-secret\",t)),e.contentWindow.postMessage({message:\"ready\",secret:t},\"*\")},!1)))}(window,document);\n\/\/# sourceURL=http:\/\/denizcankizil.tr\/wp-includes\/js\/wp-embed.min.js\n<\/script>","description":"T\u00fcrkiye B\u00fcy\u00fck Millet Meclisi (TBMM) Plan ve B\u00fct\u00e7e Komisyonu \u00fcyesi, Cumhuriyet Halk Partisi (CHP) Antalya Milletvekili Cavit Ar\u0131, yeni y\u0131l nedeniyle bir kutlama mesaj yay\u0131nlad\u0131. CHP \u00dcLKEN\u0130N UMUDU OLDU 2024 y\u0131l\u0131n\u0131n herkes i\u00e7in ekonomik s\u0131k\u0131nt\u0131lar\u0131 ile zor bir y\u0131l oldu\u011funu belirten Milletvekili Cavit Ar\u0131, \u201cUmudumuz, zor g\u00fcnlerin geride kald\u0131\u011f\u0131 g\u00fczel g\u00fcnlerin ba\u015flad\u0131\u011f\u0131 yeni bir y\u0131la girecek olmam\u0131zd\u0131r. \u0130nan\u0131yorum ki 2025 y\u0131l\u0131, umutlar\u0131m\u0131z\u0131n yeniden ye\u015ferece\u011fi, ho\u015fg\u00f6r\u00fcn\u00fcn, birlikteli\u011fin y\u0131l\u0131 olacakt\u0131r. 2024\u2019\u00fc geride b\u0131rak\u0131rken, 31 Mart 2024 Yerel Se\u00e7imlerinde CHP\u2019nin ba\u015far\u0131s\u0131 \u00fclkemize yeniden bir umut olmu\u015ftur. Yerel se\u00e7imlerle ba\u015flayan bu s\u00fcre\u00e7 \u00f6n\u00fcm\u00fczdeki genel se\u00e7imlerde de CHP iktidar\u0131 ile devam edecektir\u201d ifadelerini kulland\u0131. AZ\u0130Z \u015eEH\u0130TLER UNUTULMADI 2025 y\u0131l\u0131na ili\u015fkin temennilerine de yer veren Ar\u0131, mesaj\u0131nda \u015funlar\u0131 kaydetti: \u201cBu duygu ve d\u00fc\u015f\u00fcncelerle, 2025 y\u0131l\u0131n\u0131n herkes i\u00e7in daha fazla adaletin ve \u00f6zg\u00fcrl\u00fcklerin oldu\u011fu, \u00f6l\u00fcmlerin ve g\u00f6zya\u015flar\u0131n\u0131n son buldu\u011fu, \u00fclkemize, halk\u0131m\u0131za ve t\u00fcm insanl\u0131\u011fa bar\u0131\u015f ve huzur getirdi\u011fi ve sa\u011fl\u0131kl\u0131 g\u00fcnlerde yeniden kucakla\u015faca\u011f\u0131m\u0131z bir y\u0131l olmas\u0131n\u0131 diliyorum. B\u00fcy\u00fck \u00d6nder Gazi Mustafa Kemal Atat\u00fcrk ve silah arkada\u015flar\u0131 ile \u00dclkemizin birlik ve beraberli\u011fi i\u00e7in bu vatan u\u011fruna ter\u00f6rle m\u00fccadelede hayat\u0131n\u0131 kaybeden aziz \u015fehitlerimizi rahmetle an\u0131yor, gazilerimiz ba\u015fta olmak \u00fczere t\u00fcm halk\u0131m\u0131z\u0131n yeni y\u0131l\u0131n\u0131 kutluyorum.\u201d \u200bYeni y\u0131l dolay\u0131s\u0131yla bir mesaj yay\u0131nlayan CHP Antalya Milletvekili Cavit Ar\u0131, yerel se\u00e7imlerle ba\u015flayan s\u00fcrecin &hellip;"}