{"version":"1.0","provider_name":"Av. Deniz Can K\u0131z\u0131l","provider_url":"http:\/\/denizcankizil.tr\/ru","author_name":"admin","author_url":"http:\/\/denizcankizil.tr\/ru\/author\/admin\/","title":"\u00c7al\u0131\u015fkan\u2019dan Emekli \u0130kramiyesine Sert Tepki","type":"rich","width":600,"height":338,"html":"<blockquote class=\"wp-embedded-content\" data-secret=\"vRznxD2xxf\"><a href=\"http:\/\/denizcankizil.tr\/ru\/haberler\/gundem\/caliskandan-emekli-ikramiyesine-sert-tepki\/\">\u00c7al\u0131\u015fkan\u2019dan Emekli \u0130kramiyesine Sert Tepki<\/a><\/blockquote><iframe sandbox=\"allow-scripts\" security=\"restricted\" src=\"http:\/\/denizcankizil.tr\/ru\/haberler\/gundem\/caliskandan-emekli-ikramiyesine-sert-tepki\/embed\/#?secret=vRznxD2xxf\" width=\"600\" height=\"338\" title=\"\u00ab\u00c7al\u0131\u015fkan\u2019dan Emekli \u0130kramiyesine Sert Tepki\u00bb &#8212; Av. Deniz Can K\u0131z\u0131l\" data-secret=\"vRznxD2xxf\" frameborder=\"0\" marginwidth=\"0\" marginheight=\"0\" scrolling=\"no\" class=\"wp-embedded-content\"><\/iframe><script>\n\/*! This file is auto-generated *\/\n!function(d,l){\"use strict\";l.querySelector&&d.addEventListener&&\"undefined\"!=typeof URL&&(d.wp=d.wp||{},d.wp.receiveEmbedMessage||(d.wp.receiveEmbedMessage=function(e){var t=e.data;if((t||t.secret||t.message||t.value)&&!\/[^a-zA-Z0-9]\/.test(t.secret)){for(var s,r,n,a=l.querySelectorAll('iframe[data-secret=\"'+t.secret+'\"]'),o=l.querySelectorAll('blockquote[data-secret=\"'+t.secret+'\"]'),c=new RegExp(\"^https?:$\",\"i\"),i=0;i<o.length;i++)o[i].style.display=\"none\";for(i=0;i<a.length;i++)s=a[i],e.source===s.contentWindow&&(s.removeAttribute(\"style\"),\"height\"===t.message?(1e3<(r=parseInt(t.value,10))?r=1e3:~~r<200&&(r=200),s.height=r):\"link\"===t.message&&(r=new URL(s.getAttribute(\"src\")),n=new URL(t.value),c.test(n.protocol))&&n.host===r.host&&l.activeElement===s&&(d.top.location.href=t.value))}},d.addEventListener(\"message\",d.wp.receiveEmbedMessage,!1),l.addEventListener(\"DOMContentLoaded\",function(){for(var e,t,s=l.querySelectorAll(\"iframe.wp-embedded-content\"),r=0;r<s.length;r++)(t=(e=s[r]).getAttribute(\"data-secret\"))||(t=Math.random().toString(36).substring(2,12),e.src+=\"#?secret=\"+t,e.setAttribute(\"data-secret\",t)),e.contentWindow.postMessage({message:\"ready\",secret:t},\"*\")},!1)))}(window,document);\n\/\/# sourceURL=http:\/\/denizcankizil.tr\/wp-includes\/js\/wp-embed.min.js\n<\/script>","description":"A\u00e7\u0131klanan rakam\u0131n yetersiz ve kabul edilemez oldu\u011funu\u00a0belirten \u00c7al\u0131\u015fkan,\u00a0&#8220;Emeklilerimiz zaten zor \u015fartlar alt\u0131nda ya\u015fam m\u00fccadelesi veriyor, bu rakam onlara yap\u0131lan bir haks\u0131zl\u0131kt\u0131r!&#8221;\u00a0dedi. &#8220;MECL\u0130S\u2019E SAYGISIZLIK, EMEKL\u0130YE HAKSIZLIK!&#8221; Milletvekili \u00c7al\u0131\u015fkan,\u00a0ikramiye miktar\u0131n\u0131n \u00f6nceden duyurulmas\u0131n\u0131 Meclis\u2019e kar\u015f\u0131 bir sayg\u0131s\u0131zl\u0131k olarak de\u011ferlendirdi\u00a0ve \u015fu ifadeleri kulland\u0131: &#8220;Emekli ayl\u0131klar\u0131 ve bayram ikramiyeleri yasayla belirlenir. Ancak ikramiye miktar\u0131n\u0131n Meclis\u2019ten \u00f6nce a\u00e7\u0131klanmas\u0131, yasama organ\u0131n\u0131 hi\u00e7e saymak demektir. Ayr\u0131ca a\u00e7\u0131klanan 4 bin liral\u0131k rakam, artan hayat pahal\u0131l\u0131\u011f\u0131 g\u00f6z \u00f6n\u00fcnde bulunduruldu\u011funda asla yeterli de\u011fildir.&#8221; &#8220;EMEKL\u0130LER\u0130 TORUNLARINA MAHCUP ETMEY\u0130N!&#8221; Son bir y\u0131lda\u00a0elektrik, su, do\u011fal gaz ve g\u0131da fiyatlar\u0131ndaki art\u0131\u015fa\u00a0dikkat \u00e7eken \u00c7al\u0131\u015fkan, ikramiyenin\u00a0asgari \u00fccret seviyesine \u00e7\u0131kar\u0131lmas\u0131 gerekti\u011fini\u00a0vurgulad\u0131: &#8220;\u00c7o\u011fu asgari \u00fccretin alt\u0131nda maa\u015f alan emeklilerimize Ramazan ay\u0131nda reva g\u00f6r\u00fclen bu ikramiye kabul edilemez. En az\u0131ndan bayramda emeklilerimizi sevindirin, torunlar\u0131na mahcup etmeyin, y\u00fczlerini e\u011fdirmeyin. Maa\u015flar\u0131na zam yapmad\u0131n\u0131z, bari bu \u015fekilde telafi edin!&#8221; &#8220;\u0130KRAM\u0130YE EN AZ ASGAR\u0130 \u00dcCRET OLMALI!&#8221; \u00c7al\u0131\u015fkan,\u00a0emeklilerin hak ettikleri ya\u015fam standard\u0131na ula\u015fmalar\u0131 i\u00e7in daha adil bir d\u00fczenleme yap\u0131lmas\u0131 gerekti\u011fini\u00a0belirterek,\u00a0&#8220;Bu ikramiye en az bir asgari \u00fccret olmal\u0131d\u0131r!&#8221;\u00a0\u00e7a\u011fr\u0131s\u0131nda bulundu.\u00a0Meclis\u2019in bu konuda gereken ad\u0131mlar\u0131 atmas\u0131 gerekti\u011fini\u00a0s\u00f6yleyen \u00c7al\u0131\u015fkan, emeklilerin daha fazla ma\u011fdur edilmemesi i\u00e7in konunun takip\u00e7isi olacaklar\u0131n\u0131 ifade etti. \u200b&#8221;B\u00fcy\u00fck Bir Hayal K\u0131r\u0131kl\u0131\u011f\u0131!\u201d Saadet Partisi Hatay Milletvekili\u00a0Do\u00e7. Dr. Necmettin \u00c7al\u0131\u015fkan, h\u00fck\u00fcmetin emeklilere verilecek bayram ikramiyesine ili\u015fkin yapt\u0131\u011f\u0131 a\u00e7\u0131klamaya sert tepki g\u00f6sterdi.\u00a0 \u200bHaberin Al\u0131nt\u0131land\u0131\u011f\u0131 Kaynak: www.iskenderun.org"}