{"version":"1.0","provider_name":"Av. Deniz Can K\u0131z\u0131l","provider_url":"http:\/\/denizcankizil.tr\/ru","author_name":"admin","author_url":"http:\/\/denizcankizil.tr\/ru\/author\/admin\/","title":"Bursa\u2019dan ba\u015flayan \u201cOrman Benim\u201d T\u00fcrkiye\u2019ye yay\u0131l\u0131yor","type":"rich","width":600,"height":338,"html":"<blockquote class=\"wp-embedded-content\" data-secret=\"RTIjNKiVyH\"><a href=\"http:\/\/denizcankizil.tr\/ru\/haberler\/gundem\/bursadan-baslayan-orman-benim-turkiyeye-yayiliyor\/\">Bursa\u2019dan ba\u015flayan \u201cOrman Benim\u201d T\u00fcrkiye\u2019ye yay\u0131l\u0131yor<\/a><\/blockquote><iframe sandbox=\"allow-scripts\" security=\"restricted\" src=\"http:\/\/denizcankizil.tr\/ru\/haberler\/gundem\/bursadan-baslayan-orman-benim-turkiyeye-yayiliyor\/embed\/#?secret=RTIjNKiVyH\" width=\"600\" height=\"338\" title=\"\u00abBursa\u2019dan ba\u015flayan \u201cOrman Benim\u201d T\u00fcrkiye\u2019ye yay\u0131l\u0131yor\u00bb &#8212; Av. Deniz Can K\u0131z\u0131l\" data-secret=\"RTIjNKiVyH\" frameborder=\"0\" marginwidth=\"0\" marginheight=\"0\" scrolling=\"no\" class=\"wp-embedded-content\"><\/iframe><script>\n\/*! This file is auto-generated *\/\n!function(d,l){\"use strict\";l.querySelector&&d.addEventListener&&\"undefined\"!=typeof URL&&(d.wp=d.wp||{},d.wp.receiveEmbedMessage||(d.wp.receiveEmbedMessage=function(e){var t=e.data;if((t||t.secret||t.message||t.value)&&!\/[^a-zA-Z0-9]\/.test(t.secret)){for(var s,r,n,a=l.querySelectorAll('iframe[data-secret=\"'+t.secret+'\"]'),o=l.querySelectorAll('blockquote[data-secret=\"'+t.secret+'\"]'),c=new RegExp(\"^https?:$\",\"i\"),i=0;i<o.length;i++)o[i].style.display=\"none\";for(i=0;i<a.length;i++)s=a[i],e.source===s.contentWindow&&(s.removeAttribute(\"style\"),\"height\"===t.message?(1e3<(r=parseInt(t.value,10))?r=1e3:~~r<200&&(r=200),s.height=r):\"link\"===t.message&&(r=new URL(s.getAttribute(\"src\")),n=new URL(t.value),c.test(n.protocol))&&n.host===r.host&&l.activeElement===s&&(d.top.location.href=t.value))}},d.addEventListener(\"message\",d.wp.receiveEmbedMessage,!1),l.addEventListener(\"DOMContentLoaded\",function(){for(var e,t,s=l.querySelectorAll(\"iframe.wp-embedded-content\"),r=0;r<s.length;r++)(t=(e=s[r]).getAttribute(\"data-secret\"))||(t=Math.random().toString(36).substring(2,12),e.src+=\"#?secret=\"+t,e.setAttribute(\"data-secret\",t)),e.contentWindow.postMessage({message:\"ready\",secret:t},\"*\")},!1)))}(window,document);\n\/\/# sourceURL=http:\/\/denizcankizil.tr\/wp-includes\/js\/wp-embed.min.js\n<\/script>","description":"Bursa\u2019da orman yang\u0131nlar\u0131n\u0131n \u00f6nlenmesine y\u00f6nelik fark\u0131ndal\u0131k olu\u015fturmak amac\u0131yla hayata ge\u00e7irilen \u201cOrman Benim\u201d Orman G\u00f6n\u00fcll\u00fcleri E\u011fitimi Program\u0131, Merinos Atat\u00fcrk Kongre ve K\u00fclt\u00fcr Merkezi Orhangazi Salonunda d\u00fczenlenen t\u00f6renle ba\u015flad\u0131.BURSA (\u0130GFA) &#8211; T\u00f6rene Bursa Vali Yard\u0131mc\u0131lar\u0131 Kadir Sertel Otcu ve Hulusi Do\u011fan, \u0130l Mill\u00ee E\u011fitim M\u00fcd\u00fcr\u00fc Dr. Ahmet Alireiso\u011flu, Bursa Orman B\u00f6lge M\u00fcd\u00fcr\u00fc Erdal \u015eahan ile birlikte \u00e7ok say\u0131da e\u011fitimci ve protokol \u00fcyesi kat\u0131ld\u0131. Program, \u0130l Mill\u00ee E\u011fitim M\u00fcd\u00fcrl\u00fc\u011f\u00fc \u0130\u015fyeri Sa\u011fl\u0131k ve G\u00fcvenlik Birimi koordinasyonunda, Orman Genel M\u00fcd\u00fcrl\u00fc\u011f\u00fcn\u00fcn ana payda\u015fl\u0131\u011f\u0131nda y\u00fcr\u00fct\u00fcl\u00fcyor. Proje, orman yang\u0131nlar\u0131n\u0131n insan kaynakl\u0131 sebeplerine dikkat \u00e7ekerek, \u00f6zellikle \u00e7ocuklar ve aileleri ba\u015fta olmak \u00fczere toplumun t\u00fcm kesimlerinde \u00e7evre bilinci olu\u015fturmay\u0131 ama\u00e7l\u0131yor. E\u011e\u0130T\u0130C\u0130LER\u0130N E\u011e\u0130T\u0130M\u0130YLE BA\u015eLIYOR \u201cOrman Benim\u201d projesinin ilk a\u015famas\u0131 olan \u201cE\u011fiticilerin E\u011fitimi\u201d, 11 Haziran\u2019da Merinos AKKM\u2019de ba\u015flad\u0131. Merkez il\u00e7elerdeki okullardan se\u00e7ilen g\u00f6n\u00fcll\u00fc \u00f6\u011fretmenler, Orman B\u00f6lge M\u00fcd\u00fcrl\u00fc\u011f\u00fc taraf\u0131ndan verilen e\u011fitimlere kat\u0131ld\u0131. Bu \u00f6\u011fretmenler, yang\u0131nlar\u0131n \u00f6nlenmesi ve do\u011fa bilincinin geli\u015ftirilmesi konusunda bilgi ve becerilerle donat\u0131ld\u0131. 12-13 Haziran tarihlerinde \u00f6\u011fretmenler, kendi okullar\u0131nda bu bilgileri meslekta\u015flar\u0131na aktaracak. Ard\u0131ndan, 16 Haziran\u2019da Bursa\u2019daki t\u00fcm okullarda ilk ders saatinde \u201cOrman Benim\u201d temas\u0131 i\u015flenecek. \u00d6\u011frencilere ormanlar\u0131n korunmas\u0131, yang\u0131nlar\u0131n \u00f6nlenmesi ve \u00e7evre bilinci konular\u0131nda bilgi verilecek. TOPLUMUN T\u00dcM KES\u0130MLER\u0130N\u0130 KAPSAYAN GEN\u0130\u015e B\u0130R HAREKET Proje yaln\u0131zca \u00f6\u011fretmen ve \u00f6\u011frencilerle s\u0131n\u0131rl\u0131 de\u011fil. Aileler, yerel y\u00f6netimler ve sivil toplum da bu kampanyaya d\u00e2hil &hellip;"}