{"version":"1.0","provider_name":"Av. Deniz Can K\u0131z\u0131l","provider_url":"http:\/\/denizcankizil.tr\/ru","author_name":"admin","author_url":"http:\/\/denizcankizil.tr\/ru\/author\/admin\/","title":"Bursa\u2019da g\u00fcr\u00fclt\u00fc kirlili\u011fiyle m\u00fccadeleye devam","type":"rich","width":600,"height":338,"html":"<blockquote class=\"wp-embedded-content\" data-secret=\"jrpRpL2Cxh\"><a href=\"http:\/\/denizcankizil.tr\/ru\/haberler\/gundem\/bursada-gurultu-kirliligiyle-mucadeleye-devam\/\">Bursa\u2019da g\u00fcr\u00fclt\u00fc kirlili\u011fiyle m\u00fccadeleye devam<\/a><\/blockquote><iframe sandbox=\"allow-scripts\" security=\"restricted\" src=\"http:\/\/denizcankizil.tr\/ru\/haberler\/gundem\/bursada-gurultu-kirliligiyle-mucadeleye-devam\/embed\/#?secret=jrpRpL2Cxh\" width=\"600\" height=\"338\" title=\"\u00abBursa\u2019da g\u00fcr\u00fclt\u00fc kirlili\u011fiyle m\u00fccadeleye devam\u00bb &#8212; Av. Deniz Can K\u0131z\u0131l\" data-secret=\"jrpRpL2Cxh\" frameborder=\"0\" marginwidth=\"0\" marginheight=\"0\" scrolling=\"no\" class=\"wp-embedded-content\"><\/iframe><script>\n\/*! This file is auto-generated *\/\n!function(d,l){\"use strict\";l.querySelector&&d.addEventListener&&\"undefined\"!=typeof URL&&(d.wp=d.wp||{},d.wp.receiveEmbedMessage||(d.wp.receiveEmbedMessage=function(e){var t=e.data;if((t||t.secret||t.message||t.value)&&!\/[^a-zA-Z0-9]\/.test(t.secret)){for(var s,r,n,a=l.querySelectorAll('iframe[data-secret=\"'+t.secret+'\"]'),o=l.querySelectorAll('blockquote[data-secret=\"'+t.secret+'\"]'),c=new RegExp(\"^https?:$\",\"i\"),i=0;i<o.length;i++)o[i].style.display=\"none\";for(i=0;i<a.length;i++)s=a[i],e.source===s.contentWindow&&(s.removeAttribute(\"style\"),\"height\"===t.message?(1e3<(r=parseInt(t.value,10))?r=1e3:~~r<200&&(r=200),s.height=r):\"link\"===t.message&&(r=new URL(s.getAttribute(\"src\")),n=new URL(t.value),c.test(n.protocol))&&n.host===r.host&&l.activeElement===s&&(d.top.location.href=t.value))}},d.addEventListener(\"message\",d.wp.receiveEmbedMessage,!1),l.addEventListener(\"DOMContentLoaded\",function(){for(var e,t,s=l.querySelectorAll(\"iframe.wp-embedded-content\"),r=0;r<s.length;r++)(t=(e=s[r]).getAttribute(\"data-secret\"))||(t=Math.random().toString(36).substring(2,12),e.src+=\"#?secret=\"+t,e.setAttribute(\"data-secret\",t)),e.contentWindow.postMessage({message:\"ready\",secret:t},\"*\")},!1)))}(window,document);\n\/\/# sourceURL=http:\/\/denizcankizil.tr\/wp-includes\/js\/wp-embed.min.js\n<\/script>","description":"Bursa B\u00fcy\u00fck\u015fehir Belediyesi, kentteki g\u00fcr\u00fclt\u00fc d\u00fczeyini kontrol alt\u0131nda tutmak ve ya\u015fam kalitesini art\u0131rmak amac\u0131yla \u2018Bursa G\u00fcr\u00fclt\u00fc Eylem Planlar\u0131\u2019 kapsam\u0131ndaki \u00e7al\u0131\u015fmalar\u0131n\u0131 aral\u0131ks\u0131z s\u00fcrd\u00fcr\u00fcyor.BURSA (\u0130GFA) &#8211; Bursa\u2019da \u00e7evresel g\u00fcr\u00fclt\u00fcy\u00fc azaltarak halk\u0131n ya\u015fam konforunu y\u00fckseltmeyi ama\u00e7layan B\u00fcy\u00fck\u015fehir Belediyesi, \u00c7evre, \u015eehircilik ve \u0130klim De\u011fi\u015fikli\u011fi Bakanl\u0131\u011f\u0131 taraf\u0131ndan onaylanan G\u00fcr\u00fclt\u00fc Eylem Plan\u0131 Raporu do\u011frultusunda \u00e7al\u0131\u015fmalar\u0131n\u0131 s\u00fcrd\u00fcr\u00fcyor. Kurumlardan al\u0131nan geri bildirimler do\u011frultusunda alt\u0131 ayda bir eylem plan\u0131 raporunun ilerleme durumu \u00c7evre Koruma ve Kontrol Dairesi Ba\u015fkanl\u0131\u011f\u0131 \u00c7evre Kontrol \u015eube M\u00fcd\u00fcrl\u00fc\u011f\u00fc taraf\u0131ndan takip ediliyor. \u00c7evre Kontrol \u015eube M\u00fcd\u00fcrl\u00fc\u011f\u00fc taraf\u0131ndan \u2018Bursa G\u00fcr\u00fclt\u00fc Eylem Planlar\u0131\u2019 kapsam\u0131nda d\u00fczenlenen teknik de\u011ferlendirme ve koordinasyon toplant\u0131lar\u0131nda, kurum i\u00e7i birimlere ve di\u011fer kamu kurumlar\u0131na \u00e7al\u0131\u015fmalar hakk\u0131nda bilgi verildi. Kurum i\u00e7i ve il\u00e7e belediyeleri, emniyet m\u00fcd\u00fcrl\u00fc\u011f\u00fc, il\u00e7e zab\u0131ta birimleri ve di\u011fer kurum yetkililerinin kat\u0131l\u0131m\u0131yla yap\u0131lan toplant\u0131larda birim temsilcilerine, kentin farkl\u0131 b\u00f6lgelerindeki g\u00fcr\u00fclt\u00fc seviyelerinin detayl\u0131 bir \u015fekilde analiz edilmi\u015f halini sunan stratejik g\u00fcr\u00fclt\u00fc haritalar\u0131 anlat\u0131ld\u0131. Toplant\u0131larda, \u00f6zellikle yaz aylar\u0131nda ya\u015fam kalitesinin d\u00fc\u015fmesine neden olan yo\u011fun g\u00fcr\u00fclt\u00fc alanlar\u0131, ortak y\u00fcr\u00fct\u00fclecek \u00e7al\u0131\u015fmalar, g\u00fcr\u00fclt\u00fcden en \u00e7ok etkilenen b\u00f6lgelerdeki halk sa\u011fl\u0131\u011f\u0131 riskleri, okul, hastane gibi hassas alanlar\u0131n yak\u0131n\u0131nda belirlenen y\u00fcksek g\u00fcr\u00fclt\u00fc seviyeleri ele al\u0131nd\u0131. Bursa B\u00fcy\u00fck\u015fehir Belediye Ba\u015fkan\u0131 Mustafa Bozbey\u2019in \u00e7evresel sorunlara \u00e7\u00f6z\u00fcm yollar\u0131 \u00fcretilmesine b\u00fcy\u00fck \u00f6nem verdi\u011fini belirten \u00c7evre Koruma ve Kontrol Dairesi Ba\u015fkan\u0131 Ali Alper Makam, G\u00fcr\u00fclt\u00fc Eylem Plan\u0131 &hellip;"}