{"version":"1.0","provider_name":"Av. Deniz Can K\u0131z\u0131l","provider_url":"http:\/\/denizcankizil.tr\/ru","author_name":"admin","author_url":"http:\/\/denizcankizil.tr\/ru\/author\/admin\/","title":"Bayram\u0131n 1. g\u00fcn\u00fc yurtta hava nas\u0131l olacak?","type":"rich","width":600,"height":338,"html":"<blockquote class=\"wp-embedded-content\" data-secret=\"OJVvTGtYnG\"><a href=\"http:\/\/denizcankizil.tr\/ru\/haberler\/gundem\/bayramin-1-gunu-yurtta-hava-nasil-olacak\/\">Bayram\u0131n 1. g\u00fcn\u00fc yurtta hava nas\u0131l olacak?<\/a><\/blockquote><iframe sandbox=\"allow-scripts\" security=\"restricted\" src=\"http:\/\/denizcankizil.tr\/ru\/haberler\/gundem\/bayramin-1-gunu-yurtta-hava-nasil-olacak\/embed\/#?secret=OJVvTGtYnG\" width=\"600\" height=\"338\" title=\"\u00abBayram\u0131n 1. g\u00fcn\u00fc yurtta hava nas\u0131l olacak?\u00bb &#8212; Av. Deniz Can K\u0131z\u0131l\" data-secret=\"OJVvTGtYnG\" frameborder=\"0\" marginwidth=\"0\" marginheight=\"0\" scrolling=\"no\" class=\"wp-embedded-content\"><\/iframe><script>\n\/*! This file is auto-generated *\/\n!function(d,l){\"use strict\";l.querySelector&&d.addEventListener&&\"undefined\"!=typeof URL&&(d.wp=d.wp||{},d.wp.receiveEmbedMessage||(d.wp.receiveEmbedMessage=function(e){var t=e.data;if((t||t.secret||t.message||t.value)&&!\/[^a-zA-Z0-9]\/.test(t.secret)){for(var s,r,n,a=l.querySelectorAll('iframe[data-secret=\"'+t.secret+'\"]'),o=l.querySelectorAll('blockquote[data-secret=\"'+t.secret+'\"]'),c=new RegExp(\"^https?:$\",\"i\"),i=0;i<o.length;i++)o[i].style.display=\"none\";for(i=0;i<a.length;i++)s=a[i],e.source===s.contentWindow&&(s.removeAttribute(\"style\"),\"height\"===t.message?(1e3<(r=parseInt(t.value,10))?r=1e3:~~r<200&&(r=200),s.height=r):\"link\"===t.message&&(r=new URL(s.getAttribute(\"src\")),n=new URL(t.value),c.test(n.protocol))&&n.host===r.host&&l.activeElement===s&&(d.top.location.href=t.value))}},d.addEventListener(\"message\",d.wp.receiveEmbedMessage,!1),l.addEventListener(\"DOMContentLoaded\",function(){for(var e,t,s=l.querySelectorAll(\"iframe.wp-embedded-content\"),r=0;r<s.length;r++)(t=(e=s[r]).getAttribute(\"data-secret\"))||(t=Math.random().toString(36).substring(2,12),e.src+=\"#?secret=\"+t,e.setAttribute(\"data-secret\",t)),e.contentWindow.postMessage({message:\"ready\",secret:t},\"*\")},!1)))}(window,document);\n\/\/# sourceURL=http:\/\/denizcankizil.tr\/wp-includes\/js\/wp-embed.min.js\n<\/script>","description":"Meteoroloji Genel M\u00fcd\u00fcrl\u00fc\u011f\u00fc\u2019n\u00fcn yay\u0131mlad\u0131\u011f\u0131 hava raporuna g\u00f6re, T\u00fcrkiye\u2019nin do\u011fu kesimlerinde sa\u011fanak ya\u011f\u0131\u015f beklenirken, i\u00e7 b\u00f6lgelerde s\u0131cakl\u0131klar mevsim normallerinin \u00fczerinde seyredecek.BURSA (\u0130GFA) &#8211; Meteoroloji Genel M\u00fcd\u00fcrl\u00fc\u011f\u00fc 6 Haziran Cuma g\u00fcn\u00fcne ili\u015fkin hava tahmin raporunu yay\u0131mlad\u0131. Buna g\u00f6re T\u00fcrkiye&#8217;nin do\u011fu kesimlerinin par\u00e7al\u0131 yer yer \u00e7ok bulutlu olaca\u011f\u0131 hava raporunda, Do\u011fu Anadolu\u2019nun do\u011fusu, Artvin\u2019in i\u00e7 kesimleri ile bu ak\u015fam Edirne&#8217;nin kuzeyinin yerel olmak \u00fczere sa\u011fanak ve g\u00f6k g\u00fcr\u00fclt\u00fcl\u00fc sa\u011fanak ya\u011f\u0131\u015fl\u0131, di\u011fer yerlerin az bulutlu ve a\u00e7\u0131k ge\u00e7ece\u011fi tahmin ediliyor. Mevsim normallerinin \u00fczerinde seyredecek s\u0131cakl\u0131klar\u0131n, i\u00e7 kesimlerde biraz daha artmas\u0131 beklenirken, r\u00fczgar\u0131n genellikle kuzey y\u00f6nlerden hafif, ara s\u0131ra orta kuvvette esmesi bekleniyor. \u200bMeteoroloji Genel M\u00fcd\u00fcrl\u00fc\u011f\u00fc\u2019n\u00fcn yay\u0131mlad\u0131\u011f\u0131 hava raporuna g\u00f6re, T\u00fcrkiye\u2019nin do\u011fu kesimlerinde sa\u011fanak ya\u011f\u0131\u015f beklenirken, i\u00e7 b\u00f6lgelerde s\u0131cakl\u0131klar mevsim normallerinin \u00fczerinde seyredecek.BURSA (\u0130GFA) &#8211; Meteoroloji Genel M\u00fcd\u00fcrl\u00fc\u011f\u00fc 6 Haziran Cuma g\u00fcn\u00fcne ili\u015fkin hava tahmin raporunu yay\u0131mlad\u0131. Buna g\u00f6re T\u00fcrkiye&#8217;nin do\u011fu kesimlerinin par\u00e7al\u0131 yer yer \u00e7ok bulutlu olaca\u011f\u0131 hava raporunda, Do\u011fu Anadolu\u2019nun do\u011fusu, Artvin\u2019in i\u00e7 kesimleri ile bu ak\u015fam Edirne&#8217;nin kuzeyinin yerel olmak \u00fczere sa\u011fanak ve g\u00f6k g\u00fcr\u00fclt\u00fcl\u00fc sa\u011fanak ya\u011f\u0131\u015fl\u0131, di\u011fer yerlerin az bulutlu ve a\u00e7\u0131k ge\u00e7ece\u011fi tahmin ediliyor. Mevsim normallerinin \u00fczerinde seyredecek s\u0131cakl\u0131klar\u0131n, i\u00e7 kesimlerde biraz daha artmas\u0131 beklenirken, r\u00fczgar\u0131n genellikle kuzey y\u00f6nlerden hafif, ara s\u0131ra orta kuvvette esmesi bekleniyor.\u00a0 \u200bHaberin Al\u0131nt\u0131land\u0131\u011f\u0131 Kaynak: www.iskenderun.org"}