{"version":"1.0","provider_name":"Av. Deniz Can K\u0131z\u0131l","provider_url":"http:\/\/denizcankizil.tr\/ru","author_name":"admin","author_url":"http:\/\/denizcankizil.tr\/ru\/author\/admin\/","title":"Ba\u015fkan Tugay: Siz tasarlay\u0131n birlikte uygulayal\u0131m","type":"rich","width":600,"height":338,"html":"<blockquote class=\"wp-embedded-content\" data-secret=\"KS7Vf1YtrF\"><a href=\"http:\/\/denizcankizil.tr\/ru\/haberler\/gundem\/baskan-tugay-siz-tasarlayin-birlikte-uygulayalim\/\">Ba\u015fkan Tugay: Siz tasarlay\u0131n birlikte uygulayal\u0131m<\/a><\/blockquote><iframe sandbox=\"allow-scripts\" security=\"restricted\" src=\"http:\/\/denizcankizil.tr\/ru\/haberler\/gundem\/baskan-tugay-siz-tasarlayin-birlikte-uygulayalim\/embed\/#?secret=KS7Vf1YtrF\" width=\"600\" height=\"338\" title=\"\u00abBa\u015fkan Tugay: Siz tasarlay\u0131n birlikte uygulayal\u0131m\u00bb &#8212; Av. Deniz Can K\u0131z\u0131l\" data-secret=\"KS7Vf1YtrF\" frameborder=\"0\" marginwidth=\"0\" marginheight=\"0\" scrolling=\"no\" class=\"wp-embedded-content\"><\/iframe><script>\n\/*! This file is auto-generated *\/\n!function(d,l){\"use strict\";l.querySelector&&d.addEventListener&&\"undefined\"!=typeof URL&&(d.wp=d.wp||{},d.wp.receiveEmbedMessage||(d.wp.receiveEmbedMessage=function(e){var t=e.data;if((t||t.secret||t.message||t.value)&&!\/[^a-zA-Z0-9]\/.test(t.secret)){for(var s,r,n,a=l.querySelectorAll('iframe[data-secret=\"'+t.secret+'\"]'),o=l.querySelectorAll('blockquote[data-secret=\"'+t.secret+'\"]'),c=new RegExp(\"^https?:$\",\"i\"),i=0;i<o.length;i++)o[i].style.display=\"none\";for(i=0;i<a.length;i++)s=a[i],e.source===s.contentWindow&&(s.removeAttribute(\"style\"),\"height\"===t.message?(1e3<(r=parseInt(t.value,10))?r=1e3:~~r<200&&(r=200),s.height=r):\"link\"===t.message&&(r=new URL(s.getAttribute(\"src\")),n=new URL(t.value),c.test(n.protocol))&&n.host===r.host&&l.activeElement===s&&(d.top.location.href=t.value))}},d.addEventListener(\"message\",d.wp.receiveEmbedMessage,!1),l.addEventListener(\"DOMContentLoaded\",function(){for(var e,t,s=l.querySelectorAll(\"iframe.wp-embedded-content\"),r=0;r<s.length;r++)(t=(e=s[r]).getAttribute(\"data-secret\"))||(t=Math.random().toString(36).substring(2,12),e.src+=\"#?secret=\"+t,e.setAttribute(\"data-secret\",t)),e.contentWindow.postMessage({message:\"ready\",secret:t},\"*\")},!1)))}(window,document);\n\/\/# sourceURL=http:\/\/denizcankizil.tr\/wp-includes\/js\/wp-embed.min.js\n<\/script>","description":"\u0130zmir B\u00fcy\u00fck\u015fehir Belediye Ba\u015fkan\u0131 Dr. Cemil Tugay\u2019\u0131n kat\u0131l\u0131mc\u0131 belediyecilik anlay\u0131\u015f\u0131yla \u0130zmirlilerin kamusal alanlardan daha nitelikli ve daha g\u00fcvenli bir \u015fekilde faydalanabilmeleri i\u00e7in ba\u015flatt\u0131\u011f\u0131 G\u00fczel \u0130zmir Hareketi s\u00fcr\u00fcyor.\u0130ZM\u0130R (\u0130GFA) &#8211; Ba\u015fkan Tugay, uzmanlar ve \u00fcniversite \u00f6\u011frencileriyle bir araya geldi\u011fi \u201cG\u00fczel \u0130zmir Hareketi B\u00fcy\u00fcyor, Kente Yay\u0131l\u0131yor\u201d panelinde konu\u015ftu. Gen\u00e7lere seslenen Tugay, \u201cSizler tasarlay\u0131n, sonra birlikte uygulayal\u0131m. Hepimiz k\u00f6\u015felerimize \u00e7ekildi\u011fimizde ke\u015fke bu \u015fehirde daha fazla s\u00f6z\u00fcm\u00fcz ge\u00e7se, daha fazla fikirlerimiz hayata ge\u00e7se diyoruz. \u0130\u015fte bu bir uygulama f\u0131rsat\u0131. Bu hareketin b\u00fcy\u00fcyerek geli\u015fece\u011fine inan\u0131yorum\u201d dedi. \u0130zmir B\u00fcy\u00fck\u015fehir Belediye Ba\u015fkan\u0131 Dr. Cemil Tugay, kamusal alanlar\u0131n daha nitelikli hale getirilmesi amac\u0131yla \u0130zmirlilerle birlikte kat\u0131l\u0131mc\u0131 belediyecilik anlay\u0131\u015f\u0131yla ba\u015flat\u0131lan G\u00fczel \u0130zmir Hareketi kapsam\u0131nda d\u00fczenlenen panele kat\u0131ld\u0131. Kemeralt\u0131 \u00c7ar\u015f\u0131s\u0131 Havra Soka\u011f\u0131\u2019nda yer alan Tarihi Ak\u0131n Pasaj\u0131\u2019ndaki \u201cG\u00fczel \u0130zmir Hareketi B\u00fcy\u00fcyor, Kente Yay\u0131l\u0131yor\u201d panelinde \u00fcniversite \u00f6\u011frencileri, tasar\u0131mc\u0131lar, \u015fehir planc\u0131lar\u0131, yerel y\u00f6netim temsilcileri ve b\u00fcrokratlar bulu\u015ftu. \u015eehir Planc\u0131s\u0131 Ali Faruk G\u00f6ksu\u2019nun moderat\u00f6rl\u00fc\u011f\u00fcnde yap\u0131lan panelde G\u00fczel \u0130zmir Hareketi Koordinat\u00f6r\u00fc Esra Y\u0131lmaz Keskin de \u0130zmir B\u00fcy\u00fck\u015fehir Belediyesi\u2019nin i\u015ftiraki Ege\u015fehir A\u015e b\u00fcnyesinde geli\u015ftirilen proje hakk\u0131nda bilgi verdi. Etkinlikte kat\u0131l\u0131mc\u0131lar aras\u0131nda fikir al\u0131\u015fveri\u015finde de bulunuldu. KATILIMCILIK VURGUSU Panelde konu\u015fan \u0130zmir B\u00fcy\u00fck\u015fehir Belediye Ba\u015fkan\u0131 Dr. Cemil Tugay, kat\u0131l\u0131mc\u0131 y\u00f6netim anlay\u0131\u015f\u0131n\u0131n \u00f6nemine dikkat \u00e7ekerek \u201cKat\u0131l\u0131mc\u0131l\u0131\u011f\u0131 pek \u00e7ok alanda sa\u011flamam\u0131z laz\u0131m. Bir birim kurduk. O birim kendisine G\u00fczel &hellip;"}