{"version":"1.0","provider_name":"Av. Deniz Can K\u0131z\u0131l","provider_url":"http:\/\/denizcankizil.tr\/ru","author_name":"Av. Deniz Can K\u0131z\u0131l","author_url":"http:\/\/denizcankizil.tr\/ru","title":"Ba\u015fkan \u015eadi \u00d6zdemir engelli bireylerle bulu\u015ftu","type":"rich","width":600,"height":338,"html":"<blockquote class=\"wp-embedded-content\" data-secret=\"yYEh08mE23\"><a href=\"http:\/\/denizcankizil.tr\/ru\/haberler\/gundem\/baskan-sadi-ozdemir-engelli-bireylerle-bulustu\/\">Ba\u015fkan \u015eadi \u00d6zdemir engelli bireylerle bulu\u015ftu<\/a><\/blockquote><iframe sandbox=\"allow-scripts\" security=\"restricted\" src=\"http:\/\/denizcankizil.tr\/ru\/haberler\/gundem\/baskan-sadi-ozdemir-engelli-bireylerle-bulustu\/embed\/#?secret=yYEh08mE23\" width=\"600\" height=\"338\" title=\"\u00abBa\u015fkan \u015eadi \u00d6zdemir engelli bireylerle bulu\u015ftu\u00bb &#8212; Av. Deniz Can K\u0131z\u0131l\" data-secret=\"yYEh08mE23\" frameborder=\"0\" marginwidth=\"0\" marginheight=\"0\" scrolling=\"no\" class=\"wp-embedded-content\"><\/iframe><script>\n\/*! This file is auto-generated *\/\n!function(d,l){\"use strict\";l.querySelector&&d.addEventListener&&\"undefined\"!=typeof URL&&(d.wp=d.wp||{},d.wp.receiveEmbedMessage||(d.wp.receiveEmbedMessage=function(e){var t=e.data;if((t||t.secret||t.message||t.value)&&!\/[^a-zA-Z0-9]\/.test(t.secret)){for(var s,r,n,a=l.querySelectorAll('iframe[data-secret=\"'+t.secret+'\"]'),o=l.querySelectorAll('blockquote[data-secret=\"'+t.secret+'\"]'),c=new RegExp(\"^https?:$\",\"i\"),i=0;i<o.length;i++)o[i].style.display=\"none\";for(i=0;i<a.length;i++)s=a[i],e.source===s.contentWindow&&(s.removeAttribute(\"style\"),\"height\"===t.message?(1e3<(r=parseInt(t.value,10))?r=1e3:~~r<200&&(r=200),s.height=r):\"link\"===t.message&&(r=new URL(s.getAttribute(\"src\")),n=new URL(t.value),c.test(n.protocol))&&n.host===r.host&&l.activeElement===s&&(d.top.location.href=t.value))}},d.addEventListener(\"message\",d.wp.receiveEmbedMessage,!1),l.addEventListener(\"DOMContentLoaded\",function(){for(var e,t,s=l.querySelectorAll(\"iframe.wp-embedded-content\"),r=0;r<s.length;r++)(t=(e=s[r]).getAttribute(\"data-secret\"))||(t=Math.random().toString(36).substring(2,12),e.src+=\"#?secret=\"+t,e.setAttribute(\"data-secret\",t)),e.contentWindow.postMessage({message:\"ready\",secret:t},\"*\")},!1)))}(window,document);\n\/\/# sourceURL=http:\/\/denizcankizil.tr\/wp-includes\/js\/wp-embed.min.js\n<\/script>","description":"Nil\u00fcfer Belediye Ba\u015fkan\u0131 \u015eadi \u00d6zdemir, Bizim Ev Engelliler Sosyal Ya\u015fam Destek Merkezi\u2019ni ziyaret ederek engelli bireylerle bir araya geldi. Yap\u0131lan \u00e7al\u0131\u015fmalar\u0131 yerinde inceleyen Ba\u015fkan \u015eadi \u00d6zdemir, \u201cAmac\u0131m\u0131z sorunlar\u0131 azaltarak engelli vatanda\u015flar\u0131m\u0131za daha iyi bir ya\u015fam sunmak\u201d dedi.\u00a0 \u200bNil\u00fcfer Belediye Ba\u015fkan\u0131 \u015eadi \u00d6zdemir, Bizim Ev Engelliler Sosyal Ya\u015fam Destek Merkezi\u2019ni ziyaret ederek engelli bireylerle bir araya geldi. Yap\u0131lan \u00e7al\u0131\u015fmalar\u0131 yerinde inceleyen Ba\u015fkan \u015eadi \u00d6zdemir, \u201cAmac\u0131m\u0131z sorunlar\u0131 azaltarak engelli vatanda\u015flar\u0131m\u0131za daha iyi bir ya\u015fam sunmak\u201d dedi.\u00a0\u00a0 \u200bHaberin Al\u0131nt\u0131land\u0131\u011f\u0131 Kaynak: www.iskenderun.org"}