{"version":"1.0","provider_name":"Av. Deniz Can K\u0131z\u0131l","provider_url":"http:\/\/denizcankizil.tr\/ru","author_name":"admin","author_url":"http:\/\/denizcankizil.tr\/ru\/author\/admin\/","title":"Ba\u015fkan \u00d6nt\u00fcrk \u0130GC Ziyaretinde konu\u015ftu\u2026","type":"rich","width":600,"height":338,"html":"<blockquote class=\"wp-embedded-content\" data-secret=\"DQv4Z8sKdh\"><a href=\"http:\/\/denizcankizil.tr\/ru\/haberler\/gundem\/baskan-onturk-igc-ziyaretinde-konustu\/\">Ba\u015fkan \u00d6nt\u00fcrk \u0130GC Ziyaretinde konu\u015ftu\u2026<\/a><\/blockquote><iframe sandbox=\"allow-scripts\" security=\"restricted\" src=\"http:\/\/denizcankizil.tr\/ru\/haberler\/gundem\/baskan-onturk-igc-ziyaretinde-konustu\/embed\/#?secret=DQv4Z8sKdh\" width=\"600\" height=\"338\" title=\"\u00abBa\u015fkan \u00d6nt\u00fcrk \u0130GC Ziyaretinde konu\u015ftu\u2026\u00bb &#8212; Av. Deniz Can K\u0131z\u0131l\" data-secret=\"DQv4Z8sKdh\" frameborder=\"0\" marginwidth=\"0\" marginheight=\"0\" scrolling=\"no\" class=\"wp-embedded-content\"><\/iframe><script>\n\/*! This file is auto-generated *\/\n!function(d,l){\"use strict\";l.querySelector&&d.addEventListener&&\"undefined\"!=typeof URL&&(d.wp=d.wp||{},d.wp.receiveEmbedMessage||(d.wp.receiveEmbedMessage=function(e){var t=e.data;if((t||t.secret||t.message||t.value)&&!\/[^a-zA-Z0-9]\/.test(t.secret)){for(var s,r,n,a=l.querySelectorAll('iframe[data-secret=\"'+t.secret+'\"]'),o=l.querySelectorAll('blockquote[data-secret=\"'+t.secret+'\"]'),c=new RegExp(\"^https?:$\",\"i\"),i=0;i<o.length;i++)o[i].style.display=\"none\";for(i=0;i<a.length;i++)s=a[i],e.source===s.contentWindow&&(s.removeAttribute(\"style\"),\"height\"===t.message?(1e3<(r=parseInt(t.value,10))?r=1e3:~~r<200&&(r=200),s.height=r):\"link\"===t.message&&(r=new URL(s.getAttribute(\"src\")),n=new URL(t.value),c.test(n.protocol))&&n.host===r.host&&l.activeElement===s&&(d.top.location.href=t.value))}},d.addEventListener(\"message\",d.wp.receiveEmbedMessage,!1),l.addEventListener(\"DOMContentLoaded\",function(){for(var e,t,s=l.querySelectorAll(\"iframe.wp-embedded-content\"),r=0;r<s.length;r++)(t=(e=s[r]).getAttribute(\"data-secret\"))||(t=Math.random().toString(36).substring(2,12),e.src+=\"#?secret=\"+t,e.setAttribute(\"data-secret\",t)),e.contentWindow.postMessage({message:\"ready\",secret:t},\"*\")},!1)))}(window,document);\n\/\/# sourceURL=http:\/\/denizcankizil.tr\/wp-includes\/js\/wp-embed.min.js\n<\/script>","description":"Toplant\u0131da g\u00f6reve geldikleri g\u00fcnden bu yana ge\u00e7en bir y\u0131ll\u0131k s\u00fcre\u00e7te y\u00fcr\u00fct\u00fclen hizmetleri de\u011ferlendiren Ba\u015fkan \u00d6nt\u00fcrk, Hatay genelinde e\u015fit ve adil bir y\u00f6netim anlay\u0131\u015f\u0131yla \u00e7al\u0131\u015ft\u0131klar\u0131n\u0131 vurgulad\u0131. \u201cHi\u00e7bir Ayr\u0131m Yapmadan Hizmet Ediyoruz\u201d \u0130skenderun\u2019un Hatay\u2019\u0131n ikinci b\u00fcy\u00fck il\u00e7esi oldu\u011funu hat\u0131rlatan Ba\u015fkan \u00d6nt\u00fcrk, il genelinde hizmetleri hi\u00e7bir ayr\u0131m yapmadan s\u00fcrd\u00fcrd\u00fcklerini belirtti. \u00d6nt\u00fcrk, \u201c15 il\u00e7emizin tamam\u0131nda \u00e7al\u0131\u015f\u0131yoruz. Herkesin hizmete eri\u015fimini \u00f6nemsiyoruz\u201d dedi. \u201cProjelerde En B\u00fcy\u00fck Engel Arsa Sorunu\u201d Hayata ge\u00e7irmeyi planlad\u0131klar\u0131 projelerin \u00f6n\u00fcndeki en b\u00fcy\u00fck engelin arsa s\u0131k\u0131nt\u0131s\u0131 oldu\u011funu ifade eden \u00d6nt\u00fcrk, Frans\u0131z i\u015fgali d\u00f6neminden kalma tapulama sorunlar\u0131n\u0131n bug\u00fcn de projeleri sekteye u\u011fratt\u0131\u011f\u0131n\u0131 belirtti. Hazine arazilerinin yetersizli\u011fi nedeniyle \u00e7evre yolu, sanayi sitesi gibi projelerde kamula\u015ft\u0131rma sorunlar\u0131 ya\u015fand\u0131\u011f\u0131n\u0131 ancak bu zorluklara ra\u011fmen t\u00fcm projeleri vatanda\u015flar\u0131 ma\u011fdur etmeden ger\u00e7ekle\u015ftireceklerini s\u00f6yledi. \u201cB\u00fcy\u00fck Projelere B\u00fct\u00fcnc\u00fcl Yakla\u015fmak \u015eart\u201d Ba\u015fkan \u00d6nt\u00fcrk, sanayi sitesi, otogar, kre\u015f gibi projelerin her il\u00e7eye \u00f6zel planland\u0131\u011f\u0131n\u0131; ancak \u015fehir hastanesi, b\u00f6lge hali gibi b\u00fcy\u00fck projelerde il\u00e7e s\u0131n\u0131rlar\u0131 yerine kentsel b\u00fct\u00fcnl\u00fck g\u00f6zetilmesi gerekti\u011fini vurgulad\u0131. \u0130skenderun\u2019da Yap\u0131lacak Projeler \u00d6nt\u00fcrk, \u0130skenderun \u00f6zelinde y\u00fcr\u00fct\u00fclen ve planlanan projeler hakk\u0131nda da bilgi verdi. Deprem sonras\u0131 hasar g\u00f6ren otogar alan\u0131ndaki hafriyat\u0131n kald\u0131r\u0131lmas\u0131n\u0131n ard\u0131ndan ihaleye \u00e7\u0131kacaklar\u0131n\u0131 a\u00e7\u0131klayan Ba\u015fkan \u00d6nt\u00fcrk, yap\u0131lacak projeleri \u015f\u00f6yle s\u0131ralad\u0131: K\u00fc\u00e7\u00fck Sanayi Sitesi i\u00e7in \u00e7al\u0131\u015fmalar ba\u015flat\u0131lacak. Numune Hastanesi yan\u0131nda Orman Park\u0131\u2019n\u0131n yap\u0131m\u0131 ba\u015flad\u0131. B\u00fcy\u00fckdere Plaj\u0131 yap\u0131m\u0131 s\u00fcr\u00fcyor. Feyezan Kanal\u0131 yaz aylar\u0131nda tamamlanacak. &hellip;"}