{"version":"1.0","provider_name":"Av. Deniz Can K\u0131z\u0131l","provider_url":"http:\/\/denizcankizil.tr\/ru","author_name":"admin","author_url":"http:\/\/denizcankizil.tr\/ru\/author\/admin\/","title":"Ba\u015fkan \u00c7al\u0131k T\u00fcrkiye G\u00f6\u00e7 Konferans\u0131'nda konu\u015ftu","type":"rich","width":600,"height":338,"html":"<blockquote class=\"wp-embedded-content\" data-secret=\"npE6XaFrNQ\"><a href=\"http:\/\/denizcankizil.tr\/ru\/haberler\/gundem\/baskan-calik-turkiye-goc-konferansinda-konustu\/\">Ba\u015fkan \u00c7al\u0131k T\u00fcrkiye G\u00f6\u00e7 Konferans\u0131&#8217;nda konu\u015ftu<\/a><\/blockquote><iframe sandbox=\"allow-scripts\" security=\"restricted\" src=\"http:\/\/denizcankizil.tr\/ru\/haberler\/gundem\/baskan-calik-turkiye-goc-konferansinda-konustu\/embed\/#?secret=npE6XaFrNQ\" width=\"600\" height=\"338\" title=\"\u00abBa\u015fkan \u00c7al\u0131k T\u00fcrkiye G\u00f6\u00e7 Konferans\u0131&#8217;nda konu\u015ftu\u00bb &#8212; Av. Deniz Can K\u0131z\u0131l\" data-secret=\"npE6XaFrNQ\" frameborder=\"0\" marginwidth=\"0\" marginheight=\"0\" scrolling=\"no\" class=\"wp-embedded-content\"><\/iframe><script>\n\/*! This file is auto-generated *\/\n!function(d,l){\"use strict\";l.querySelector&&d.addEventListener&&\"undefined\"!=typeof URL&&(d.wp=d.wp||{},d.wp.receiveEmbedMessage||(d.wp.receiveEmbedMessage=function(e){var t=e.data;if((t||t.secret||t.message||t.value)&&!\/[^a-zA-Z0-9]\/.test(t.secret)){for(var s,r,n,a=l.querySelectorAll('iframe[data-secret=\"'+t.secret+'\"]'),o=l.querySelectorAll('blockquote[data-secret=\"'+t.secret+'\"]'),c=new RegExp(\"^https?:$\",\"i\"),i=0;i<o.length;i++)o[i].style.display=\"none\";for(i=0;i<a.length;i++)s=a[i],e.source===s.contentWindow&&(s.removeAttribute(\"style\"),\"height\"===t.message?(1e3<(r=parseInt(t.value,10))?r=1e3:~~r<200&&(r=200),s.height=r):\"link\"===t.message&&(r=new URL(s.getAttribute(\"src\")),n=new URL(t.value),c.test(n.protocol))&&n.host===r.host&&l.activeElement===s&&(d.top.location.href=t.value))}},d.addEventListener(\"message\",d.wp.receiveEmbedMessage,!1),l.addEventListener(\"DOMContentLoaded\",function(){for(var e,t,s=l.querySelectorAll(\"iframe.wp-embedded-content\"),r=0;r<s.length;r++)(t=(e=s[r]).getAttribute(\"data-secret\"))||(t=Math.random().toString(36).substring(2,12),e.src+=\"#?secret=\"+t,e.setAttribute(\"data-secret\",t)),e.contentWindow.postMessage({message:\"ready\",secret:t},\"*\")},!1)))}(window,document);\n\/\/# sourceURL=http:\/\/denizcankizil.tr\/wp-includes\/js\/wp-embed.min.js\n<\/script>","description":"\u0130stanbul Beylikd\u00fcz\u00fc Belediye Ba\u015fkan\u0131 Mehmet Murat \u00c7al\u0131k, \u0130stanbul Beykent \u00dcniversitesi\u2019nin ger\u00e7ekle\u015ftirdi\u011fi2025 T\u00fcrkiye G\u00f6\u00e7 Konferans\u0131\u2019n\u0131n a\u00e7\u0131l\u0131\u015f konu\u015fmas\u0131n\u0131 yapt\u0131. Ba\u015fkan \u00c7al\u0131k, \u201cG\u00f6\u00e7 gibi b\u00fcy\u00fck bir meseleyi y\u00f6netmede, yerel y\u00f6netimlere de ka\u00e7\u0131n\u0131lmaz roller d\u00fc\u015fmektedir. Bu \u00e7ok \u00f6nemli bir planlama i\u015fidir.G\u00f6\u00e7\u00fcn iyi y\u00f6netilmesi toplumumuzun huzuru ve toplumsal bar\u0131\u015f i\u00e7in hayati \u00f6nem ta\u015f\u0131yor\u201d ifadelerini kulland\u0131. \u0130STANBUL (\u0130GFA) &#8211; \u0130stanbul\u00a0Beylikd\u00fcz\u00fc Belediye Ba\u015fkan\u0131 Mehmet Murat \u00c7al\u0131k, \u0130stanbul Beykent \u00dcniversitesi\u2019nin 18-20 \u015eubat tarihleri aras\u0131nda d\u00fczenledi\u011fi 2025 T\u00fcrkiye G\u00f6\u00e7 Konferans\u0131\u2019na kat\u0131ld\u0131. Konferans\u0131n a\u00e7\u0131l\u0131\u015f konu\u015fmalar\u0131n\u0131 Belediye Ba\u015fkan\u0131 \u00c7al\u0131k, \u0130stanbul Beykent \u00dcniversitesi Rekt\u00f6r\u00fc Prof. Dr. Volkan \u00d6ngel ve Prof. Dr. \u0130brahim Sirkeci ger\u00e7ekle\u015ftirdi. G\u00f6\u00e7 alan\u0131nda uzman isimlerin, ara\u015ft\u0131rmac\u0131lar\u0131n ve politika yap\u0131c\u0131lar\u0131n bir araya gelece\u011fi konferansta, g\u00f6\u00e7 hareketlerinin \u00e7ok boyutlu yap\u0131s\u0131n\u0131n getirdi\u011fi zorluklar ve f\u0131rsatlar detayl\u0131 \u015fekilde tart\u0131\u015fmaya a\u00e7\u0131lacak. \u00c7al\u0131k: G\u00f6\u00e7 insanl\u0131\u011f\u0131n en b\u00fcy\u00fck meselelerinden biridir Konu\u015fmas\u0131na g\u00f6\u00e7\u00fcn tarihin en \u00f6nemli meselelerinden biri oldu\u011funu vurgulayarak ba\u015flayan Beylikd\u00fcz\u00fc Belediye Ba\u015fkan\u0131 Mehmet Murat \u00c7al\u0131k, \u201cG\u00f6\u00e7, insanlar\u0131n hayatlar\u0131n\u0131, umutlar\u0131n\u0131 ve hik\u00e2yelerini de beraberinde gittikleri yere g\u00f6t\u00fcrd\u00fckleri bir s\u00fcre\u00e7. G\u00f6\u00e7, toplumlar\u0131n yap\u0131s\u0131n\u0131 de\u011fi\u015ftiren, k\u00fclt\u00fcrleri harmanlayan, bazen de toplumsal \u00e7at\u0131\u015fmalara yol a\u00e7an bir mesele. Sadece ekonomik sebeplerden dolay\u0131 ortaya \u00e7\u0131kan bir olgu de\u011fil. G\u00fczelliklerini de almak laz\u0131m. \u0130pek Yolu boyunca ger\u00e7ekle\u015fen g\u00f6\u00e7ler; fikirlerin, dinlerin, hatta yemek tariflerinin de g\u00f6\u00e7 etti\u011fi biz mevzu. Bug\u00fcn T\u00fcrkiye, d\u00fcnyada g\u00f6\u00e7 meselesini &hellip;"}