{"version":"1.0","provider_name":"Av. Deniz Can K\u0131z\u0131l","provider_url":"http:\/\/denizcankizil.tr\/ru","author_name":"Antalya K\u00f6rfez","author_url":"http:\/\/denizcankizil.tr\/ru\/author\/www-antalyakorfez-com\/","title":"Ba\u015fkan B\u00f6cek kendi kendini yalanlad\u0131!","type":"rich","width":600,"height":338,"html":"<blockquote class=\"wp-embedded-content\" data-secret=\"naWcyAorPp\"><a href=\"http:\/\/denizcankizil.tr\/ru\/haberler\/gundem\/baskan-bocek-kendi-kendini-yalanladi\/\">Ba\u015fkan B\u00f6cek kendi kendini yalanlad\u0131!<\/a><\/blockquote><iframe sandbox=\"allow-scripts\" security=\"restricted\" src=\"http:\/\/denizcankizil.tr\/ru\/haberler\/gundem\/baskan-bocek-kendi-kendini-yalanladi\/embed\/#?secret=naWcyAorPp\" width=\"600\" height=\"338\" title=\"\u00abBa\u015fkan B\u00f6cek kendi kendini yalanlad\u0131!\u00bb &#8212; Av. Deniz Can K\u0131z\u0131l\" data-secret=\"naWcyAorPp\" frameborder=\"0\" marginwidth=\"0\" marginheight=\"0\" scrolling=\"no\" class=\"wp-embedded-content\"><\/iframe><script>\n\/*! This file is auto-generated *\/\n!function(d,l){\"use strict\";l.querySelector&&d.addEventListener&&\"undefined\"!=typeof URL&&(d.wp=d.wp||{},d.wp.receiveEmbedMessage||(d.wp.receiveEmbedMessage=function(e){var t=e.data;if((t||t.secret||t.message||t.value)&&!\/[^a-zA-Z0-9]\/.test(t.secret)){for(var s,r,n,a=l.querySelectorAll('iframe[data-secret=\"'+t.secret+'\"]'),o=l.querySelectorAll('blockquote[data-secret=\"'+t.secret+'\"]'),c=new RegExp(\"^https?:$\",\"i\"),i=0;i<o.length;i++)o[i].style.display=\"none\";for(i=0;i<a.length;i++)s=a[i],e.source===s.contentWindow&&(s.removeAttribute(\"style\"),\"height\"===t.message?(1e3<(r=parseInt(t.value,10))?r=1e3:~~r<200&&(r=200),s.height=r):\"link\"===t.message&&(r=new URL(s.getAttribute(\"src\")),n=new URL(t.value),c.test(n.protocol))&&n.host===r.host&&l.activeElement===s&&(d.top.location.href=t.value))}},d.addEventListener(\"message\",d.wp.receiveEmbedMessage,!1),l.addEventListener(\"DOMContentLoaded\",function(){for(var e,t,s=l.querySelectorAll(\"iframe.wp-embedded-content\"),r=0;r<s.length;r++)(t=(e=s[r]).getAttribute(\"data-secret\"))||(t=Math.random().toString(36).substring(2,12),e.src+=\"#?secret=\"+t,e.setAttribute(\"data-secret\",t)),e.contentWindow.postMessage({message:\"ready\",secret:t},\"*\")},!1)))}(window,document);\n\/\/# sourceURL=http:\/\/denizcankizil.tr\/wp-includes\/js\/wp-embed.min.js\n<\/script>","description":"Antalya B\u00fcy\u00fck\u015fehir Belediye Ba\u015fkan\u0131 CHP\u2019li Muhittin B\u00f6cek, ye\u011feni Cemil B\u00f6cek\u2019i Genel Sekreter Yard\u0131mc\u0131l\u0131\u011f\u0131\u2019na atad\u0131. Cemil B\u00f6cek\u2019in, \u0130tfaiye Daire Ba\u015fkanl\u0131\u011f\u0131 d\u00e2hil 7 ayr\u0131 daire ba\u015fkanl\u0131\u011f\u0131ndan sorumlu olaca\u011f\u0131 g\u00f6revine Pazartesi g\u00fcn\u00fc ba\u015flayaca\u011f\u0131 belirtildi. Daha \u00f6nce 5 ayr\u0131 daire ba\u015fkanl\u0131\u011f\u0131n\u0131n ba\u011fl\u0131 oldu\u011fu birime, Cemil B\u00f6cek\u2019in atanmas\u0131yla birlikte iki yeni birim daha ba\u011fland\u0131. Cemil B\u00f6cek, daha \u00f6nce Daire Ba\u015fkanl\u0131\u011f\u0131n\u0131 y\u00fcr\u00fctt\u00fc\u011f\u00fc Bilgi \u0130\u015flem Dairesi Ba\u015fkanl\u0131\u011f\u0131\u2019n\u0131 da vek\u00e2leten y\u00fcr\u00fctmeye devam edecek. AKRABA ATAMASI NEPOT\u0130ZM TARTI\u015eMASINI G\u00dcNDEME GET\u0130RD\u0130 B\u00fcy\u00fck\u015fehir Belediyeleri i\u00e7in bir t\u00fcr Ba\u015fkan Yard\u0131mc\u0131l\u0131\u011f\u0131 anlam\u0131na gelen bu atama tart\u0131\u015fma yaratt\u0131. CHP Genel Ba\u015fkan\u0131 \u00d6zg\u00fcr \u00d6zel\u2019in, akraba atamalar\u0131ndan durulmas\u0131 y\u00f6n\u00fcndeki uyar\u0131lar\u0131yla birlikte, nepotizim tart\u0131\u015fmalar\u0131 da g\u00fcndeme geldi. \u2018\u00d6Z YE\u011eEN\u0130M DE\u011e\u0130L, UZAKTAN AKRABAM\u2019 Tart\u0131\u015fmalar\u0131n ard\u0131ndan konuyla ilgili a\u00e7\u0131klama yapan Antalya B\u00fcy\u00fck\u015fehir Belediye Ba\u015fkan\u0131 Muhittin B\u00f6cek, \u201c\u00d6z ye\u011fenim de\u011fil, uzaktan akrabam\u201d dedi ve ekledi: \u201cGer\u00e7eklerden uzak bir \u2018ye\u011fen\u2019 tarifi yap\u0131lmas\u0131 manidard\u0131r.\u201d \u2018\u015e\u0130RKET\u0130N\u0130 KAPATIP KAMUYA H\u0130ZMET \u0130\u00c7\u0130N GELD\u0130\u2019 CHP\u2019li eski milletvekili Gazeteci Bar\u0131\u015f Yarkada\u015f\u2019\u0131n atama konusundaki sorular\u0131n\u0131 yan\u0131tlayan Ba\u015fkan B\u00f6cek, \u201cCemil B\u00f6cek \u00f6z ye\u011fenim de\u011fil, uzaktan akrabamd\u0131r. Kendi alan\u0131nda uzman olan meslek sahibi yetenekli bir insand\u0131r. Bizim iste\u011fimiz \u00fczerine \u015firketini kapatarak kamuya hizmet etmek i\u00e7in Konyaalt\u0131 Belediyesi\u2019ne gelmi\u015ftir. \u00c7ok yo\u011fun bir tempoda \u00e7al\u0131\u015ft\u0131\u011f\u0131na herkes \u015fahittir. Bir\u00e7ok sorumluluk alm\u0131\u015ft\u0131r \u00e7al\u0131\u015ft\u0131\u011f\u0131 d\u00f6nemde. Cemil Bey zaten 6 y\u0131ld\u0131r Daire Ba\u015fkan\u0131 olarak g\u00f6rev yapmaktayd\u0131. &hellip;"}