{"version":"1.0","provider_name":"Av. Deniz Can K\u0131z\u0131l","provider_url":"http:\/\/denizcankizil.tr\/ru","author_name":"Av. Deniz Can K\u0131z\u0131l","author_url":"http:\/\/denizcankizil.tr\/ru","title":"Balonlar Filistinli \u00e7ocuklar i\u00e7in u\u00e7uruldu","type":"rich","width":600,"height":338,"html":"<blockquote class=\"wp-embedded-content\" data-secret=\"VtpTyHc5st\"><a href=\"http:\/\/denizcankizil.tr\/ru\/haberler\/gundem\/balonlar-filistinli-cocuklar-icin-ucuruldu\/\">Balonlar Filistinli \u00e7ocuklar i\u00e7in u\u00e7uruldu<\/a><\/blockquote><iframe sandbox=\"allow-scripts\" security=\"restricted\" src=\"http:\/\/denizcankizil.tr\/ru\/haberler\/gundem\/balonlar-filistinli-cocuklar-icin-ucuruldu\/embed\/#?secret=VtpTyHc5st\" width=\"600\" height=\"338\" title=\"\u00abBalonlar Filistinli \u00e7ocuklar i\u00e7in u\u00e7uruldu\u00bb &#8212; Av. Deniz Can K\u0131z\u0131l\" data-secret=\"VtpTyHc5st\" frameborder=\"0\" marginwidth=\"0\" marginheight=\"0\" scrolling=\"no\" class=\"wp-embedded-content\"><\/iframe><script>\n\/*! This file is auto-generated *\/\n!function(d,l){\"use strict\";l.querySelector&&d.addEventListener&&\"undefined\"!=typeof URL&&(d.wp=d.wp||{},d.wp.receiveEmbedMessage||(d.wp.receiveEmbedMessage=function(e){var t=e.data;if((t||t.secret||t.message||t.value)&&!\/[^a-zA-Z0-9]\/.test(t.secret)){for(var s,r,n,a=l.querySelectorAll('iframe[data-secret=\"'+t.secret+'\"]'),o=l.querySelectorAll('blockquote[data-secret=\"'+t.secret+'\"]'),c=new RegExp(\"^https?:$\",\"i\"),i=0;i<o.length;i++)o[i].style.display=\"none\";for(i=0;i<a.length;i++)s=a[i],e.source===s.contentWindow&&(s.removeAttribute(\"style\"),\"height\"===t.message?(1e3<(r=parseInt(t.value,10))?r=1e3:~~r<200&&(r=200),s.height=r):\"link\"===t.message&&(r=new URL(s.getAttribute(\"src\")),n=new URL(t.value),c.test(n.protocol))&&n.host===r.host&&l.activeElement===s&&(d.top.location.href=t.value))}},d.addEventListener(\"message\",d.wp.receiveEmbedMessage,!1),l.addEventListener(\"DOMContentLoaded\",function(){for(var e,t,s=l.querySelectorAll(\"iframe.wp-embedded-content\"),r=0;r<s.length;r++)(t=(e=s[r]).getAttribute(\"data-secret\"))||(t=Math.random().toString(36).substring(2,12),e.src+=\"#?secret=\"+t,e.setAttribute(\"data-secret\",t)),e.contentWindow.postMessage({message:\"ready\",secret:t},\"*\")},!1)))}(window,document);\n\/\/# sourceURL=http:\/\/denizcankizil.tr\/wp-includes\/js\/wp-embed.min.js\n<\/script>","description":"Antalya\u2019n\u0131n Muratpa\u015fa il\u00e7esinde bir al\u0131\u015fveri\u015f merkezinin \u00f6n\u00fcnde bir araya gelen Antalya Kud\u00fcs Platformu, kentteki STK \u00fcyeleri ve vatanda\u015flar ellerinde T\u00fcrk, Filistin ve Do\u011fu T\u00fcrkistan bayraklar\u0131 ile d\u00f6vizler ta\u015f\u0131d\u0131. SES\u0130Z \u00c7I\u011eLIKLARI DUYUN Alanda yap\u0131lan dualar\u0131n ard\u0131ndan \u00e7ocuklar, ya\u015fanan sava\u015f\u0131 temsilen g\u00f6steri ger\u00e7ekle\u015ftirdi. Grup ad\u0131na konu\u015fan Antalya Kud\u00fcs Platformu Ba\u015fkan\u0131 Mustafa Erduran, bug\u00fcn insanl\u0131\u011f\u0131n vicdan\u0131n\u0131 derinden yaralayan bir kurtulu\u015fu dilemek, Gazze&#8217;de ve Do\u011fu T\u00fcrkistan&#8217;da \u00f6ld\u00fcr\u00fclen bebeklerin sessiz \u00e7\u0131\u011fl\u0131klar\u0131n\u0131 duyurmak i\u00e7in bir araya geldiklerini s\u00f6yledi. \u00c7OCUKLAR CAN VER\u0130YOR Filistin&#8217;de bebeklerin, \u00e7ocuklar\u0131n \u015fehit edildi\u011fini belirten Erduran, &#8220;Bu bebekleri sevmeye doyamayan anneler, babalar, dedeler ve atalar i\u00e7in buraday\u0131z. Ve bundan sonra her 23 Aral\u0131k&#8217;ta D\u00fcnya \u015eehit \u00c7ocuklar G\u00fcn\u00fc&#8217;n\u00fc yad etmek i\u00e7in burada olaca\u011f\u0131z.&#8221; dedi. Erduran, Filistin&#8217;de, Gazze&#8217;de y\u0131llard\u0131r s\u00fcren sava\u015f\u0131n ortas\u0131nda \u00e7ocuklar\u0131n cehenneme d\u00f6n\u00fc\u015fen bu topraklarda can verdi\u011fini kaydederek, sava\u015f\u0131n en ac\u0131mas\u0131z y\u00fck\u00fcn\u00fcn \u00e7ocuklar\u0131n omuzlar\u0131na y\u00fcklendi\u011fini ifade etti. G\u00d6KY\u00dcZ\u00dcNE BALON U\u00c7URDULAR Uluslararas\u0131 toplumun ve insan haklar\u0131n\u0131n bu zulme kar\u015f\u0131 daha \u00e7ok ses vermesini talep ettiklerini dile getiren Erduran, &#8220;Gazze&#8217;de masum insanlar\u0131n hayalleri, insanl\u0131\u011f\u0131n onurunun yeniden in\u015fa edilmesinin bir mihenk ta\u015f\u0131 olmal\u0131d\u0131r. Bu \u00e7ocuklar sadece Filistin&#8217;in de\u011fil, b\u00fct\u00fcn insanl\u0131\u011f\u0131n kayb\u0131d\u0131r. Onlar\u0131n hat\u0131ralar\u0131n\u0131 ya\u015fatmak, adalet i\u00e7in m\u00fccadele etmek ve bar\u0131\u015f dolu bir d\u00fcnya in\u015fa etmek bizim, hepimizin boynunun borcudur.&#8221; diye konu\u015ftu. Konu\u015fmalar\u0131n ard\u0131ndan vatanda\u015flar, ellerindeki Filistin bayra\u011f\u0131 &hellip;"}