{"version":"1.0","provider_name":"Av. Deniz Can K\u0131z\u0131l","provider_url":"http:\/\/denizcankizil.tr\/ru","author_name":"Antalya K\u00f6rfez","author_url":"http:\/\/denizcankizil.tr\/ru\/author\/www-antalyakorfez-com\/","title":"Antalya\u2019da skandal olay: \u00c7ocuklara \u0130ncil mi da\u011f\u0131t\u0131ld\u0131?","type":"rich","width":600,"height":338,"html":"<blockquote class=\"wp-embedded-content\" data-secret=\"kTWjHY41jg\"><a href=\"http:\/\/denizcankizil.tr\/ru\/haberler\/gundem\/antalyada-skandal-olay-cocuklara-incil-mi-dagitildi\/\">Antalya\u2019da skandal olay: \u00c7ocuklara \u0130ncil mi da\u011f\u0131t\u0131ld\u0131?<\/a><\/blockquote><iframe sandbox=\"allow-scripts\" security=\"restricted\" src=\"http:\/\/denizcankizil.tr\/ru\/haberler\/gundem\/antalyada-skandal-olay-cocuklara-incil-mi-dagitildi\/embed\/#?secret=kTWjHY41jg\" width=\"600\" height=\"338\" title=\"\u00abAntalya\u2019da skandal olay: \u00c7ocuklara \u0130ncil mi da\u011f\u0131t\u0131ld\u0131?\u00bb &#8212; Av. Deniz Can K\u0131z\u0131l\" data-secret=\"kTWjHY41jg\" frameborder=\"0\" marginwidth=\"0\" marginheight=\"0\" scrolling=\"no\" class=\"wp-embedded-content\"><\/iframe><script>\n\/*! This file is auto-generated *\/\n!function(d,l){\"use strict\";l.querySelector&&d.addEventListener&&\"undefined\"!=typeof URL&&(d.wp=d.wp||{},d.wp.receiveEmbedMessage||(d.wp.receiveEmbedMessage=function(e){var t=e.data;if((t||t.secret||t.message||t.value)&&!\/[^a-zA-Z0-9]\/.test(t.secret)){for(var s,r,n,a=l.querySelectorAll('iframe[data-secret=\"'+t.secret+'\"]'),o=l.querySelectorAll('blockquote[data-secret=\"'+t.secret+'\"]'),c=new RegExp(\"^https?:$\",\"i\"),i=0;i<o.length;i++)o[i].style.display=\"none\";for(i=0;i<a.length;i++)s=a[i],e.source===s.contentWindow&&(s.removeAttribute(\"style\"),\"height\"===t.message?(1e3<(r=parseInt(t.value,10))?r=1e3:~~r<200&&(r=200),s.height=r):\"link\"===t.message&&(r=new URL(s.getAttribute(\"src\")),n=new URL(t.value),c.test(n.protocol))&&n.host===r.host&&l.activeElement===s&&(d.top.location.href=t.value))}},d.addEventListener(\"message\",d.wp.receiveEmbedMessage,!1),l.addEventListener(\"DOMContentLoaded\",function(){for(var e,t,s=l.querySelectorAll(\"iframe.wp-embedded-content\"),r=0;r<s.length;r++)(t=(e=s[r]).getAttribute(\"data-secret\"))||(t=Math.random().toString(36).substring(2,12),e.src+=\"#?secret=\"+t,e.setAttribute(\"data-secret\",t)),e.contentWindow.postMessage({message:\"ready\",secret:t},\"*\")},!1)))}(window,document);\n\/\/# sourceURL=http:\/\/denizcankizil.tr\/wp-includes\/js\/wp-embed.min.js\n<\/script>","description":"AK Parti Muratpa\u015fa \u0130l\u00e7e Ba\u015fkan\u0131 Tucay Hayta, sosyal medya hesab\u0131ndan \u00e7ok konu\u015fulacak bir payla\u015f\u0131mda bulundu. Hayta payla\u015f\u0131m\u0131nda 23 Nisan Ulusal Egemenlik ve \u00c7ocuk Bayram\u0131 etkinlikleri kapsam\u0131nda Antalya K\u00fclt\u00fcr Merkezi&#8217;nde d\u00fczenlenen bir programda, \u00e7ocuklara y\u00f6nelik etkinlik alan\u0131nda dikkat \u00e7eken baz\u0131 dini i\u00e7erikli oyun tarz\u0131 materyaller ve \u0130ncil da\u011f\u0131t\u0131ld\u0131\u011f\u0131n g\u00f6r\u00fcld\u00fc\u011f\u00fcn\u00fc belirtti. TARTI\u015eMA YARATACAK A\u00c7IKLAMA Antalya\u2019da 23 Nisan Ulusal Egemenlik ve \u00c7ocuk Bayram\u0131 etkinlikleri kapsam\u0131nda Antalya K\u00fclt\u00fcr Merkezi&#8217;nde bir dizi etkinlik d\u00fczenleniyor. AK Parti Muratpa\u015fa \u0130l\u00e7e Ba\u015fkan\u0131 Tucay Hayta etkinli\u011fe y\u00f6nelik tart\u0131\u015fma yaratacak bir a\u00e7\u0131klamada bulundu. Hayta a\u00e7\u0131klamas\u0131nda \u00f6ncelikli olarak Paskalya Bayram\u0131\u2019n\u0131 kutlayan t\u00fcm Hristiyan vatanda\u015flar\u0131n bayram\u0131n\u0131 en i\u00e7ten dileklerle kutland\u0131\u011f\u0131n\u0131 ifade etti. PAYLA\u015eIMI \u0130LE D\u0130KKAT \u00c7EKT\u0130 Hayta, \u201cBu co\u011frafyada, as\u0131rlard\u0131r farkl\u0131 inan\u00e7 ve k\u00fclt\u00fcrlere mensup insanlar bir arada, sayg\u0131 ve ho\u015fg\u00f6r\u00fc \u00e7er\u00e7evesinde ya\u015famaktad\u0131r. Ortak de\u011ferlerimize olan hassasiyetimiz, bu birli\u011fin temelini olu\u015fturmaktad\u0131r. Ancak, son g\u00fcnlerde kamuoyundan gelen baz\u0131 \u015fikayetler \u00fczerine sizlerle baz\u0131 \u00f6nemli hususlar\u0131 payla\u015fma gere\u011fi duydum\u201d dedi. \u00c7OCUKLARA \u0130NC\u0130L M\u0130 DA\u011eITILDI? \u00c7ok konu\u015fulacak bir payla\u015f\u0131mda bulunan Hayta, \u201c23 Nisan Ulusal Egemenlik ve \u00c7ocuk Bayram\u0131 etkinlikleri kapsam\u0131nda Antalya K\u00fclt\u00fcr Merkezi&#8217;nde d\u00fczenlenen bir programda, \u00e7ocuklara y\u00f6nelik etkinlik alan\u0131nda dikkat \u00e7eken baz\u0131 dini i\u00e7erikli oyun tarz\u0131 materyaller ve \u0130ncil da\u011f\u0131t\u0131ld\u0131\u011f\u0131 g\u00f6r\u00fcld\u00fc. Toplumumuzun b\u00fcy\u00fck \u00e7o\u011funlu\u011funun hassasiyetleri g\u00f6z \u00f6n\u00fcnde bulunduruldu\u011funda, \u00f6zellikle \u00e7ocuklar\u0131n etikli\u011finin oldu\u011fu g\u00fcnde bu tarz &hellip;"}