{"version":"1.0","provider_name":"Av. Deniz Can K\u0131z\u0131l","provider_url":"http:\/\/denizcankizil.tr\/ru","author_name":"Antalya K\u00f6rfez","author_url":"http:\/\/denizcankizil.tr\/ru\/author\/www-antalyakorfez-com\/","title":"Antalya'da gerilim s\u00fcr\u00fcyor: Milletvekili aday\u0131 tutukland\u0131","type":"rich","width":600,"height":338,"html":"<blockquote class=\"wp-embedded-content\" data-secret=\"a9jsgBX1Od\"><a href=\"http:\/\/denizcankizil.tr\/ru\/haberler\/gundem\/antalyada-gerilim-suruyor-milletvekili-adayi-tutuklandi\/\">Antalya&#8217;da gerilim s\u00fcr\u00fcyor: Milletvekili aday\u0131 tutukland\u0131<\/a><\/blockquote><iframe sandbox=\"allow-scripts\" security=\"restricted\" src=\"http:\/\/denizcankizil.tr\/ru\/haberler\/gundem\/antalyada-gerilim-suruyor-milletvekili-adayi-tutuklandi\/embed\/#?secret=a9jsgBX1Od\" width=\"600\" height=\"338\" title=\"\u00abAntalya&#8217;da gerilim s\u00fcr\u00fcyor: Milletvekili aday\u0131 tutukland\u0131\u00bb &#8212; Av. Deniz Can K\u0131z\u0131l\" data-secret=\"a9jsgBX1Od\" frameborder=\"0\" marginwidth=\"0\" marginheight=\"0\" scrolling=\"no\" class=\"wp-embedded-content\"><\/iframe><script>\n\/*! This file is auto-generated *\/\n!function(d,l){\"use strict\";l.querySelector&&d.addEventListener&&\"undefined\"!=typeof URL&&(d.wp=d.wp||{},d.wp.receiveEmbedMessage||(d.wp.receiveEmbedMessage=function(e){var t=e.data;if((t||t.secret||t.message||t.value)&&!\/[^a-zA-Z0-9]\/.test(t.secret)){for(var s,r,n,a=l.querySelectorAll('iframe[data-secret=\"'+t.secret+'\"]'),o=l.querySelectorAll('blockquote[data-secret=\"'+t.secret+'\"]'),c=new RegExp(\"^https?:$\",\"i\"),i=0;i<o.length;i++)o[i].style.display=\"none\";for(i=0;i<a.length;i++)s=a[i],e.source===s.contentWindow&&(s.removeAttribute(\"style\"),\"height\"===t.message?(1e3<(r=parseInt(t.value,10))?r=1e3:~~r<200&&(r=200),s.height=r):\"link\"===t.message&&(r=new URL(s.getAttribute(\"src\")),n=new URL(t.value),c.test(n.protocol))&&n.host===r.host&&l.activeElement===s&&(d.top.location.href=t.value))}},d.addEventListener(\"message\",d.wp.receiveEmbedMessage,!1),l.addEventListener(\"DOMContentLoaded\",function(){for(var e,t,s=l.querySelectorAll(\"iframe.wp-embedded-content\"),r=0;r<s.length;r++)(t=(e=s[r]).getAttribute(\"data-secret\"))||(t=Math.random().toString(36).substring(2,12),e.src+=\"#?secret=\"+t,e.setAttribute(\"data-secret\",t)),e.contentWindow.postMessage({message:\"ready\",secret:t},\"*\")},!1)))}(window,document);\n\/\/# sourceURL=http:\/\/denizcankizil.tr\/wp-includes\/js\/wp-embed.min.js\n<\/script>","description":"\u0130stanbul B\u00fcy\u00fck\u015fehir Belediyesi Ba\u015fkan\u0131 Ekrem \u0130mamo\u011flu\u2019nun g\u00f6zalt\u0131na al\u0131nmas\u0131 ve akabinde de tutuklanmas\u0131n\u0131n ard\u0131ndan T\u00fcrkiye genelinde ba\u015flayan protestolar g\u00fcn ge\u00e7tik\u00e7e alevlenmeye devam ediyor. 7 g\u00fcnd\u00fcr s\u00fcren protestolarda Antalya\u2019da dahil olmak \u00fczere T\u00fcrkiye\u2019nin her kentinde gen\u00e7lisinden ya\u015fl\u0131s\u0131na, bas\u0131n mensubundan avukat\u0131na kadar bir\u00e7ok isim g\u00f6zalt\u0131na al\u0131narak tutuklad\u0131. TBMM 28.D\u00f6nem Zafer Partisi Antalya Milletvekili Aday Aday\u0131 ve Turan Bilimler Akademisi Antalya \u0130l Ba\u015fkan\u0131 Ata Boyac\u0131\u2019da tutuklanan isimlerin aras\u0131nda yer ald\u0131. Boyac\u0131\u2019n\u0131n 24 Mart\u2019ta g\u00f6zalt\u0131na al\u0131nd\u0131\u011f\u0131 26 Mart g\u00fcn\u00fc de tutukland\u0131 \u00f6\u011frenildi. G\u00d6ZALTI KARARI OLMAKSIZIN TUTULDU\u011eU \u0130DD\u0130ASI\u2026 Boyac\u0131, 24 Mart ak\u015fam\u0131 saat 20.00 civar\u0131nda, 2911 Say\u0131l\u0131 Toplant\u0131 ve G\u00f6steri Y\u00fcr\u00fcy\u00fc\u015fleri Kanunu\u2019na muhalefet etti\u011fi iddias\u0131yla g\u00f6zalt\u0131na al\u0131nd\u0131. Uncal\u0131 Emniyet M\u00fcd\u00fcrl\u00fc\u011f\u00fc G\u00fcvenlik B\u00fcro\u2019ya g\u00f6t\u00fcr\u00fclen gen\u00e7, arkada\u015flar\u0131n\u0131n aktard\u0131\u011f\u0131na g\u00f6re, burada saatlerce g\u00f6zalt\u0131 karar\u0131 olmaks\u0131z\u0131n tutuldu ve avukat\u0131yla g\u00f6r\u00fc\u015ft\u00fcr\u00fclmedi. S\u00fcrecin hukuksuz i\u015fledi\u011fini iddia eden arkada\u015flar\u0131, Boyac\u0131\u2019n\u0131n durumuna dikkat \u00e7ekmek i\u00e7in sosyal medyada \u00e7a\u011fr\u0131lar yapt\u0131. \u201cO\u011eLUM CEZAEV\u0130NE G\u00d6NDER\u0130LD\u0130\u201d Ata Boyac\u0131\u2019n\u0131n annesi de sosyal medyada yapt\u0131\u011f\u0131 bir payla\u015f\u0131mda o\u011flunun tutukland\u0131\u011f\u0131n\u0131 \u015fu s\u00f6zlerle dile getirdi: \u201cBen Ata Boyac\u0131\u2019n\u0131n annesiyim. O\u011flum 3 g\u00fcn karakolda tutulduktan sonra bug\u00fcn hakim kar\u015f\u0131s\u0131na \u00e7\u0131kt\u0131. Bir ceza almad\u0131 ama kanuna ayk\u0131r\u0131 toplant\u0131 ve y\u00fcr\u00fcy\u00fc\u015f yapmaktan dolay\u0131 tutuklanarak kapal\u0131 cezaevine g\u00f6nderildi.\u201d DAHA \u00d6NCE DE G\u00d6ZALTINA ALINMI\u015e Boyac\u0131\u2019n\u0131n arkada\u015flar\u0131, gen\u00e7 ismin \u00fclkesinde hak, hukuk ve adalet aray\u0131\u015f\u0131 i\u00e7inde oldu\u011funu belirterek\u00a0g\u00f6zalt\u0131 &hellip;"}