{"version":"1.0","provider_name":"Av. Deniz Can K\u0131z\u0131l","provider_url":"http:\/\/denizcankizil.tr\/ru","author_name":"Av. Deniz Can K\u0131z\u0131l","author_url":"http:\/\/denizcankizil.tr\/ru","title":"Antalya\u2019da depremzedeler i\u00e7in hay\u0131r \u00e7ar\u015f\u0131s\u0131 kuruldu","type":"rich","width":600,"height":338,"html":"<blockquote class=\"wp-embedded-content\" data-secret=\"ScWQEFpU94\"><a href=\"http:\/\/denizcankizil.tr\/ru\/haberler\/gundem\/antalyada-depremzedeler-icin-hayir-carsisi-kuruldu\/\">Antalya\u2019da depremzedeler i\u00e7in hay\u0131r \u00e7ar\u015f\u0131s\u0131 kuruldu<\/a><\/blockquote><iframe sandbox=\"allow-scripts\" security=\"restricted\" src=\"http:\/\/denizcankizil.tr\/ru\/haberler\/gundem\/antalyada-depremzedeler-icin-hayir-carsisi-kuruldu\/embed\/#?secret=ScWQEFpU94\" width=\"600\" height=\"338\" title=\"\u00abAntalya\u2019da depremzedeler i\u00e7in hay\u0131r \u00e7ar\u015f\u0131s\u0131 kuruldu\u00bb &#8212; Av. Deniz Can K\u0131z\u0131l\" data-secret=\"ScWQEFpU94\" frameborder=\"0\" marginwidth=\"0\" marginheight=\"0\" scrolling=\"no\" class=\"wp-embedded-content\"><\/iframe><script>\n\/*! This file is auto-generated *\/\n!function(d,l){\"use strict\";l.querySelector&&d.addEventListener&&\"undefined\"!=typeof URL&&(d.wp=d.wp||{},d.wp.receiveEmbedMessage||(d.wp.receiveEmbedMessage=function(e){var t=e.data;if((t||t.secret||t.message||t.value)&&!\/[^a-zA-Z0-9]\/.test(t.secret)){for(var s,r,n,a=l.querySelectorAll('iframe[data-secret=\"'+t.secret+'\"]'),o=l.querySelectorAll('blockquote[data-secret=\"'+t.secret+'\"]'),c=new RegExp(\"^https?:$\",\"i\"),i=0;i<o.length;i++)o[i].style.display=\"none\";for(i=0;i<a.length;i++)s=a[i],e.source===s.contentWindow&&(s.removeAttribute(\"style\"),\"height\"===t.message?(1e3<(r=parseInt(t.value,10))?r=1e3:~~r<200&&(r=200),s.height=r):\"link\"===t.message&&(r=new URL(s.getAttribute(\"src\")),n=new URL(t.value),c.test(n.protocol))&&n.host===r.host&&l.activeElement===s&&(d.top.location.href=t.value))}},d.addEventListener(\"message\",d.wp.receiveEmbedMessage,!1),l.addEventListener(\"DOMContentLoaded\",function(){for(var e,t,s=l.querySelectorAll(\"iframe.wp-embedded-content\"),r=0;r<s.length;r++)(t=(e=s[r]).getAttribute(\"data-secret\"))||(t=Math.random().toString(36).substring(2,12),e.src+=\"#?secret=\"+t,e.setAttribute(\"data-secret\",t)),e.contentWindow.postMessage({message:\"ready\",secret:t},\"*\")},!1)))}(window,document);\n\/\/# sourceURL=http:\/\/denizcankizil.tr\/wp-includes\/js\/wp-embed.min.js\n<\/script>","description":"Antalya Muratpa\u015fa Camii bah\u00e7esinde d\u00fczenlenen hay\u0131r \u00e7ar\u015f\u0131s\u0131nda g\u00f6n\u00fcll\u00fclerin getirmi\u015f oldu\u011fu \u00fcr\u00fcnler depremzedeler yarar\u0131na sat\u0131\u015fa sunuldu. Antalya \u0130l M\u00fcft\u00fcs\u00fc Nazif Fethi Yal\u00e7\u0131nkaya da kurulan Hay\u0131r \u00c7ar\u015f\u0131s\u0131n\u0131 ziyaret ederek g\u00f6n\u00fcll\u00fclere kolayl\u0131klar diledi. Gelirin tamam\u0131n\u0131n Hatay\u2019da depremzedelere yollanaca\u011f\u0131 ifade edildi. B\u00dcY\u00dcK \u0130LG\u0130 G\u00d6RD\u00dc Antalya \u0130l M\u00fcft\u00fcl\u00fc\u011f\u00fc ve T\u00fcrkiye Diyanet Vakf\u0131 Antalya \u015eubesi ile il\u00e7e m\u00fcft\u00fcl\u00fckleri ve TDV \u015eubelerinin kad\u0131n kollar\u0131 koordinesinde, geliri Hatay ilindeki depremzedelere ba\u011f\u0131\u015flanmak \u00fczere hay\u0131r \u00e7ar\u015f\u0131s\u0131 a\u00e7\u0131ld\u0131. Muratpa\u015fa Camii bah\u00e7esinde d\u00fczenlenen hay\u0131r \u00e7ar\u015f\u0131s\u0131nda g\u00f6n\u00fcll\u00fclerin getirmi\u015f oldu\u011fu \u00fcr\u00fcnler depremzedeler yarar\u0131na sat\u0131\u015fa sunuldu. Antalya \u0130l M\u00fcft\u00fcs\u00fc Nazif Fethi Yal\u00e7\u0131nkaya da kurulan Hay\u0131r \u00c7ar\u015f\u0131s\u0131n\u0131 ziyaret ederek g\u00f6n\u00fcll\u00fclere kolayl\u0131klar diledi. DEPREMZEDELER\u0130N HER ZAMAN YANINDA OLACA\u011eIZ Hay\u0131r \u00c7ar\u015f\u0131s\u0131\u2019nda g\u00f6n\u00fcll\u00fcler taraf\u0131ndan sat\u0131\u015fa \u00e7ok say\u0131da \u00fcr\u00fcn konuldu. G\u00f6n\u00fcll\u00fcler; \u201cDepremin ac\u0131s\u0131 hen\u00fcz ge\u00e7mi\u015f de\u011fil. Bizler bug\u00fcn burada k\u00fc\u00e7\u00fckte olsa Hatayl\u0131 depremzedelere ve di\u011fer depremzedelere onlar\u0131 unutmad\u0131\u011f\u0131m\u0131z\u0131 g\u00f6stermek istiyoruz\u201d \u015feklinde konu\u015ftular. Antalya \u0130l M\u00fcft\u00fcl\u00fc\u011f\u00fc ve T\u00fcrkiye Diyanet Vakf\u0131 Antalya \u015eubesi ile il\u00e7e m\u00fcft\u00fcl\u00fckleri ve TDV \u015eubelerinin kad\u0131n kollar\u0131 koordinesinde, geliri Hatay ilindeki depremzedelere ba\u011f\u0131\u015flanmak \u00fczere a\u00e7\u0131lan Hay\u0131r \u00c7ar\u015f\u0131s\u0131\u2019n\u0131n gelecek d\u00f6nemlerde de belirli aral\u0131klarla d\u00fczenlenece\u011fi ifade edildi. \u200bAntalya \u0130l M\u00fcft\u00fcl\u00fc\u011f\u00fc ve T\u00fcrkiye Diyanet Vakf\u0131 Antalya \u015eubesi ile il\u00e7e m\u00fcft\u00fcl\u00fckleri ve TDV \u015eubelerinin kad\u0131n kollar\u0131 koordinesinde, Muratpa\u015fa Cami avlusunda hay\u0131r \u00e7ar\u015f\u0131s\u0131 kuruldu. \u00c7ar\u015f\u0131da elde edilecek gelir Hatayl\u0131 depremzedelere g\u00f6nderilecek.\u00a0 \u200bHaberin Al\u0131nt\u0131land\u0131\u011f\u0131 &hellip;"}