{"version":"1.0","provider_name":"Av. Deniz Can K\u0131z\u0131l","provider_url":"http:\/\/denizcankizil.tr\/ru","author_name":"Av. Deniz Can K\u0131z\u0131l","author_url":"http:\/\/denizcankizil.tr\/ru","title":"Antalya'da Cumhuriyet'e Sayg\u0131 Y\u00fcr\u00fcy\u00fc\u015f\u00fc","type":"rich","width":600,"height":338,"html":"<blockquote class=\"wp-embedded-content\" data-secret=\"V1Kn0yvSG9\"><a href=\"http:\/\/denizcankizil.tr\/ru\/haberler\/gundem\/antalyada-cumhuriyete-saygi-yuruyusu\/\">Antalya&#8217;da Cumhuriyet&#8217;e Sayg\u0131 Y\u00fcr\u00fcy\u00fc\u015f\u00fc<\/a><\/blockquote><iframe sandbox=\"allow-scripts\" security=\"restricted\" src=\"http:\/\/denizcankizil.tr\/ru\/haberler\/gundem\/antalyada-cumhuriyete-saygi-yuruyusu\/embed\/#?secret=V1Kn0yvSG9\" width=\"600\" height=\"338\" title=\"\u00abAntalya&#8217;da Cumhuriyet&#8217;e Sayg\u0131 Y\u00fcr\u00fcy\u00fc\u015f\u00fc\u00bb &#8212; Av. Deniz Can K\u0131z\u0131l\" data-secret=\"V1Kn0yvSG9\" frameborder=\"0\" marginwidth=\"0\" marginheight=\"0\" scrolling=\"no\" class=\"wp-embedded-content\"><\/iframe><script>\n\/*! This file is auto-generated *\/\n!function(d,l){\"use strict\";l.querySelector&&d.addEventListener&&\"undefined\"!=typeof URL&&(d.wp=d.wp||{},d.wp.receiveEmbedMessage||(d.wp.receiveEmbedMessage=function(e){var t=e.data;if((t||t.secret||t.message||t.value)&&!\/[^a-zA-Z0-9]\/.test(t.secret)){for(var s,r,n,a=l.querySelectorAll('iframe[data-secret=\"'+t.secret+'\"]'),o=l.querySelectorAll('blockquote[data-secret=\"'+t.secret+'\"]'),c=new RegExp(\"^https?:$\",\"i\"),i=0;i<o.length;i++)o[i].style.display=\"none\";for(i=0;i<a.length;i++)s=a[i],e.source===s.contentWindow&&(s.removeAttribute(\"style\"),\"height\"===t.message?(1e3<(r=parseInt(t.value,10))?r=1e3:~~r<200&&(r=200),s.height=r):\"link\"===t.message&&(r=new URL(s.getAttribute(\"src\")),n=new URL(t.value),c.test(n.protocol))&&n.host===r.host&&l.activeElement===s&&(d.top.location.href=t.value))}},d.addEventListener(\"message\",d.wp.receiveEmbedMessage,!1),l.addEventListener(\"DOMContentLoaded\",function(){for(var e,t,s=l.querySelectorAll(\"iframe.wp-embedded-content\"),r=0;r<s.length;r++)(t=(e=s[r]).getAttribute(\"data-secret\"))||(t=Math.random().toString(36).substring(2,12),e.src+=\"#?secret=\"+t,e.setAttribute(\"data-secret\",t)),e.contentWindow.postMessage({message:\"ready\",secret:t},\"*\")},!1)))}(window,document);\n\/\/# sourceURL=http:\/\/denizcankizil.tr\/wp-includes\/js\/wp-embed.min.js\n<\/script>","description":"Antalya Ka\u015f Kaymakaml\u0131\u011f\u0131 taraf\u0131ndan d\u00fczenlenen y\u00fcr\u00fcy\u00fc\u015f, Birinci D\u00fcnya Sava\u015f\u0131 s\u0131ras\u0131nda Ka\u015f a\u00e7\u0131klar\u0131ndaki \u0130ngilizlere ait u\u00e7ak gemisi Ben My Chree&#8217;yi bat\u0131ran Top\u00e7u Y\u00fczba\u015f\u0131 Mustafa Ertu\u011frul Aker&#8217;in bataryalar\u0131n\u0131 kat\u0131rlarla ta\u015f\u0131d\u0131\u011f\u0131 ve o d\u00f6nem &#8220;top\u00e7u rotas\u0131&#8221; olarak kullan\u0131lan Top\u00e7u Dostluk ve Bar\u0131\u015f Yolu&#8217;nda yap\u0131ld\u0131. GEL\u0130BOLU MEVK\u0130\u0130NDE BA\u015eLAYAN Y\u00dcR\u00dcY\u00dc\u015e KEPEZ TEPES\u0130NDE SONA ERD\u0130\u00a0 Yakla\u015f\u0131k 14 kilometrelik etapta yap\u0131lan y\u00fcr\u00fcy\u00fc\u015fe, Antalya Valisi Hulusi \u015eahin, Ka\u015f Kaymakam\u0131 Tevfik Kumbasar, Ka\u015f Belediye Ba\u015fkan\u0131 Erol Demirhan, kamu kurum m\u00fcd\u00fcrleri, siyasi parti temsilcileri, \u00f6\u011fretmenler, \u00f6\u011frenciler ve \u00e7ok say\u0131da vatanda\u015f kat\u0131ld\u0131. Gelibolu mevkisinde ba\u015flayan &#8220;Ecdad\u0131n Yolunda Cumhuriyet&#8217;e Sayg\u0131 Y\u00fcr\u00fcy\u00fc\u015f\u00fc&#8221;, Kepez tepesi \u00fczerinde son buldu. 37 \u015eEH\u0130T ANISINA \u00c7ELENK BIRAKILDI\u00a0 Y\u00fcr\u00fcy\u00fc\u015f\u00fcn ard\u0131ndan Limana\u011fz\u0131 Koyu&#8217;ndan teknelerle hareket eden Vali \u015eahin ve beraberindeki protokol \u00fcyeleri, Be\u015f adalar mevkisinde Meis taarruzunda hayat\u0131n\u0131 kaybeden 37 \u015fehit an\u0131s\u0131na denize \u00e7elenk b\u0131rakt\u0131. Bu esnada 37 dalg\u0131\u00e7 da su alt\u0131ndan T\u00fcrk bayraklar\u0131yla y\u00fczeye \u00e7\u0131kt\u0131. \u00a0 \u200bAntalya Ka\u015f\u2019ta 29 Ekim Cumhuriyet Bayram\u0131 ve Cumhuriyet&#8217;in 101. y\u0131l d\u00f6n\u00fcm\u00fc dolay\u0131s\u0131yla &#8220;Ecdad\u0131n Yolunda Cumhuriyet&#8217;e Sayg\u0131 Y\u00fcr\u00fcy\u00fc\u015f\u00fc&#8221; ger\u00e7ekle\u015ftirildi. I.D\u00fcnya Sava\u015f\u2019\u0131nda Meis taarruzunda hayat\u0131n\u0131 kaybeden 37 \u015fehit an\u0131s\u0131na denize \u00e7elenk b\u0131rak\u0131ld\u0131\u00a0 \u200bHaberin Al\u0131nt\u0131land\u0131\u011f\u0131 Kaynak: www.antalyakorfez.com"}