{"version":"1.0","provider_name":"Av. Deniz Can K\u0131z\u0131l","provider_url":"http:\/\/denizcankizil.tr\/ru","author_name":"Antalya K\u00f6rfez","author_url":"http:\/\/denizcankizil.tr\/ru\/author\/www-antalyakorfez-com\/","title":"Antalya korsanlara teslim olmu\u015f! Topla topla bitmiyor\u2026","type":"rich","width":600,"height":338,"html":"<blockquote class=\"wp-embedded-content\" data-secret=\"9zSrNiWfJS\"><a href=\"http:\/\/denizcankizil.tr\/ru\/haberler\/gundem\/antalya-korsanlara-teslim-olmus-topla-topla-bitmiyor\/\">Antalya korsanlara teslim olmu\u015f! Topla topla bitmiyor\u2026<\/a><\/blockquote><iframe sandbox=\"allow-scripts\" security=\"restricted\" src=\"http:\/\/denizcankizil.tr\/ru\/haberler\/gundem\/antalya-korsanlara-teslim-olmus-topla-topla-bitmiyor\/embed\/#?secret=9zSrNiWfJS\" width=\"600\" height=\"338\" title=\"\u00abAntalya korsanlara teslim olmu\u015f! Topla topla bitmiyor\u2026\u00bb &#8212; Av. Deniz Can K\u0131z\u0131l\" data-secret=\"9zSrNiWfJS\" frameborder=\"0\" marginwidth=\"0\" marginheight=\"0\" scrolling=\"no\" class=\"wp-embedded-content\"><\/iframe><script>\n\/*! This file is auto-generated *\/\n!function(d,l){\"use strict\";l.querySelector&&d.addEventListener&&\"undefined\"!=typeof URL&&(d.wp=d.wp||{},d.wp.receiveEmbedMessage||(d.wp.receiveEmbedMessage=function(e){var t=e.data;if((t||t.secret||t.message||t.value)&&!\/[^a-zA-Z0-9]\/.test(t.secret)){for(var s,r,n,a=l.querySelectorAll('iframe[data-secret=\"'+t.secret+'\"]'),o=l.querySelectorAll('blockquote[data-secret=\"'+t.secret+'\"]'),c=new RegExp(\"^https?:$\",\"i\"),i=0;i<o.length;i++)o[i].style.display=\"none\";for(i=0;i<a.length;i++)s=a[i],e.source===s.contentWindow&&(s.removeAttribute(\"style\"),\"height\"===t.message?(1e3<(r=parseInt(t.value,10))?r=1e3:~~r<200&&(r=200),s.height=r):\"link\"===t.message&&(r=new URL(s.getAttribute(\"src\")),n=new URL(t.value),c.test(n.protocol))&&n.host===r.host&&l.activeElement===s&&(d.top.location.href=t.value))}},d.addEventListener(\"message\",d.wp.receiveEmbedMessage,!1),l.addEventListener(\"DOMContentLoaded\",function(){for(var e,t,s=l.querySelectorAll(\"iframe.wp-embedded-content\"),r=0;r<s.length;r++)(t=(e=s[r]).getAttribute(\"data-secret\"))||(t=Math.random().toString(36).substring(2,12),e.src+=\"#?secret=\"+t,e.setAttribute(\"data-secret\",t)),e.contentWindow.postMessage({message:\"ready\",secret:t},\"*\")},!1)))}(window,document);\n\/\/# sourceURL=http:\/\/denizcankizil.tr\/wp-includes\/js\/wp-embed.min.js\n<\/script>","description":"Antalya \u0130l Emniyet M\u00fcd\u00fcrl\u00fc\u011f\u00fc taraf\u0131ndan korsan ara\u00e7lara y\u00f6nelik d\u00fczenlenen denetimler devam ediyor. Antalya \u015eof\u00f6rler Odas\u0131 Ba\u015fkan\u0131 Mehmet Ali Alkan, denetimlerin sivil ara\u00e7lar, motosikletler ve motor kuryeleri ile korsan taksicilik yapanlara y\u00f6nelik aral\u0131ks\u0131z bir \u015fekilde devam edece\u011fini ifade etti.\u00a0 YASAL \u00c7ALI\u015eAN ESNAFIN HAKLARI KORUNUYOR Antalya \u015eof\u00f6rler Odas\u0131 Ba\u015fkan\u0131 Mehmet Ali Alkan, Antalya genelinde korsan ta\u015f\u0131mac\u0131l\u0131\u011f\u0131n \u00f6n\u00fcne ge\u00e7mek amac\u0131yla s\u00fcrd\u00fcr\u00fclen denetimlerin aral\u0131ks\u0131z bir \u015fekilde s\u00fcrd\u00fcr\u00fcld\u00fc\u011f\u00fcn\u00fc a\u00e7\u0131klad\u0131. Alkan, \u201cSivil ara\u00e7lar, motosikletler ve motor kuryeleri ile korsan taksicilik yapanlara ge\u00e7it vermeksizin \u00e7ar\u015f\u0131 i\u00e7inde hafta sonu boyunca gece denetimlerimiz t\u00fcm h\u0131z\u0131yla aral\u0131ks\u0131z devam etmektedir. Haks\u0131z rekabete son verilmi\u015f, yasal \u00e7al\u0131\u015fan esnaf\u0131m\u0131z\u0131n haklar\u0131 korunmu\u015ftur\u201d diye konu\u015ftu.\u00a0 B\u0130NLERCE KORSAN ARACA KAR\u015eI SAVA\u015e A\u00c7ILDI Antalya\u2019da korsan ara\u00e7lara y\u00f6nelik s\u00fcrd\u00fcr\u00fclen denetimlere ra\u011fmen \u015fehir genelinde halen faaliyette bulunan 15 binin \u00fczerinde korsan arac\u0131n yer ald\u0131\u011f\u0131 iddia ediliyor. Denetimlere y\u00f6nelik a\u00e7\u0131klamalarda bulunan Antalya \u015eof\u00f6rler Odas\u0131 Ba\u015fkan\u0131 Mehmet Ali Alkan, &#8220;Ba\u015fta Antalya Valimiz olmak \u00fczere, Antalya Emniyet M\u00fcd\u00fcrl\u00fc\u011f\u00fcm\u00fcz ve Trafik Denetleme \u015eube M\u00fcd\u00fcrl\u00fc\u011f\u00fc ekiplerimize, ayr\u0131ca t\u00fcm \u00e7al\u0131\u015fma arkada\u015flar\u0131m\u0131za destek ve katk\u0131lar\u0131ndan dolay\u0131 te\u015fekk\u00fcr ederiz\u201d dedi. Alkan a\u00e7\u0131klamalar\u0131nda \u015fu ifadelere yer verdi: \u201cVatanda\u015flar\u0131m\u0131za g\u00fcvenli ve adil bir ula\u015f\u0131m hizmeti sunma kararl\u0131l\u0131\u011f\u0131m\u0131z s\u00fcrmektedir. Ayr\u0131ca halk\u0131m\u0131zdan, korsan ara\u00e7larla seyahatten ka\u00e7\u0131narak, g\u00fcvenli ve kay\u0131tl\u0131 ara\u00e7larla yolculuk yapmalar\u0131n\u0131 \u00f6nemle rica ediyoruz. \u015eof\u00f6rler Odas\u0131 olarak, d\u00fczenli denetimlerle halk\u0131m\u0131za &hellip;"}