{"version":"1.0","provider_name":"Av. Deniz Can K\u0131z\u0131l","provider_url":"http:\/\/denizcankizil.tr\/ru","author_name":"Av. Deniz Can K\u0131z\u0131l","author_url":"http:\/\/denizcankizil.tr\/ru","title":"Antakya Orman \u0130\u015fletme \u0130dari binas\u0131 in\u015faat\u0131 s\u00fcr\u00fcyor\u2026","type":"rich","width":600,"height":338,"html":"<blockquote class=\"wp-embedded-content\" data-secret=\"sWGTneTpvO\"><a href=\"http:\/\/denizcankizil.tr\/ru\/haberler\/gundem\/antakya-orman-isletme-idari-binasi-insaati-suruyor\/\">Antakya Orman \u0130\u015fletme \u0130dari binas\u0131 in\u015faat\u0131 s\u00fcr\u00fcyor\u2026<\/a><\/blockquote><iframe sandbox=\"allow-scripts\" security=\"restricted\" src=\"http:\/\/denizcankizil.tr\/ru\/haberler\/gundem\/antakya-orman-isletme-idari-binasi-insaati-suruyor\/embed\/#?secret=sWGTneTpvO\" width=\"600\" height=\"338\" title=\"\u00abAntakya Orman \u0130\u015fletme \u0130dari binas\u0131 in\u015faat\u0131 s\u00fcr\u00fcyor\u2026\u00bb &#8212; Av. Deniz Can K\u0131z\u0131l\" data-secret=\"sWGTneTpvO\" frameborder=\"0\" marginwidth=\"0\" marginheight=\"0\" scrolling=\"no\" class=\"wp-embedded-content\"><\/iframe><script>\n\/*! This file is auto-generated *\/\n!function(d,l){\"use strict\";l.querySelector&&d.addEventListener&&\"undefined\"!=typeof URL&&(d.wp=d.wp||{},d.wp.receiveEmbedMessage||(d.wp.receiveEmbedMessage=function(e){var t=e.data;if((t||t.secret||t.message||t.value)&&!\/[^a-zA-Z0-9]\/.test(t.secret)){for(var s,r,n,a=l.querySelectorAll('iframe[data-secret=\"'+t.secret+'\"]'),o=l.querySelectorAll('blockquote[data-secret=\"'+t.secret+'\"]'),c=new RegExp(\"^https?:$\",\"i\"),i=0;i<o.length;i++)o[i].style.display=\"none\";for(i=0;i<a.length;i++)s=a[i],e.source===s.contentWindow&&(s.removeAttribute(\"style\"),\"height\"===t.message?(1e3<(r=parseInt(t.value,10))?r=1e3:~~r<200&&(r=200),s.height=r):\"link\"===t.message&&(r=new URL(s.getAttribute(\"src\")),n=new URL(t.value),c.test(n.protocol))&&n.host===r.host&&l.activeElement===s&&(d.top.location.href=t.value))}},d.addEventListener(\"message\",d.wp.receiveEmbedMessage,!1),l.addEventListener(\"DOMContentLoaded\",function(){for(var e,t,s=l.querySelectorAll(\"iframe.wp-embedded-content\"),r=0;r<s.length;r++)(t=(e=s[r]).getAttribute(\"data-secret\"))||(t=Math.random().toString(36).substring(2,12),e.src+=\"#?secret=\"+t,e.setAttribute(\"data-secret\",t)),e.contentWindow.postMessage({message:\"ready\",secret:t},\"*\")},!1)))}(window,document);\n\/\/# sourceURL=http:\/\/denizcankizil.tr\/wp-includes\/js\/wp-embed.min.js\n<\/script>","description":"Proje kapsam\u0131nda 215 ki\u015filik \u00e7ok ama\u00e7l\u0131 bir konferans salonunun da yer ald\u0131\u011f\u0131 in\u015faat sahas\u0131nda incelemelerde bulunan Vali Masatl\u0131, \u00e7al\u0131\u015fmalar\u0131n mevcut durumu ve ilerleme s\u00fcreci hakk\u0131nda Hatay Orman B\u00f6lge M\u00fcd\u00fcr Vekili Veysel Ayy\u0131ld\u0131z ve teknik ekipten detayl\u0131 bilgiler ald\u0131. Vali Masatl\u0131, incelemeler s\u0131ras\u0131nda projelerin Hatay i\u00e7in \u00f6nemine vurgu yaparak, b\u00f6lgedeki kamu hizmetlerinin daha modern ve etkin bir \u015fekilde sunulmas\u0131na katk\u0131 sa\u011flayaca\u011f\u0131n\u0131 belirtti. \u0130n\u015faat \u00e7al\u0131\u015fmalar\u0131n\u0131n planlanan takvime uygun \u015fekilde devam etti\u011fi ifade edildi. Projenin tamamlanmas\u0131yla birlikte, b\u00f6lgeye hem idari hem de sosyal anlamda \u00f6nemli bir kazan\u0131m sa\u011flanmas\u0131 hedefleniyor. \u200bYap\u0131m\u0131 h\u0131zla devam eden Hatay Orman B\u00f6lge M\u00fcd\u00fcrl\u00fc\u011f\u00fc ve Antakya Orman \u0130\u015fletme M\u00fcd\u00fcrl\u00fc\u011f\u00fc \u0130dari Binalar\u0131 in\u015faat alanlar\u0131n\u0131 ziyaret eden Vali Mustafa Masatl\u0131 \u00e7al\u0131\u015fmalar\u0131 yerinde inceledi.\u00a0 \u200bHaberin Al\u0131nt\u0131land\u0131\u011f\u0131 Kaynak: www.iskenderun.org"}