{"version":"1.0","provider_name":"Av. Deniz Can K\u0131z\u0131l","provider_url":"http:\/\/denizcankizil.tr\/ru","author_name":"Antalya K\u00f6rfez","author_url":"http:\/\/denizcankizil.tr\/ru\/author\/www-antalyakorfez-com\/","title":"Ankara notlar\u0131-1","type":"rich","width":600,"height":338,"html":"<blockquote class=\"wp-embedded-content\" data-secret=\"rnXZjncFOa\"><a href=\"http:\/\/denizcankizil.tr\/ru\/haberler\/gundem\/ankara-notlari-1\/\">Ankara notlar\u0131-1<\/a><\/blockquote><iframe sandbox=\"allow-scripts\" security=\"restricted\" src=\"http:\/\/denizcankizil.tr\/ru\/haberler\/gundem\/ankara-notlari-1\/embed\/#?secret=rnXZjncFOa\" width=\"600\" height=\"338\" title=\"\u00abAnkara notlar\u0131-1\u00bb &#8212; Av. Deniz Can K\u0131z\u0131l\" data-secret=\"rnXZjncFOa\" frameborder=\"0\" marginwidth=\"0\" marginheight=\"0\" scrolling=\"no\" class=\"wp-embedded-content\"><\/iframe><script>\n\/*! This file is auto-generated *\/\n!function(d,l){\"use strict\";l.querySelector&&d.addEventListener&&\"undefined\"!=typeof URL&&(d.wp=d.wp||{},d.wp.receiveEmbedMessage||(d.wp.receiveEmbedMessage=function(e){var t=e.data;if((t||t.secret||t.message||t.value)&&!\/[^a-zA-Z0-9]\/.test(t.secret)){for(var s,r,n,a=l.querySelectorAll('iframe[data-secret=\"'+t.secret+'\"]'),o=l.querySelectorAll('blockquote[data-secret=\"'+t.secret+'\"]'),c=new RegExp(\"^https?:$\",\"i\"),i=0;i<o.length;i++)o[i].style.display=\"none\";for(i=0;i<a.length;i++)s=a[i],e.source===s.contentWindow&&(s.removeAttribute(\"style\"),\"height\"===t.message?(1e3<(r=parseInt(t.value,10))?r=1e3:~~r<200&&(r=200),s.height=r):\"link\"===t.message&&(r=new URL(s.getAttribute(\"src\")),n=new URL(t.value),c.test(n.protocol))&&n.host===r.host&&l.activeElement===s&&(d.top.location.href=t.value))}},d.addEventListener(\"message\",d.wp.receiveEmbedMessage,!1),l.addEventListener(\"DOMContentLoaded\",function(){for(var e,t,s=l.querySelectorAll(\"iframe.wp-embedded-content\"),r=0;r<s.length;r++)(t=(e=s[r]).getAttribute(\"data-secret\"))||(t=Math.random().toString(36).substring(2,12),e.src+=\"#?secret=\"+t,e.setAttribute(\"data-secret\",t)),e.contentWindow.postMessage({message:\"ready\",secret:t},\"*\")},!1)))}(window,document);\n\/\/# sourceURL=http:\/\/denizcankizil.tr\/wp-includes\/js\/wp-embed.min.js\n<\/script>","description":"Nisan ay\u0131 olmas\u0131na ra\u011fmen so\u011fuk bir Ankara g\u00fcn\u00fc. Bahar gelmesine gelmi\u015f, a\u011fa\u00e7lar \u00e7i\u00e7e\u011fe durmu\u015f ama Ankara hen\u00fcz k\u0131\u015f\u0131n etkisini atamam\u0131\u015f. Yar\u0131n CHP&#8217;nin 21. Ola\u011fan\u00fcst\u00fc Kurultay\u0131 var. CHP Genel Merkezi saat 08.30 itibariyle sakin. Teker teker gelen CHP personeli, rutinini ger\u00e7ekle\u015ftiriyor. Buna kar\u015f\u0131l\u0131k S\u00f6\u011f\u00fct\u00f6z\u00fc&#8217;nde bulunan Genel Merkez binas\u0131n\u0131n kar\u015f\u0131s\u0131nda bulunan cafeIer, hen\u00fcz a\u00e7\u0131lmam\u0131\u015f olsa da Genel Merkezin a\u00e7\u0131lmas\u0131n\u0131 bekleyen insanlar\u0131 a\u011f\u0131rl\u0131yor. Buradan da bug\u00fcn CHP Genel Merkezinin hareketli bir g\u00fcn\u00a0ya\u015fayaca\u011f\u0131 \u00e7\u0131kar\u0131m\u0131n\u0131 yap\u0131yoruz. Gittik\u00e7e artan ve 19 Mart sonras\u0131nda doru\u011fa \u00e7\u0131karak kitlesel eyleme neden olan bask\u0131lar ve \u00f6zellikle de CHP Genel Merkezine kayyum atanmas\u0131 riskine kar\u015f\u0131l\u0131k al\u0131nan Ola\u011fan\u00fcst\u00fc Kurultay karar\u0131, a\u015fina oldu\u011fumuz \u00e7eki\u015fmelerin aksine, birlik, beraberlik vurgusunun \u00f6ne \u00e7\u0131kmas\u0131na neden oluyor. Asl\u0131nda, bayrama da denk gelen ge\u00e7ti\u011fimiz hafta hareketli saatler ya\u015fanm\u0131\u015ft\u0131. Kemal K\u0131l\u0131\u00e7daro\u011flu&#8217;nun Genel Ba\u015fkanl\u0131\u011f\u0131, G\u00f6khan G\u00fcnayd\u0131n&#8217;\u0131n TBMM Grup Ba\u015fkanl\u0131\u011f\u0131, Ekrem \u0130mamo\u011flu&#8217;nun da Cumhurba\u015fkan\u0131 adayl\u0131\u011f\u0131, kulislerde f\u0131s\u0131ldanan senaryolardan birisiydi \u00f6rne\u011fin. Ancak, Kemal K\u0131l\u0131\u00e7daro\u011flu&#8217;nun &#8220;aday de\u011filim&#8221; \u00e7\u0131k\u0131\u015f\u0131 bu s\u00f6ylentilerin tamam\u0131n\u0131 bo\u015fa d\u00fc\u015f\u00fcrd\u00fc ve kurultay mecras\u0131nda akmaya ba\u015flad\u0131. Bir di\u011fer \u00f6nemli nokta da, \u00d6zg\u00fcr \u00d6zel&#8217;in bu kurultayda Parti Meclisi (PM) se\u00e7imi i\u00e7in blok liste isteyece\u011fi, bu yollarda PM&#8217;de ciddi de\u011fi\u015fikliklere gidebilece\u011fi konusuydu. D\u00fcn itibariyle PM se\u00e7iminin \u00e7ar\u015faf liste olaca\u011f\u0131 bilgisi f\u0131s\u0131ldand\u0131 kulislere. B\u00f6ylece 21. Ola\u011fan\u00fcst\u00fc Kurultay&#8217;\u0131n ana m\u00fccadele alan\u0131 haline gelece\u011fi belli oldu. \u015eimdilik &hellip;"}