{"version":"1.0","provider_name":"Av. Deniz Can K\u0131z\u0131l","provider_url":"http:\/\/denizcankizil.tr\/ru","author_name":"Av. Deniz Can K\u0131z\u0131l","author_url":"http:\/\/denizcankizil.tr\/ru","title":"A\u00e7\u0131kg\u00f6z\u2019den Yeni Sanayi Alan\u0131 i\u00e7in \u00f6nemli a\u00e7\u0131klama!","type":"rich","width":600,"height":338,"html":"<blockquote class=\"wp-embedded-content\" data-secret=\"nw328V1mZf\"><a href=\"http:\/\/denizcankizil.tr\/ru\/haberler\/gundem\/acikgozden-yeni-sanayi-alani-icin-onemli-aciklama\/\">A\u00e7\u0131kg\u00f6z\u2019den Yeni Sanayi Alan\u0131 i\u00e7in \u00f6nemli a\u00e7\u0131klama!<\/a><\/blockquote><iframe sandbox=\"allow-scripts\" security=\"restricted\" src=\"http:\/\/denizcankizil.tr\/ru\/haberler\/gundem\/acikgozden-yeni-sanayi-alani-icin-onemli-aciklama\/embed\/#?secret=nw328V1mZf\" width=\"600\" height=\"338\" title=\"\u00abA\u00e7\u0131kg\u00f6z\u2019den Yeni Sanayi Alan\u0131 i\u00e7in \u00f6nemli a\u00e7\u0131klama!\u00bb &#8212; Av. Deniz Can K\u0131z\u0131l\" data-secret=\"nw328V1mZf\" frameborder=\"0\" marginwidth=\"0\" marginheight=\"0\" scrolling=\"no\" class=\"wp-embedded-content\"><\/iframe><script>\n\/*! This file is auto-generated *\/\n!function(d,l){\"use strict\";l.querySelector&&d.addEventListener&&\"undefined\"!=typeof URL&&(d.wp=d.wp||{},d.wp.receiveEmbedMessage||(d.wp.receiveEmbedMessage=function(e){var t=e.data;if((t||t.secret||t.message||t.value)&&!\/[^a-zA-Z0-9]\/.test(t.secret)){for(var s,r,n,a=l.querySelectorAll('iframe[data-secret=\"'+t.secret+'\"]'),o=l.querySelectorAll('blockquote[data-secret=\"'+t.secret+'\"]'),c=new RegExp(\"^https?:$\",\"i\"),i=0;i<o.length;i++)o[i].style.display=\"none\";for(i=0;i<a.length;i++)s=a[i],e.source===s.contentWindow&&(s.removeAttribute(\"style\"),\"height\"===t.message?(1e3<(r=parseInt(t.value,10))?r=1e3:~~r<200&&(r=200),s.height=r):\"link\"===t.message&&(r=new URL(s.getAttribute(\"src\")),n=new URL(t.value),c.test(n.protocol))&&n.host===r.host&&l.activeElement===s&&(d.top.location.href=t.value))}},d.addEventListener(\"message\",d.wp.receiveEmbedMessage,!1),l.addEventListener(\"DOMContentLoaded\",function(){for(var e,t,s=l.querySelectorAll(\"iframe.wp-embedded-content\"),r=0;r<s.length;r++)(t=(e=s[r]).getAttribute(\"data-secret\"))||(t=Math.random().toString(36).substring(2,12),e.src+=\"#?secret=\"+t,e.setAttribute(\"data-secret\",t)),e.contentWindow.postMessage({message:\"ready\",secret:t},\"*\")},!1)))}(window,document);\n\/\/# sourceURL=http:\/\/denizcankizil.tr\/wp-includes\/js\/wp-embed.min.js\n<\/script>","description":"\u00a0D\u00fc\u011f\u00fcnyurdu mevkii, Kat\u0131 At\u0131k bertaraf tesisi civar\u0131nda y\u00f6netim kurulu \u00fcyeleriyle bir araya gelen \u0130skenderun K\u00fc\u00e7\u00fck Sanayi Sitesi Yap\u0131 Kooperatifi Ba\u015fkan\u0131 \u0130brahim A\u00e7\u0131kg\u00f6z, bas\u0131n arac\u0131l\u0131\u011f\u0131yla kamuoyuna yerinde bilgilendirme yapt\u0131. \u00a0 \u0130skenderun K\u00fc\u00e7\u00fck Sanayi Sitesi Yap\u0131 Kooperatifi Ba\u015fkan\u0131 \u0130brahim A\u00e7\u0131kg\u00f6z, bir k\u0131s\u0131m m\u00fclkiyeti kendilerine ait arazinin de sanayi alan\u0131ndan yak\u0131n zamanda konut alan\u0131na d\u00f6n\u00fc\u015ft\u00fcr\u00fcld\u00fc\u011f\u00fcn\u00fc ve TOK\u0130 b\u00fcnyesine kat\u0131ld\u0131\u011f\u0131 bilgisini ald\u0131klar\u0131n\u0131 belirterek bug\u00fcn Belediye Ba\u015fkan\u0131 ile g\u00f6r\u00fc\u015ft\u00fcklerini, y\u0131llard\u0131r bekleyen bu sorunu \u00e7\u00f6z\u00fcm\u00fc i\u00e7in elinden geleni B\u00fcy\u00fck\u015fehir ile birlikte yapacaklar\u0131n\u0131 s\u00f6yledi.\u00a0 \u0130skenderun Belediye ba\u015fkan\u0131n\u0131n yeni sanayi b\u00f6lgesinin planland\u0131\u011f\u0131 alan\u0131 daha geni\u015f kapsaml\u0131 bir harita \u00fczerinde g\u00f6sterdi\u011fini aktaran A\u00e7\u0131kg\u00f6r \u201cNard\u00fcz\u00fc ve Ak\u00e7ay b\u00f6lgesi alanlar\u0131 \u00fczerinde \u00e7al\u0131\u015fma yapt\u0131klar\u0131n\u0131 belirtti. Ba\u015fkan\u0131n verdi\u011fi bilgiler do\u011frultusunda esnaf ad\u0131na heyecanland\u0131k. Biz de bu bilgileri \u00fcyelerimizle payla\u015fmay\u0131 istiyoruz\u201d dedi. SANAY\u0130 B\u00d6LGES\u0130 \u0130SKENDERUN\u2019A DAH\u0130L ED\u0130LECEK Belediyenin b\u00fcy\u00fck\u015fehir ve bakanl\u0131klarla ortak \u00e7al\u0131\u015fma y\u00fcr\u00fctt\u00fc\u011f\u00fcn\u00fc, yeni sanayi b\u00f6lgesinin \u0130skenderun\u2019a dahil edilmesine y\u00f6nelik \u00e7al\u0131\u015fmalar\u0131n s\u00fcrd\u00fc\u011f\u00fcn\u00fc ifade eden A\u00e7\u0131kg\u00f6z \u201cVerilen bilgilere g\u00f6re, hem sanayi b\u00f6lgesinin hem de bu b\u00f6lgedeki yap\u0131lacak yerlerin \u0130skenderun\u2019a dahil edilmesi planlan\u0131yor. Bu konuda bakanl\u0131klar ve b\u00fcy\u00fck\u015fehir belediyesiyle birlikte bir s\u00fcre\u00e7 y\u00fcr\u00fct\u00fcl\u00fcyor\u201d diye konu\u015ftu. ARAZ\u0130 S\u00dcRE\u00c7LER\u0130 VE GEL\u0130\u015eMELER Sanayi alan\u0131na ili\u015fkin tapu ve kararname s\u00fcre\u00e7leri hakk\u0131nda da detaylar payla\u015fan A\u00e7\u0131kg\u00f6z \u201cBu b\u00f6lgede tapusu bizde olan 80 d\u00f6n\u00fcm arazi bulunuyor. Ayr\u0131ca, Milli Emlak\u2019tan ad\u0131m\u0131za i\u015flemleri &hellip;"}