{"version":"1.0","provider_name":"Av. Deniz Can K\u0131z\u0131l","provider_url":"http:\/\/denizcankizil.tr\/ru","author_name":"Av. Deniz Can K\u0131z\u0131l","author_url":"http:\/\/denizcankizil.tr\/ru","title":"494 okul \"ihtisasla\u015fm\u0131\u015f okullar\" kapsam\u0131na al\u0131nd\u0131","type":"rich","width":600,"height":338,"html":"<blockquote class=\"wp-embedded-content\" data-secret=\"iGQ1Wwa4T6\"><a href=\"http:\/\/denizcankizil.tr\/ru\/haberler\/gundem\/494-okul-ihtisaslasmis-okullar-kapsamina-alindi\/\">494 okul &#8220;ihtisasla\u015fm\u0131\u015f okullar&#8221; kapsam\u0131na al\u0131nd\u0131<\/a><\/blockquote><iframe sandbox=\"allow-scripts\" security=\"restricted\" src=\"http:\/\/denizcankizil.tr\/ru\/haberler\/gundem\/494-okul-ihtisaslasmis-okullar-kapsamina-alindi\/embed\/#?secret=iGQ1Wwa4T6\" width=\"600\" height=\"338\" title=\"\u00ab494 okul &#8220;ihtisasla\u015fm\u0131\u015f okullar&#8221; kapsam\u0131na al\u0131nd\u0131\u00bb &#8212; Av. Deniz Can K\u0131z\u0131l\" data-secret=\"iGQ1Wwa4T6\" frameborder=\"0\" marginwidth=\"0\" marginheight=\"0\" scrolling=\"no\" class=\"wp-embedded-content\"><\/iframe><script>\n\/*! This file is auto-generated *\/\n!function(d,l){\"use strict\";l.querySelector&&d.addEventListener&&\"undefined\"!=typeof URL&&(d.wp=d.wp||{},d.wp.receiveEmbedMessage||(d.wp.receiveEmbedMessage=function(e){var t=e.data;if((t||t.secret||t.message||t.value)&&!\/[^a-zA-Z0-9]\/.test(t.secret)){for(var s,r,n,a=l.querySelectorAll('iframe[data-secret=\"'+t.secret+'\"]'),o=l.querySelectorAll('blockquote[data-secret=\"'+t.secret+'\"]'),c=new RegExp(\"^https?:$\",\"i\"),i=0;i<o.length;i++)o[i].style.display=\"none\";for(i=0;i<a.length;i++)s=a[i],e.source===s.contentWindow&&(s.removeAttribute(\"style\"),\"height\"===t.message?(1e3<(r=parseInt(t.value,10))?r=1e3:~~r<200&&(r=200),s.height=r):\"link\"===t.message&&(r=new URL(s.getAttribute(\"src\")),n=new URL(t.value),c.test(n.protocol))&&n.host===r.host&&l.activeElement===s&&(d.top.location.href=t.value))}},d.addEventListener(\"message\",d.wp.receiveEmbedMessage,!1),l.addEventListener(\"DOMContentLoaded\",function(){for(var e,t,s=l.querySelectorAll(\"iframe.wp-embedded-content\"),r=0;r<s.length;r++)(t=(e=s[r]).getAttribute(\"data-secret\"))||(t=Math.random().toString(36).substring(2,12),e.src+=\"#?secret=\"+t,e.setAttribute(\"data-secret\",t)),e.contentWindow.postMessage({message:\"ready\",secret:t},\"*\")},!1)))}(window,document);\n\/\/# sourceURL=http:\/\/denizcankizil.tr\/wp-includes\/js\/wp-embed.min.js\n<\/script>","description":"Milli E\u011fitim Bakan\u0131 Yusuf Tekin, meslek lisesi \u00e7at\u0131s\u0131 alt\u0131nda denizcilik, tar\u0131m, ticaret ve turizm alanlar\u0131nda e\u011fitim verilen 494 okulun ihtisasla\u015fm\u0131\u015f okullar kapsam\u0131na al\u0131nd\u0131\u011f\u0131n\u0131 aktard\u0131.ANKARA (\u0130GFA) &#8211; Milli E\u011fitim Bakan\u0131 Yusuf Tekin, sosyal medya platformundan yapt\u0131\u011f\u0131 a\u00e7\u0131klamada, &#8221;S\u00fcrd\u00fcr\u00fclebilir bir kalk\u0131nman\u0131n teminat\u0131 olan mesleki ve teknik e\u011fitimde usta ellerde b\u00fcy\u00fcyen gen\u00e7 fikirleri, alan\u0131nda ihtisasla\u015fm\u0131\u015f okullar\u0131m\u0131z ve m\u00fckemmeliyet merkezlerimizle g\u00fc\u00e7lendiriyoruz! Sekt\u00f6rlerin nitelikli insan kaynaklar\u0131na olan ihtiya\u00e7lar\u0131n\u0131n kar\u015f\u0131lanmas\u0131 amac\u0131yla daha \u00f6nce meslek lisesi \u00e7at\u0131s\u0131 alt\u0131nda denizcilik, tar\u0131m, ticaret ve turizm alanlar\u0131nda e\u011fitim verilen 494 okulumuzu \u201cihtisasla\u015fm\u0131\u015f okullar\u201d kapsam\u0131na ald\u0131k. Ayr\u0131ca mesleki ve teknik e\u011fitim ile sekt\u00f6r aras\u0131ndaki ba\u011f\u0131n s\u00fcreklili\u011fini g\u00fc\u00e7lendirmek, \u00f6\u011fretmenlerimizin mesleki geli\u015fimlerinin devaml\u0131l\u0131\u011f\u0131n\u0131 sa\u011flanmak ve mesleki e\u011fitimde kaliteyi daha da art\u0131rmak amac\u0131yla T\u00fcrkiye genelinde alt\u0131 ilimizde 15 \u201csekt\u00f6rel m\u00fckemmeliyet merkezi\u201d\u00a0kurduk. &#8221; ifadelerine yer verdi.\u00a0 ????S\u00fcrd\u00fcr\u00fclebilir bir kalk\u0131nman\u0131n teminat\u0131 olan mesleki ve teknik e\u011fitimde usta ellerde b\u00fcy\u00fcyen gen\u00e7 fikirleri, alan\u0131nda ihtisasla\u015fm\u0131\u015f okullar\u0131m\u0131z ve m\u00fckemmeliyet merkezlerimizle g\u00fc\u00e7lendiriyoruz!Sekt\u00f6rlerin nitelikli insan kaynaklar\u0131na olan ihtiya\u00e7lar\u0131n\u0131n kar\u015f\u0131lanmas\u0131 amac\u0131yla\u2026 pic.twitter.com\/8Ox7FDS70Q\u2014 Yusuf Tekin (@Yusuf__Tekin) November 19, 2024 \u200bMilli E\u011fitim Bakan\u0131 Yusuf Tekin, meslek lisesi \u00e7at\u0131s\u0131 alt\u0131nda denizcilik, tar\u0131m, ticaret ve turizm alanlar\u0131nda e\u011fitim verilen 494 okulun ihtisasla\u015fm\u0131\u015f okullar kapsam\u0131na al\u0131nd\u0131\u011f\u0131n\u0131 aktard\u0131\u00a0 \u200bHaberin Al\u0131nt\u0131land\u0131\u011f\u0131 Kaynak: www.iskenderun.org"}