{"version":"1.0","provider_name":"Av. Deniz Can K\u0131z\u0131l","provider_url":"http:\/\/denizcankizil.tr\/ru","author_name":"admin","author_url":"http:\/\/denizcankizil.tr\/ru\/author\/admin\/","title":"25 ilde doland\u0131r\u0131c\u0131l\u0131\u011fa 41 tutuklama!","type":"rich","width":600,"height":338,"html":"<blockquote class=\"wp-embedded-content\" data-secret=\"1G8Le0K8d8\"><a href=\"http:\/\/denizcankizil.tr\/ru\/haberler\/gundem\/25-ilde-dolandiriciliga-41-tutuklama\/\">25 ilde doland\u0131r\u0131c\u0131l\u0131\u011fa 41 tutuklama!<\/a><\/blockquote><iframe sandbox=\"allow-scripts\" security=\"restricted\" src=\"http:\/\/denizcankizil.tr\/ru\/haberler\/gundem\/25-ilde-dolandiriciliga-41-tutuklama\/embed\/#?secret=1G8Le0K8d8\" width=\"600\" height=\"338\" title=\"\u00ab25 ilde doland\u0131r\u0131c\u0131l\u0131\u011fa 41 tutuklama!\u00bb &#8212; Av. Deniz Can K\u0131z\u0131l\" data-secret=\"1G8Le0K8d8\" frameborder=\"0\" marginwidth=\"0\" marginheight=\"0\" scrolling=\"no\" class=\"wp-embedded-content\"><\/iframe><script>\n\/*! This file is auto-generated *\/\n!function(d,l){\"use strict\";l.querySelector&&d.addEventListener&&\"undefined\"!=typeof URL&&(d.wp=d.wp||{},d.wp.receiveEmbedMessage||(d.wp.receiveEmbedMessage=function(e){var t=e.data;if((t||t.secret||t.message||t.value)&&!\/[^a-zA-Z0-9]\/.test(t.secret)){for(var s,r,n,a=l.querySelectorAll('iframe[data-secret=\"'+t.secret+'\"]'),o=l.querySelectorAll('blockquote[data-secret=\"'+t.secret+'\"]'),c=new RegExp(\"^https?:$\",\"i\"),i=0;i<o.length;i++)o[i].style.display=\"none\";for(i=0;i<a.length;i++)s=a[i],e.source===s.contentWindow&&(s.removeAttribute(\"style\"),\"height\"===t.message?(1e3<(r=parseInt(t.value,10))?r=1e3:~~r<200&&(r=200),s.height=r):\"link\"===t.message&&(r=new URL(s.getAttribute(\"src\")),n=new URL(t.value),c.test(n.protocol))&&n.host===r.host&&l.activeElement===s&&(d.top.location.href=t.value))}},d.addEventListener(\"message\",d.wp.receiveEmbedMessage,!1),l.addEventListener(\"DOMContentLoaded\",function(){for(var e,t,s=l.querySelectorAll(\"iframe.wp-embedded-content\"),r=0;r<s.length;r++)(t=(e=s[r]).getAttribute(\"data-secret\"))||(t=Math.random().toString(36).substring(2,12),e.src+=\"#?secret=\"+t,e.setAttribute(\"data-secret\",t)),e.contentWindow.postMessage({message:\"ready\",secret:t},\"*\")},!1)))}(window,document);\n\/\/# sourceURL=http:\/\/denizcankizil.tr\/wp-includes\/js\/wp-embed.min.js\n<\/script>","description":"\u015eanl\u0131urfa merkezli 25 ildeki doland\u0131r\u0131c\u0131l\u0131k \u015febekesine yap\u0131lan operasyonda g\u00f6zalt\u0131na al\u0131nan 84 \u015f\u00fcpheliden 41&#8217;i tutukland\u0131.ANKARA (\u0130GFA) &#8211; \u0130\u00e7i\u015fleri Bakanl\u0131\u011f\u0131, \u015eanl\u0131urfa merkezli 25 ilde kendilerini kamu g\u00f6revlisi olarak tan\u0131tarak 116 vatanda\u015f\u0131m\u0131z\u0131 doland\u0131rd\u0131\u011f\u0131 tespit edilen \u015fah\u0131slara y\u00f6nelik d\u00fczenlenen operasyonlarda; 84 \u015f\u00fcphelinin yakaland\u0131\u011f\u0131n\u0131 duyurdu. \u015e\u00fcphelilerden 41&#8217;inin tutukland\u0131\u011f\u0131, 43&#8217;\u00fc hakk\u0131nda ise adli kontrol karar\u0131 verildi\u011fini duyuran Bakan ali Yerlikaya, \u015eanl\u0131urfa ve Ak\u00e7akale Cumhuriyet Ba\u015fsavc\u0131l\u0131klar\u0131m\u0131z ile Emniyet Genel M\u00fcd\u00fcrl\u00fc\u011f\u00fc Asayi\u015f Daire Ba\u015fkanl\u0131\u011f\u0131 koordinasyonunda; \u015eanl\u0131urfa \u0130l Emniyet M\u00fcd\u00fcrl\u00fc\u011f\u00fc Asayi\u015f \u015eube M\u00fcd\u00fcrl\u00fc\u011f\u00fcnce yap\u0131lan \u00e7al\u0131\u015fmalar sonucunda 25 ilde y\u00fcr\u00fct\u00fclen operasyonun detaylar\u0131n\u0131 sosyal medya hesab\u0131ndan payla\u015ft\u0131. \u201c\u015eanl\u0131urfa\u2019daki Doland\u0131r\u0131c\u0131l\u0131k \u015eebekesine Yapt\u0131\u011f\u0131m\u0131z Operasyonumuzda 41 Tutuklama\u201d \u015eanl\u0131urfa merkezli 25 ilde kendilerini kamu g\u00f6revlisi olarak tan\u0131tarak 116 vatanda\u015f\u0131m\u0131z\u0131 doland\u0131rd\u0131\u011f\u0131 tespit edilen \u015fah\u0131slara y\u00f6nelik d\u00fczenlendi\u011fimiz operasyonlarda; 84 \u015f\u00fcpheli yakaland\u0131.\u2757\u2026 pic.twitter.com\/XfUe2qGuME &mdash; Ali Yerlikaya (@AliYerlikaya) May 13, 2025 Valileri, operasyonlar\u0131 koordine eden \u015eanl\u0131urfa ve Ak\u00e7akale Cumhuriyet Ba\u015fsavc\u0131l\u0131klar\u0131m\u0131z\u0131 ve operasyonlar\u0131 ger\u00e7ekle\u015ftiren Kahraman Polisleri tebrik eden Bakan Yerlikaya, &#8220;G\u00fcvenlik g\u00fc\u00e7lerimizle birlikte, vatanda\u015flar\u0131m\u0131z\u0131 doland\u0131ran su\u00e7 \u015febekelerine ve yasa d\u0131\u015f\u0131 yap\u0131lanmalara kar\u015f\u0131 m\u00fccadelemize aral\u0131ks\u0131z devam ediyoruz&#8221; mesaj\u0131n\u0131 verdi. \u200b\u015eanl\u0131urfa merkezli 25 ildeki doland\u0131r\u0131c\u0131l\u0131k \u015febekesine yap\u0131lan operasyonda g\u00f6zalt\u0131na al\u0131nan 84 \u015f\u00fcpheliden 41&#8217;i tutukland\u0131.ANKARA (\u0130GFA) &#8211; \u0130\u00e7i\u015fleri Bakanl\u0131\u011f\u0131, \u015eanl\u0131urfa merkezli 25 ilde kendilerini kamu g\u00f6revlisi olarak tan\u0131tarak 116 vatanda\u015f\u0131m\u0131z\u0131 doland\u0131rd\u0131\u011f\u0131 tespit edilen \u015fah\u0131slara y\u00f6nelik d\u00fczenlenen operasyonlarda; 84 \u015f\u00fcphelinin yakaland\u0131\u011f\u0131n\u0131 duyurdu. \u015e\u00fcphelilerden 41&#8217;inin &hellip;"}