{"version":"1.0","provider_name":"Av. Deniz Can K\u0131z\u0131l","provider_url":"http:\/\/denizcankizil.tr\/ru","author_name":"Av. Deniz Can K\u0131z\u0131l","author_url":"http:\/\/denizcankizil.tr\/ru\/author\/denizcankizil\/","title":"Ula\u015f\u0131m ve ta\u015f\u0131ma sekt\u00f6r\u00fc temsilcileri bir araya geldi","type":"rich","width":600,"height":338,"html":"<blockquote class=\"wp-embedded-content\" data-secret=\"vbrgUFamVx\"><a href=\"http:\/\/denizcankizil.tr\/ru\/haberler\/antalya\/ulasim-ve-tasima-sektoru-temsilcileri-bir-araya-geldi\/\">Ula\u015f\u0131m ve ta\u015f\u0131ma sekt\u00f6r\u00fc temsilcileri bir araya geldi<\/a><\/blockquote><iframe sandbox=\"allow-scripts\" security=\"restricted\" src=\"http:\/\/denizcankizil.tr\/ru\/haberler\/antalya\/ulasim-ve-tasima-sektoru-temsilcileri-bir-araya-geldi\/embed\/#?secret=vbrgUFamVx\" width=\"600\" height=\"338\" title=\"\u00abUla\u015f\u0131m ve ta\u015f\u0131ma sekt\u00f6r\u00fc temsilcileri bir araya geldi\u00bb &#8212; Av. Deniz Can K\u0131z\u0131l\" data-secret=\"vbrgUFamVx\" frameborder=\"0\" marginwidth=\"0\" marginheight=\"0\" scrolling=\"no\" class=\"wp-embedded-content\"><\/iframe><script>\n\/*! This file is auto-generated *\/\n!function(d,l){\"use strict\";l.querySelector&&d.addEventListener&&\"undefined\"!=typeof URL&&(d.wp=d.wp||{},d.wp.receiveEmbedMessage||(d.wp.receiveEmbedMessage=function(e){var t=e.data;if((t||t.secret||t.message||t.value)&&!\/[^a-zA-Z0-9]\/.test(t.secret)){for(var s,r,n,a=l.querySelectorAll('iframe[data-secret=\"'+t.secret+'\"]'),o=l.querySelectorAll('blockquote[data-secret=\"'+t.secret+'\"]'),c=new RegExp(\"^https?:$\",\"i\"),i=0;i<o.length;i++)o[i].style.display=\"none\";for(i=0;i<a.length;i++)s=a[i],e.source===s.contentWindow&&(s.removeAttribute(\"style\"),\"height\"===t.message?(1e3<(r=parseInt(t.value,10))?r=1e3:~~r<200&&(r=200),s.height=r):\"link\"===t.message&&(r=new URL(s.getAttribute(\"src\")),n=new URL(t.value),c.test(n.protocol))&&n.host===r.host&&l.activeElement===s&&(d.top.location.href=t.value))}},d.addEventListener(\"message\",d.wp.receiveEmbedMessage,!1),l.addEventListener(\"DOMContentLoaded\",function(){for(var e,t,s=l.querySelectorAll(\"iframe.wp-embedded-content\"),r=0;r<s.length;r++)(t=(e=s[r]).getAttribute(\"data-secret\"))||(t=Math.random().toString(36).substring(2,12),e.src+=\"#?secret=\"+t,e.setAttribute(\"data-secret\",t)),e.contentWindow.postMessage({message:\"ready\",secret:t},\"*\")},!1)))}(window,document);\n\/\/# sourceURL=http:\/\/denizcankizil.tr\/wp-includes\/js\/wp-embed.min.js\n<\/script>","thumbnail_url":"http:\/\/denizcankizil.tr\/wp-content\/uploads\/2025\/02\/4531-01-CpEng3.jpeg","thumbnail_width":1280,"thumbnail_height":720,"description":"ALTSO Ba\u015fkan\u0131 Eray Erdem toplant\u0131yla ilgili yapt\u0131\u011f\u0131 a\u00e7\u0131klamada &#8220;Komitelerimizden ve i\u015f insanlar\u0131m\u0131zdan gelen talepler do\u011frultusunda toplant\u0131lar d\u00fczenlemeye, sorunlara \u00e7\u00f6z\u00fcm \u00fcretmeye devam ediyoruz. Bu kapsamda; Ula\u015ft\u0131rma ve Altyap\u0131 Bakanl\u0131\u011f\u0131 6. B\u00f6lge Denetim \u015eube M\u00fcd\u00fcr\u00fcm\u00fcz Sn Osman Yavuz&#8217;un te\u015frifleri, Alanya Minib\u00fcs\u00e7\u00fcler Odas\u0131 Ba\u015fkan\u0131m\u0131z Pa\u015fa \u00d6zkan, komite ba\u015fkanlar\u0131m\u0131z, meclis \u00fcyelerimiz ve \u00e7ok say\u0131da i\u015f insan\u0131m\u0131z\u0131n kat\u0131l\u0131m\u0131yla Karayollar\u0131 Yolcu Ta\u015f\u0131ma Y\u00f6netmeli\u011fi ve U-ETDS gibi konularda ya\u015fanan sorunlar ve \u00e7\u00f6z\u00fcm \u00f6nerileri ile ilgili bilgilendirme toplant\u0131m\u0131z\u0131 odam\u0131z ev sahipli\u011finde ger\u00e7ekle\u015ftirdik. Toplant\u0131da; Say\u0131n Yavuz, y\u00f6netmeliklerin uygulanmas\u0131yla ilgili merak edilen konulara a\u00e7\u0131kl\u0131k getirip, U-ETDS sisteminin i\u015fleyi\u015fi, veri giri\u015f s\u00fcre\u00e7leri ve ta\u015f\u0131mac\u0131l\u0131k sekt\u00f6r\u00fcne getirdi\u011fi yenilikler hakk\u0131nda detayl\u0131 bilgiler verdi. \u0130\u015f insanlar\u0131m\u0131z da sekt\u00f6rlerinde kar\u015f\u0131la\u015ft\u0131klar\u0131 sorunlar\u0131 dile getirerek, \u00e7\u00f6z\u00fcm \u00f6nerilerini payla\u015ft\u0131lar. Kat\u0131l\u0131m sa\u011flayan de\u011ferli i\u015f insanlar\u0131m\u0131za ve verdi\u011fi bilgilerle bizleri ayd\u0131nlatan Say\u0131n Yavuz&#8217;a te\u015fekk\u00fcr ederim&#8221;dedi. Toplant\u0131da konu\u015fan Ula\u015ft\u0131rma ve Altyap\u0131 Bakanl\u0131\u011f\u0131 6. B\u00f6lge Denetim \u015eube M\u00fcd\u00fcr\u00fc Osman Yavuz, Alanya&#8217;da sekt\u00f6r temsilcilerinin kat\u0131ld\u0131\u011f\u0131 bu \u00f6nemli toplant\u0131y\u0131 d\u00fczenleyen Ba\u015fkan Erdem&#8217;e te\u015fekk\u00fcr etti. Yavuz, toplant\u0131da ayr\u0131ca mevzuat ve U-ETDS de ya\u015fanan sorunlarla ilgili detayl\u0131 bilgiler aktar\u0131p, sekt\u00f6r temsilcilerinin sorular\u0131n\u0131 yan\u0131tlad\u0131. ALTSO Ba\u015fkan\u0131 Eray Erdem, bilindi\u011fi gibi ge\u00e7ti\u011fimiz aylarda da ALTSO 22&#8217;nci meslek komitesinin talebi do\u011frultusunda, ALTSO Meclis Ba\u015fkan\u0131 Mehmet Kural ile birlikte Ula\u015ft\u0131rma Altyap\u0131 Bakanl\u0131\u011f\u0131 Vl. B\u00f6lge M\u00fcd\u00fcr\u00fc Serhan \u00d6zkanl\u0131&#8217;y\u0131 ziyaret edip, sorunlar\u0131n &hellip;"}