{"version":"1.0","provider_name":"Av. Deniz Can K\u0131z\u0131l","provider_url":"http:\/\/denizcankizil.tr\/ru","author_name":"www.hukukihaber .net","author_url":"http:\/\/denizcankizil.tr\/ru\/author\/deniz\/","title":"Park halindeki okul servisi yand\u0131","type":"rich","width":600,"height":338,"html":"<blockquote class=\"wp-embedded-content\" data-secret=\"lHEOGPEtTh\"><a href=\"http:\/\/denizcankizil.tr\/ru\/haberler\/antalya\/park-halindeki-okul-servisi-yandi\/\">Park halindeki okul servisi yand\u0131<\/a><\/blockquote><iframe sandbox=\"allow-scripts\" security=\"restricted\" src=\"http:\/\/denizcankizil.tr\/ru\/haberler\/antalya\/park-halindeki-okul-servisi-yandi\/embed\/#?secret=lHEOGPEtTh\" width=\"600\" height=\"338\" title=\"\u00abPark halindeki okul servisi yand\u0131\u00bb &#8212; Av. Deniz Can K\u0131z\u0131l\" data-secret=\"lHEOGPEtTh\" frameborder=\"0\" marginwidth=\"0\" marginheight=\"0\" scrolling=\"no\" class=\"wp-embedded-content\"><\/iframe><script>\n\/*! This file is auto-generated *\/\n!function(d,l){\"use strict\";l.querySelector&&d.addEventListener&&\"undefined\"!=typeof URL&&(d.wp=d.wp||{},d.wp.receiveEmbedMessage||(d.wp.receiveEmbedMessage=function(e){var t=e.data;if((t||t.secret||t.message||t.value)&&!\/[^a-zA-Z0-9]\/.test(t.secret)){for(var s,r,n,a=l.querySelectorAll('iframe[data-secret=\"'+t.secret+'\"]'),o=l.querySelectorAll('blockquote[data-secret=\"'+t.secret+'\"]'),c=new RegExp(\"^https?:$\",\"i\"),i=0;i<o.length;i++)o[i].style.display=\"none\";for(i=0;i<a.length;i++)s=a[i],e.source===s.contentWindow&&(s.removeAttribute(\"style\"),\"height\"===t.message?(1e3<(r=parseInt(t.value,10))?r=1e3:~~r<200&&(r=200),s.height=r):\"link\"===t.message&&(r=new URL(s.getAttribute(\"src\")),n=new URL(t.value),c.test(n.protocol))&&n.host===r.host&&l.activeElement===s&&(d.top.location.href=t.value))}},d.addEventListener(\"message\",d.wp.receiveEmbedMessage,!1),l.addEventListener(\"DOMContentLoaded\",function(){for(var e,t,s=l.querySelectorAll(\"iframe.wp-embedded-content\"),r=0;r<s.length;r++)(t=(e=s[r]).getAttribute(\"data-secret\"))||(t=Math.random().toString(36).substring(2,12),e.src+=\"#?secret=\"+t,e.setAttribute(\"data-secret\",t)),e.contentWindow.postMessage({message:\"ready\",secret:t},\"*\")},!1)))}(window,document);\n\/\/# sourceURL=http:\/\/denizcankizil.tr\/wp-includes\/js\/wp-embed.min.js\n<\/script>","thumbnail_url":"http:\/\/denizcankizil.tr\/wp-content\/uploads\/2024\/11\/3121-01-tOaCQQ.jpeg","thumbnail_width":1280,"thumbnail_height":720,"description":"Olay, Antalya\u2019n\u0131n Manavgat il\u00e7esi A\u015fa\u011f\u0131 Pazarc\u0131 Mahallesi A\u015f\u0131k Veysel Caddesi 1071 sokak \u00fczerinde meydana geldi. Edinilen bilgiye g\u00f6re, sokak \u00fczerinde park halindeki Adem Saban\u2019a ait 07 C 74201 plakal\u0131 okul servisinin yand\u0131\u011f\u0131 ihbar\u0131 Antalya B\u00fcy\u00fck\u015fehir Belediyesi \u0130tfaiyesi Manavgat Birimi ve Manavgat Emniyet M\u00fcd\u00fcrl\u00fc\u011f\u00fc ekiplerini alarma ge\u00e7irdi. \u0130hbarla olay yerine gelen itfaiye ekipleri arac\u0131n i\u00e7 k\u0131sm\u0131n\u0131n yand\u0131\u011f\u0131n\u0131 belirlerken, arac\u0131n kap\u0131s\u0131n\u0131n a\u00e7\u0131lmas\u0131yla dumanlar \u00e7\u0131kmaya ba\u015flad\u0131. 1 saat \u00f6nce arac\u0131 y\u0131kam\u0131\u015f Yang\u0131n itfaiyenin m\u00fcdahalesi sonucunda s\u00f6nd\u00fcr\u00fcl\u00fcrken, arac\u0131n i\u00e7 k\u0131sm\u0131n\u0131n konsol, direksiyon, tavan ve koltuklar\u0131n\u0131n tamamen yanarak kullan\u0131lamaz hale geldi. \u0130tfaiye g\u00f6revlileri motor kaputunu a\u00e7arken arac\u0131n motorunun yang\u0131ndan zarar g\u00f6rmedi\u011fi belirlendi. Yang\u0131n\u0131n servisin i\u00e7erisinde elektrik aksam\u0131ndan kaynakland\u0131\u011f\u0131 de\u011ferlendirilirken ara\u00e7 sahibi Adem Saban, yakla\u015f\u0131k 1 saat \u00f6nce arac\u0131n\u0131n d\u0131\u015f\u0131n\u0131 y\u0131kad\u0131\u011f\u0131n\u0131, 1 metre ileriye b\u0131rakt\u0131\u011f\u0131n\u0131 belirterek \u201cYoldan ge\u00e7en bir vatanda\u015f\u0131n ara\u00e7tan duman \u00e7\u0131kt\u0131\u011f\u0131n\u0131 s\u00f6ylemesi \u00fczerine bakt\u0131\u011f\u0131m\u0131zda arac\u0131m\u0131n i\u00e7erisinin yand\u0131\u011f\u0131n\u0131 g\u00f6rd\u00fcm\u201d dedi. Kaynak: www.kanalv.com.tr Haber Sitesinden Al\u0131nm\u0131\u015ft\u0131r."}