{"version":"1.0","provider_name":"Av. Deniz Can K\u0131z\u0131l","provider_url":"http:\/\/denizcankizil.tr\/ru","author_name":"Av. Deniz Can K\u0131z\u0131l","author_url":"http:\/\/denizcankizil.tr\/ru\/author\/denizcankizil\/","title":"\u00d6\u011frencilerden T\u00fcrkiye haritas\u0131","type":"rich","width":600,"height":338,"html":"<blockquote class=\"wp-embedded-content\" data-secret=\"RghQZk4V9k\"><a href=\"http:\/\/denizcankizil.tr\/ru\/haberler\/antalya\/ogrencilerden-turkiye-haritasi\/\">\u00d6\u011frencilerden T\u00fcrkiye haritas\u0131<\/a><\/blockquote><iframe sandbox=\"allow-scripts\" security=\"restricted\" src=\"http:\/\/denizcankizil.tr\/ru\/haberler\/antalya\/ogrencilerden-turkiye-haritasi\/embed\/#?secret=RghQZk4V9k\" width=\"600\" height=\"338\" title=\"\u00ab\u00d6\u011frencilerden T\u00fcrkiye haritas\u0131\u00bb &#8212; Av. Deniz Can K\u0131z\u0131l\" data-secret=\"RghQZk4V9k\" frameborder=\"0\" marginwidth=\"0\" marginheight=\"0\" scrolling=\"no\" class=\"wp-embedded-content\"><\/iframe><script>\n\/*! This file is auto-generated *\/\n!function(d,l){\"use strict\";l.querySelector&&d.addEventListener&&\"undefined\"!=typeof URL&&(d.wp=d.wp||{},d.wp.receiveEmbedMessage||(d.wp.receiveEmbedMessage=function(e){var t=e.data;if((t||t.secret||t.message||t.value)&&!\/[^a-zA-Z0-9]\/.test(t.secret)){for(var s,r,n,a=l.querySelectorAll('iframe[data-secret=\"'+t.secret+'\"]'),o=l.querySelectorAll('blockquote[data-secret=\"'+t.secret+'\"]'),c=new RegExp(\"^https?:$\",\"i\"),i=0;i<o.length;i++)o[i].style.display=\"none\";for(i=0;i<a.length;i++)s=a[i],e.source===s.contentWindow&&(s.removeAttribute(\"style\"),\"height\"===t.message?(1e3<(r=parseInt(t.value,10))?r=1e3:~~r<200&&(r=200),s.height=r):\"link\"===t.message&&(r=new URL(s.getAttribute(\"src\")),n=new URL(t.value),c.test(n.protocol))&&n.host===r.host&&l.activeElement===s&&(d.top.location.href=t.value))}},d.addEventListener(\"message\",d.wp.receiveEmbedMessage,!1),l.addEventListener(\"DOMContentLoaded\",function(){for(var e,t,s=l.querySelectorAll(\"iframe.wp-embedded-content\"),r=0;r<s.length;r++)(t=(e=s[r]).getAttribute(\"data-secret\"))||(t=Math.random().toString(36).substring(2,12),e.src+=\"#?secret=\"+t,e.setAttribute(\"data-secret\",t)),e.contentWindow.postMessage({message:\"ready\",secret:t},\"*\")},!1)))}(window,document);\n\/\/# sourceURL=http:\/\/denizcankizil.tr\/wp-includes\/js\/wp-embed.min.js\n<\/script>","description":"23 Nisan Ulusal Egemenlik ve \u00c7ocuk Bayram\u0131 kutlama etkinli\u011finde Tekeli Ahmet Can \u00d6zp\u0131nar Ortaokulu&#8217;nun \u00f6\u011frenci ve \u00f6\u011fretmenleri okul bah\u00e7esinde s\u0131ralanarak T\u00fcrkiye haritas\u0131 olu\u015fturdu. K\u0131rm\u0131z\u0131, beyaz k\u0131yafetleriyle 1300 \u00f6\u011frenci ve \u00f6\u011fretmenlerinin olu\u015fturdu\u011fu koreografi dron ile g\u00f6r\u00fcnt\u00fclendi. \u00d6\u011frenciler mar\u015flar s\u00f6yleyip kutlama co\u015fkusu ya\u015fad\u0131. Etkinlik hakk\u0131nda bilgi veren okul m\u00fcd\u00fcr\u00fc \u00d6zay Ala, &#8220;Bu anlaml\u0131 koreografi, sadece \u00f6\u011frencilerimizin de\u011fil, t\u00fcm milletimizin y\u00fcre\u011fini bir araya getirdi. Cumhuriyetin temellerini olu\u015fturan milli egemenlik ve birlik ruhunu ya\u015fatmak i\u00e7in buraday\u0131z. Bug\u00fcn bir kez daha g\u00f6rd\u00fck ki bu \u00fclkenin gelece\u011fi emin ellerdedir&#8221; dedi. Kaynak: www.kanalv.com.tr Haber Sitesinden Al\u0131nm\u0131\u015ft\u0131r."}