{"version":"1.0","provider_name":"Av. Deniz Can K\u0131z\u0131l","provider_url":"http:\/\/denizcankizil.tr\/ru","author_name":"Av. Deniz Can K\u0131z\u0131l","author_url":"http:\/\/denizcankizil.tr\/ru\/author\/denizcankizil\/","title":"Muratpa\u015fa'da 'dostluk \u00e7\u0131nar\u0131' dikildi","type":"rich","width":600,"height":338,"html":"<blockquote class=\"wp-embedded-content\" data-secret=\"oZO5VDXZts\"><a href=\"http:\/\/denizcankizil.tr\/ru\/haberler\/antalya\/muratpasada-dostluk-cinari-dikildi\/\">Muratpa\u015fa&#8217;da &#8216;dostluk \u00e7\u0131nar\u0131&#8217; dikildi<\/a><\/blockquote><iframe sandbox=\"allow-scripts\" security=\"restricted\" src=\"http:\/\/denizcankizil.tr\/ru\/haberler\/antalya\/muratpasada-dostluk-cinari-dikildi\/embed\/#?secret=oZO5VDXZts\" width=\"600\" height=\"338\" title=\"\u00abMuratpa\u015fa&#8217;da &#8216;dostluk \u00e7\u0131nar\u0131&#8217; dikildi\u00bb &#8212; Av. Deniz Can K\u0131z\u0131l\" data-secret=\"oZO5VDXZts\" frameborder=\"0\" marginwidth=\"0\" marginheight=\"0\" scrolling=\"no\" class=\"wp-embedded-content\"><\/iframe><script>\n\/*! This file is auto-generated *\/\n!function(d,l){\"use strict\";l.querySelector&&d.addEventListener&&\"undefined\"!=typeof URL&&(d.wp=d.wp||{},d.wp.receiveEmbedMessage||(d.wp.receiveEmbedMessage=function(e){var t=e.data;if((t||t.secret||t.message||t.value)&&!\/[^a-zA-Z0-9]\/.test(t.secret)){for(var s,r,n,a=l.querySelectorAll('iframe[data-secret=\"'+t.secret+'\"]'),o=l.querySelectorAll('blockquote[data-secret=\"'+t.secret+'\"]'),c=new RegExp(\"^https?:$\",\"i\"),i=0;i<o.length;i++)o[i].style.display=\"none\";for(i=0;i<a.length;i++)s=a[i],e.source===s.contentWindow&&(s.removeAttribute(\"style\"),\"height\"===t.message?(1e3<(r=parseInt(t.value,10))?r=1e3:~~r<200&&(r=200),s.height=r):\"link\"===t.message&&(r=new URL(s.getAttribute(\"src\")),n=new URL(t.value),c.test(n.protocol))&&n.host===r.host&&l.activeElement===s&&(d.top.location.href=t.value))}},d.addEventListener(\"message\",d.wp.receiveEmbedMessage,!1),l.addEventListener(\"DOMContentLoaded\",function(){for(var e,t,s=l.querySelectorAll(\"iframe.wp-embedded-content\"),r=0;r<s.length;r++)(t=(e=s[r]).getAttribute(\"data-secret\"))||(t=Math.random().toString(36).substring(2,12),e.src+=\"#?secret=\"+t,e.setAttribute(\"data-secret\",t)),e.contentWindow.postMessage({message:\"ready\",secret:t},\"*\")},!1)))}(window,document);\n\/\/# sourceURL=http:\/\/denizcankizil.tr\/wp-includes\/js\/wp-embed.min.js\n<\/script>","thumbnail_url":"http:\/\/denizcankizil.tr\/wp-content\/uploads\/2025\/04\/ukrayna-dostluk-parki-agac-dikim-toreni-5-qTbCZN.webp","thumbnail_width":1280,"thumbnail_height":720,"description":"Muratpa\u015fa\u00a0Belediyesi\u2019nin G\u00fczeloba Mahallesi \u00d6rnekk\u00f6y b\u00f6lgesinde bulunan\u00a0Ukrayna\u00a0K\u00fclt\u00fcr Park\u0131\u2019nda iki \u00fclke aras\u0131nda dostluk sembol\u00fc olarak a\u011fa\u00e7 dikme t\u00f6reni ger\u00e7ekle\u015ftirildi. Ba\u015fkan Uysal ve Bakan Sibiha\u2019n\u0131n da kat\u0131ld\u0131\u011f\u0131 etkinlik, \u0130stiklal Mar\u015f\u0131 ve Ukrayna Milli Mar\u015f\u0131\u2019n\u0131n okunmas\u0131yla ba\u015flad\u0131. Etkinlikte modern Ukrayna edebiyat\u0131n\u0131n kurucusu kabul edilen Taras Shevchenko da unutulmad\u0131. Parkta yer alan Shevchenko r\u00f6lyefi \u00f6n\u00fcne Ukrayna bayra\u011f\u0131n\u0131n renklerini ta\u015f\u0131yan mavi ve sar\u0131 \u00e7i\u00e7ekler b\u0131rak\u0131ld\u0131. MURATPA\u015eA\u2019DA BARI\u015e K\u00dcLT\u00dcR\u00dc T\u00f6rende konu\u015fan Ba\u015fkan Uysal, Muratpa\u015fa\u2019da ya\u015fayan \u00e7ok say\u0131da Ukraynal\u0131 kent sakiniyle bir arada olmaktan duydu\u011fu memnuniyeti dile getirirken \u015funlar\u0131 s\u00f6yledi: \u201cMuratpa\u015fa\u2019m\u0131z \u00e7ok farkl\u0131 topluluklar\u0131n bar\u0131\u015f ve karde\u015flik i\u00e7inde ya\u015fad\u0131\u011f\u0131 bir yer. Ukraynal\u0131 kom\u015fular\u0131m\u0131z\u0131n da ayr\u0131 bir yeri var. Onlar her zaman bar\u0131\u015f\u00e7\u0131. Onlar her zaman \u015fehrimizin esteti\u011fine, g\u00fcnl\u00fck ya\u015fam\u0131na \u00e7ok katk\u0131da bulunuyorlar. Ukraynal\u0131 kom\u015fular\u0131m\u0131zla gurur duyuyoruz.\u201d \u201cHER MASUMUN YANINDAYIZ\u201d Ba\u015fkan Uysal, konu\u015fmas\u0131nda d\u00fcnyada ya\u015fanan sava\u015flara dikkat \u00e7ekti ve \u201cSava\u015flara kar\u015f\u0131y\u0131z. D\u00fcnya sava\u015flar\u0131nda zarar g\u00f6ren masum insanlar\u0131n her zaman yan\u0131nday\u0131z. Bu parkta dostlu\u011fumuzun bir sembol\u00fc\u201d dedi. Konu\u015fmas\u0131nda Naz\u0131m Hikmet\u2019in \u201cShevchenko\u2019nun Kalemi\u201d isimli \u015fiirinden bir d\u00f6rtl\u00fc\u011fe de yer veren Ba\u015fkan Uysal, iki \u00fclke aras\u0131nda kurulmu\u015f olan bu bar\u0131\u015f k\u00f6pr\u00fcs\u00fcn\u00fcn k\u00fclt\u00fcrel temeller \u00fczerine daha da g\u00fc\u00e7lenece\u011fini vurgulad\u0131. TE\u015eEKK\u00dcR VE DOSTLUK MESAJI Bakan Sibiha ise \u201cTarihsel ba\u011flar\u0131m\u0131z halklar\u0131m\u0131z aras\u0131nda as\u0131rlard\u0131r s\u00fcregelen bir dostluk olu\u015fturuyor\u201d diyerek dostluklar\u0131n\u0131n ni\u015fanesi olan bu park i\u00e7in Ba\u015fkan &hellip;"}